




{"id":371,"date":"2015-01-13T13:07:42","date_gmt":"2015-01-13T13:07:42","guid":{"rendered":"http:\/\/localhost\/wordpress\/pressroom\/?page_id=371"},"modified":"2015-01-13T13:07:42","modified_gmt":"2015-01-13T13:07:42","slug":"home-style-2","status":"publish","type":"page","link":"https:\/\/www.habitatinsulae.es\/ca\/home-style-2\/","title":{"rendered":"Home Style 2"},"content":{"rendered":"<div class=\"wpb-content-wrapper\"><div class=\"vc_row wpb_row vc_row-fluid page_margin_top blog_grid\"><div class=\"wpb_column vc_column_container vc_col-sm-6\"><div class=\"wpb_wrapper\"><div class=\"post medium\">\r\n\t\t\t\t\t\t<a href=\"https:\/\/www.habitatinsulae.es\/ca\/la-xunta-impulsa-2-800-viviendas-publicas-con-220-me-en-ejecucion\/\" title=\"La Xunta impulsa 2.800 viviendas p\u00fablicas con 220\u202fM\u20ac en ejecuci\u00f3n\"><img decoding=\"async\" width=\"524\" height=\"261\" src=\"https:\/\/www.habitatinsulae.es\/wp-content\/uploads\/2015\/03\/Proyecto-de-Aedas-524x261.jpg\" class=\"attachment-post-grid-thumb-medium size-post-grid-thumb-medium wp-post-image\" alt=\"Home Style 2\" title=\"\" \/><\/a>\r\n\t\t\t\t\t\t<div class=\"slider_content_box\"><ul class=\"post_details simple\"><li class=\"category\"><a class=\"category-3\" href=\"https:\/\/www.habitatinsulae.es\/ca\/category\/vivienda\/\" title=\"View all posts filed under Vivienda\">Vivienda<\/a><\/li><\/ul><h2><a href=\"https:\/\/www.habitatinsulae.es\/ca\/la-xunta-impulsa-2-800-viviendas-publicas-con-220-me-en-ejecucion\/\" title=\"La Xunta impulsa 2.800 viviendas p\u00fablicas con 220\u202fM\u20ac en ejecuci\u00f3n\">La Xunta impulsa 2.800 viviendas p\u00fablicas con 220\u202fM\u20ac en ejecuci\u00f3n<\/a><\/h2>\r\n\t\t\t\t\t\t<\/div>\r\n\t\t\t\t\t<\/div><\/div><\/div><div class=\"wpb_column vc_column_container vc_col-sm-6\"><div class=\"wpb_wrapper\"><div class=\"vc_row wpb_row vc_inner vc_row-fluid\"><div class=\"wpb_column vc_column_container vc_col-sm-12\"><div class=\"vc_column-inner\"><div class=\"wpb_wrapper\"><\/div><\/div><\/div><\/div><div class=\"vc_row wpb_row vc_inner vc_row-fluid\"><div class=\"wpb_column vc_column_container vc_col-sm-6\"><div class=\"vc_column-inner\"><div class=\"wpb_wrapper\"><div class=\"post small\">\r\n\t\t\t\t\t\t<a href=\"https:\/\/www.habitatinsulae.es\/ca\/las-capitales-espanolas-lideran-la-demanda-de-viviendas\/\" title=\"Las capitales espa\u00f1olas lideran la demanda de vivienda\"><img decoding=\"async\" width=\"524\" height=\"524\" src=\"https:\/\/www.habitatinsulae.es\/wp-content\/uploads\/2015\/03\/Proyecto-de-Aedas-524x524.jpg\" class=\"attachment-post-grid-thumb-big size-post-grid-thumb-big wp-post-image\" alt=\"Home Style 2\" title=\"\" srcset=\"https:\/\/www.habitatinsulae.es\/wp-content\/uploads\/2015\/03\/Proyecto-de-Aedas-524x524.jpg 524w, https:\/\/www.habitatinsulae.es\/wp-content\/uploads\/2015\/03\/Proyecto-de-Aedas-150x150.jpg 150w, https:\/\/www.habitatinsulae.es\/wp-content\/uploads\/2015\/03\/Proyecto-de-Aedas-100x100.jpg 100w\" sizes=\"(max-width: 524px) 100vw, 524px\" \/><\/a>\r\n\t\t\t\t\t\t<div class=\"slider_content_box\"><ul class=\"post_details simple\"><li class=\"category\"><a class=\"category-3\" href=\"https:\/\/www.habitatinsulae.es\/ca\/category\/vivienda\/\" title=\"View all posts filed under Vivienda\">Vivienda<\/a><\/li><\/ul><h5><a href=\"https:\/\/www.habitatinsulae.es\/ca\/las-capitales-espanolas-lideran-la-demanda-de-viviendas\/\" title=\"Las capitales espa\u00f1olas lideran la demanda de vivienda\">Las capitales espa\u00f1olas lideran la demanda de vivienda<\/a><\/h5>\r\n\t\t\t\t\t\t<\/div>\r\n\t\t\t\t\t<\/div><\/div><\/div><\/div><div class=\"wpb_column vc_column_container vc_col-sm-6\"><div class=\"vc_column-inner\"><div class=\"wpb_wrapper\"><div class=\"post small\">\r\n\t\t\t\t\t\t<a href=\"https:\/\/www.habitatinsulae.es\/ca\/record-en-inversion-inmobiliaria-en-2025\/\" title=\"R\u00e9cord en inversi\u00f3n inmobiliaria en 2025\"><img decoding=\"async\" width=\"524\" height=\"524\" src=\"https:\/\/www.habitatinsulae.es\/wp-content\/uploads\/2015\/06\/record-de-inversion-inmobiliaria-524x524.jpg\" class=\"attachment-post-grid-thumb-big size-post-grid-thumb-big wp-post-image\" alt=\"Home Style 2\" title=\"\" srcset=\"https:\/\/www.habitatinsulae.es\/wp-content\/uploads\/2015\/06\/record-de-inversion-inmobiliaria-524x524.jpg 524w, https:\/\/www.habitatinsulae.es\/wp-content\/uploads\/2015\/06\/record-de-inversion-inmobiliaria-150x150.jpg 150w, https:\/\/www.habitatinsulae.es\/wp-content\/uploads\/2015\/06\/record-de-inversion-inmobiliaria-100x100.jpg 100w\" sizes=\"(max-width: 524px) 100vw, 524px\" \/><\/a>\r\n\t\t\t\t\t\t<div class=\"slider_content_box\"><ul class=\"post_details simple\"><li class=\"category\"><a class=\"category-95\" href=\"https:\/\/www.habitatinsulae.es\/ca\/category\/fonos-inversion-social\/\" title=\"View all posts filed under Fondos e Inversi\u00f3n Social\">Fondos e Inversi\u00f3n Social<\/a><\/li><\/ul><h5><a href=\"https:\/\/www.habitatinsulae.es\/ca\/record-en-inversion-inmobiliaria-en-2025\/\" title=\"R\u00e9cord en inversi\u00f3n inmobiliaria en 2025\">R\u00e9cord en inversi\u00f3n inmobiliaria en 2025<\/a><\/h5>\r\n\t\t\t\t\t\t<\/div>\r\n\t\t\t\t\t<\/div><\/div><\/div><\/div><\/div><\/div><\/div><\/div><div class=\"vc_row wpb_row vc_row-fluid\"><div class=\"wpb_column vc_column_container vc_col-sm-12\"><div class=\"wpb_wrapper\"><div class=\"slider_mobile_view page_margin_top\"><div class=\"caroufredsel_wrapper caroufredsel_wrapper_small_slider\"><ul class=\"small_slider small_slider id-small_slider autoplay-0 interval-5000 pause_on_hover-1\"><li class=\"slide\"><a href=\"https:\/\/www.habitatinsulae.es\/ca\/record-en-inversion-inmobiliaria-en-2025\/\" title=\"R\u00e9cord en inversi\u00f3n inmobiliaria en 2025\"><img decoding=\"async\" width=\"690\" height=\"450\" src=\"https:\/\/www.habitatinsulae.es\/wp-content\/uploads\/2015\/06\/record-de-inversion-inmobiliaria-690x450.jpg\" class=\"attachment-small-slider-thumb size-small-slider-thumb wp-post-image\" alt=\"Home Style 2\" title=\"\" \/><\/a><div class=\"slider_content_box\"><ul class=\"post_details simple\"><li class=\"category\"><a class=\"category-95\" href=\"https:\/\/www.habitatinsulae.es\/ca\/category\/fonos-inversion-social\/\" title=\"View all posts filed under Fondos e Inversi\u00f3n Social\">Fondos e Inversi\u00f3n Social<\/a><\/li>\t<li class=\"date\">06\/27\/2025<\/li><\/ul><h2><a href=\"https:\/\/www.habitatinsulae.es\/ca\/record-en-inversion-inmobiliaria-en-2025\/\" title=\"R\u00e9cord en inversi\u00f3n inmobiliaria en 2025\">R\u00e9cord en inversi\u00f3n inmobiliaria en 2025<\/a><\/h2>\r\n\t\t\t<p class=\"clearfix\">Espa\u00f1a alcanza cifras r\u00e9cord en inversi\u00f3n inmobiliaria en 2025 y lanza un plan de 13.000 viviendas p\u00fablicas para calmar el mercado de alquiler.<\/p>\r\n\t\t<\/div><\/li><li class=\"slide\"><a href=\"https:\/\/www.habitatinsulae.es\/ca\/las-capitales-espanolas-lideran-la-demanda-de-viviendas\/\" title=\"Las capitales espa\u00f1olas lideran la demanda de vivienda\"><img decoding=\"async\" width=\"690\" height=\"450\" src=\"https:\/\/www.habitatinsulae.es\/wp-content\/uploads\/2015\/03\/Proyecto-de-Aedas-690x450.jpg\" class=\"attachment-small-slider-thumb size-small-slider-thumb wp-post-image\" alt=\"Home Style 2\" title=\"\" \/><\/a><div class=\"slider_content_box\"><ul class=\"post_details simple\"><li class=\"category\"><a class=\"category-3\" href=\"https:\/\/www.habitatinsulae.es\/ca\/category\/vivienda\/\" title=\"View all posts filed under Vivienda\">Vivienda<\/a><\/li>\t<li class=\"date\">07\/27\/2025<\/li><\/ul><h2><a href=\"https:\/\/www.habitatinsulae.es\/ca\/las-capitales-espanolas-lideran-la-demanda-de-viviendas\/\" title=\"Las capitales espa\u00f1olas lideran la demanda de vivienda\">Las capitales espa\u00f1olas lideran la demanda de vivienda<\/a><\/h2>\r\n\t\t\t<p class=\"clearfix\">Ocho de los diez destinos m\u00e1s demandados para comprar vivienda en Espa\u00f1a son capitales de provincia, lideradas por Madrid, Valencia y Zaragoza.<\/p>\r\n\t\t<\/div><\/li><li class=\"slide\"><a href=\"https:\/\/www.habitatinsulae.es\/ca\/la-xunta-impulsa-2-800-viviendas-publicas-con-220-me-en-ejecucion\/\" title=\"La Xunta impulsa 2.800 viviendas p\u00fablicas con 220\u202fM\u20ac en ejecuci\u00f3n\"><img decoding=\"async\" width=\"690\" height=\"450\" src=\"https:\/\/www.habitatinsulae.es\/wp-content\/uploads\/2015\/03\/Proyecto-de-Aedas-690x450.jpg\" class=\"attachment-small-slider-thumb size-small-slider-thumb wp-post-image\" alt=\"Home Style 2\" title=\"\" \/><\/a><div class=\"slider_content_box\"><ul class=\"post_details simple\"><li class=\"category\"><a class=\"category-3\" href=\"https:\/\/www.habitatinsulae.es\/ca\/category\/vivienda\/\" title=\"View all posts filed under Vivienda\">Vivienda<\/a><\/li>\t<li class=\"date\">07\/20\/2025<\/li><\/ul><h2><a href=\"https:\/\/www.habitatinsulae.es\/ca\/la-xunta-impulsa-2-800-viviendas-publicas-con-220-me-en-ejecucion\/\" title=\"La Xunta impulsa 2.800 viviendas p\u00fablicas con 220\u202fM\u20ac en ejecuci\u00f3n\">La Xunta impulsa 2.800 viviendas p\u00fablicas con 220\u202fM\u20ac en ejecuci\u00f3n<\/a><\/h2>\r\n\t\t\t<p class=\"clearfix\">Xunta activa 2.886 viviendas p\u00fablicas (nueva construcci\u00f3n, rehabilitaci\u00f3n y compra) con una inversi\u00f3n superior a 220\u202fM\u20ac.<\/p>\r\n\t\t<\/div><\/li><\/ul><\/div><div id=\"small_slider\" class=\"slider_posts_list_container small\"><\/div><\/div><\/div><\/div><\/div><div class=\"vc_row wpb_row vc_row-fluid page_margin_top_section\"><div class=\"wpb_column vc_column_container vc_col-sm-8\"><div class=\"wpb_wrapper\"><h4 class=\"box_header\">Latest Posts<\/h4><div class=\"vc_row wpb_row vc_row-fluid\"><ul class=\"blog clearfix big\"><li class=\"post post-15623 type-post status-publish format-standard has-post-thumbnail hentry category-fonos-inversion-social category-politica category-vivienda tag-alquiler-asequible tag-politica-economica tag-vivienda\"><a class=\"post_image\" href=\"https:\/\/www.habitatinsulae.es\/ca\/vivienda-madrid-impulsa-18-000-hogares-en-cuatro-anos\/\" title=\"Vivienda: Madrid impulsa 18.000 hogares en cuatro a\u00f1os\"><img decoding=\"async\" width=\"330\" height=\"242\" src=\"https:\/\/www.habitatinsulae.es\/wp-content\/uploads\/2026\/04\/imagen_2026-04-22_145155092-330x242.jpg\" class=\"attachment-blog-post-thumb size-blog-post-thumb wp-post-image\" alt=\"Vivienda: Madrid impulsa 18.000 hogares en cuatro a\u00f1os\" title=\"\" srcset=\"https:\/\/www.habitatinsulae.es\/wp-content\/uploads\/2026\/04\/imagen_2026-04-22_145155092-330x242.jpg 330w, https:\/\/www.habitatinsulae.es\/wp-content\/uploads\/2026\/04\/imagen_2026-04-22_145155092-510x374.jpg 510w, https:\/\/www.habitatinsulae.es\/wp-content\/uploads\/2026\/04\/imagen_2026-04-22_145155092-130x95.jpg 130w\" sizes=\"(max-width: 330px) 100vw, 330px\" \/><\/a><div class=\"post_content\"><h2 class=\"clearfix with_number\"><a href=\"https:\/\/www.habitatinsulae.es\/ca\/vivienda-madrid-impulsa-18-000-hogares-en-cuatro-anos\/\" title=\"Vivienda: Madrid impulsa 18.000 hogares en cuatro a\u00f1os\">Vivienda: Madrid impulsa 18.000 hogares en cuatro a\u00f1os<\/a><a href=\"https:\/\/www.habitatinsulae.es\/ca\/vivienda-madrid-impulsa-18-000-hogares-en-cuatro-anos\/#respond\" title=\"0 comments\" class=\"comments_number\">0<span class=\"arrow_comments\"><\/span><\/a><\/h2><ul class=\"post_details\"><li class=\"category\"><a class=\"category-95\" href=\"https:\/\/www.habitatinsulae.es\/ca\/category\/fonos-inversion-social\/\" title=\"View all posts filed under Fondos e Inversi\u00f3n Social\">Fondos e Inversi\u00f3n Social<\/a>, <a class=\"category-96\" href=\"https:\/\/www.habitatinsulae.es\/ca\/category\/politica\/\" title=\"View all posts filed under Pol\u00edtica\">Pol\u00edtica<\/a>, <a class=\"category-3\" href=\"https:\/\/www.habitatinsulae.es\/ca\/category\/vivienda\/\" title=\"View all posts filed under Vivienda\">Vivienda<\/a><\/li><li class=\"date\">04\/25\/2026<\/li><\/ul><p>Madrid aprobar\u00e1 una nueva ley de vivienda para construir 18.000 viviendas protegidas en cuatro a\u00f1os, agilizar plazos y ampliar el alquiler asequible. La medida incluye m\u00e1s incentivos urban\u00edsticos, avales hipotecarios y mayor inversi\u00f3n social para j\u00f3venes, familias y colectivos vulnerables.<\/p>\n<a title=\"READ MORE\" href=\"https:\/\/www.habitatinsulae.es\/ca\/vivienda-madrid-impulsa-18-000-hogares-en-cuatro-anos\/\" class=\"read_more\"><span class=\"arrow\"><\/span><span>READ MORE<\/span><\/a><\/div><\/li><li class=\"post post-15619 type-post status-publish format-standard has-post-thumbnail hentry category-fonos-inversion-social category-politica category-vivienda tag-alquiler-asequible tag-economia tag-politica tag-vivienda\"><a class=\"post_image\" href=\"https:\/\/www.habitatinsulae.es\/ca\/el-gobierno-aprueba-plan-de-vivienda-con-7-000-millones\/\" title=\"El Gobierno aprueba plan de vivienda con 7.000 millones\"><img decoding=\"async\" width=\"330\" height=\"242\" src=\"https:\/\/www.habitatinsulae.es\/wp-content\/uploads\/2026\/04\/imagen_2026-04-22_144225612-330x242.jpg\" class=\"attachment-blog-post-thumb size-blog-post-thumb wp-post-image\" alt=\"El Gobierno aprueba plan de vivienda con 7.000 millones\" title=\"\" srcset=\"https:\/\/www.habitatinsulae.es\/wp-content\/uploads\/2026\/04\/imagen_2026-04-22_144225612-330x242.jpg 330w, https:\/\/www.habitatinsulae.es\/wp-content\/uploads\/2026\/04\/imagen_2026-04-22_144225612-510x374.jpg 510w, https:\/\/www.habitatinsulae.es\/wp-content\/uploads\/2026\/04\/imagen_2026-04-22_144225612-130x95.jpg 130w\" sizes=\"(max-width: 330px) 100vw, 330px\" \/><\/a><div class=\"post_content\"><h2 class=\"clearfix with_number\"><a href=\"https:\/\/www.habitatinsulae.es\/ca\/el-gobierno-aprueba-plan-de-vivienda-con-7-000-millones\/\" title=\"El Gobierno aprueba plan de vivienda con 7.000 millones\">El Gobierno aprueba plan de vivienda con 7.000 millones<\/a><a href=\"https:\/\/www.habitatinsulae.es\/ca\/el-gobierno-aprueba-plan-de-vivienda-con-7-000-millones\/#respond\" title=\"0 comments\" class=\"comments_number\">0<span class=\"arrow_comments\"><\/span><\/a><\/h2><ul class=\"post_details\"><li class=\"category\"><a class=\"category-95\" href=\"https:\/\/www.habitatinsulae.es\/ca\/category\/fonos-inversion-social\/\" title=\"View all posts filed under Fondos e Inversi\u00f3n Social\">Fondos e Inversi\u00f3n Social<\/a>, <a class=\"category-96\" href=\"https:\/\/www.habitatinsulae.es\/ca\/category\/politica\/\" title=\"View all posts filed under Pol\u00edtica\">Pol\u00edtica<\/a>, <a class=\"category-3\" href=\"https:\/\/www.habitatinsulae.es\/ca\/category\/vivienda\/\" title=\"View all posts filed under Vivienda\">Vivienda<\/a><\/li><li class=\"date\">04\/24\/2026<\/li><\/ul><p>El Gobierno activa el nuevo Plan Estatal de vivienda 2026-2030 con 7.000 millones de euros para aumentar la vivienda protegida, rehabilitar edificios y reforzar el alquiler asequible. El programa pone el foco en j\u00f3venes, colectivos vulnerables y control p\u00fablico de la inversi\u00f3n social.<\/p>\n<a title=\"READ MORE\" href=\"https:\/\/www.habitatinsulae.es\/ca\/el-gobierno-aprueba-plan-de-vivienda-con-7-000-millones\/\" class=\"read_more\"><span class=\"arrow\"><\/span><span>READ MORE<\/span><\/a><\/div><\/li><li class=\"post post-15615 type-post status-publish format-standard has-post-thumbnail hentry category-fonos-inversion-social category-politica category-vivienda tag-inversion-social tag-jovenes tag-politica-de-vivienda tag-vivienda-asequible\"><a class=\"post_image\" href=\"https:\/\/www.habitatinsulae.es\/ca\/el-plan-estatal-eleva-las-ayudas-hasta-102-000-e\/\" title=\"El plan estatal eleva las ayudas hasta 102.000 \u20ac\"><img decoding=\"async\" width=\"330\" height=\"242\" src=\"https:\/\/www.habitatinsulae.es\/wp-content\/uploads\/2026\/04\/imagen_2026-04-22_141955538-330x242.jpg\" class=\"attachment-blog-post-thumb size-blog-post-thumb wp-post-image\" alt=\"El plan estatal eleva las ayudas hasta 102.000 \u20ac\" title=\"\" srcset=\"https:\/\/www.habitatinsulae.es\/wp-content\/uploads\/2026\/04\/imagen_2026-04-22_141955538-330x242.jpg 330w, https:\/\/www.habitatinsulae.es\/wp-content\/uploads\/2026\/04\/imagen_2026-04-22_141955538-510x374.jpg 510w, https:\/\/www.habitatinsulae.es\/wp-content\/uploads\/2026\/04\/imagen_2026-04-22_141955538-130x95.jpg 130w\" sizes=\"(max-width: 330px) 100vw, 330px\" \/><\/a><div class=\"post_content\"><h2 class=\"clearfix with_number\"><a href=\"https:\/\/www.habitatinsulae.es\/ca\/el-plan-estatal-eleva-las-ayudas-hasta-102-000-e\/\" title=\"El plan estatal eleva las ayudas hasta 102.000 \u20ac\">El plan estatal eleva las ayudas hasta 102.000 \u20ac<\/a><a href=\"https:\/\/www.habitatinsulae.es\/ca\/el-plan-estatal-eleva-las-ayudas-hasta-102-000-e\/#respond\" title=\"0 comments\" class=\"comments_number\">0<span class=\"arrow_comments\"><\/span><\/a><\/h2><ul class=\"post_details\"><li class=\"category\"><a class=\"category-95\" href=\"https:\/\/www.habitatinsulae.es\/ca\/category\/fonos-inversion-social\/\" title=\"View all posts filed under Fondos e Inversi\u00f3n Social\">Fondos e Inversi\u00f3n Social<\/a>, <a class=\"category-96\" href=\"https:\/\/www.habitatinsulae.es\/ca\/category\/politica\/\" title=\"View all posts filed under Pol\u00edtica\">Pol\u00edtica<\/a>, <a class=\"category-3\" href=\"https:\/\/www.habitatinsulae.es\/ca\/category\/vivienda\/\" title=\"View all posts filed under Vivienda\">Vivienda<\/a><\/li><li class=\"date\">04\/24\/2026<\/li><\/ul><p>El Plan Estatal de Vivienda 2026-2030 incorpora ayudas de hasta 102.000 euros por vivienda industrializada en zonas tensionadas, impulsa el alquiler asequible, moviliza vivienda vac\u00eda y refuerza el acceso de j\u00f3venes y hogares vulnerables a soluciones habitacionales.<\/p>\n<a title=\"READ MORE\" href=\"https:\/\/www.habitatinsulae.es\/ca\/el-plan-estatal-eleva-las-ayudas-hasta-102-000-e\/\" class=\"read_more\"><span class=\"arrow\"><\/span><span>READ MORE<\/span><\/a><\/div><\/li><\/ul><\/div><h4 class=\"box_header page_margin_top_section\">Featured Posts<\/h4><div class=\"clearfix tabs small margin_top_10 no_scroll\" data-interval=\"0\">\n\t\t\t<ul class=\"tabs_navigation clearfix\"><li><a href=\"#recent-reviews\" class=\"\">Recent Reviews<\/a><\/li><li><a href=\"#top-rated\" class=\"\">Top Rated<\/a><\/li><\/ul>\n\n\t\t\t\n\t\t\t<div id=\"recent-reviews\" class=\"wpb_tab\">\n\t\t\t\t\n\t\t\t<\/div> \n\t\t\t<div id=\"top-rated\" class=\"wpb_tab\">\n\t\t\t\t\n\t\t\t<\/div> \n\t\t<\/div><div class=\"vc_row wpb_row vc_inner vc_row-fluid page_margin_top_section\"><div class=\"wpb_column vc_column_container vc_col-sm-6\"><div class=\"vc_column-inner\"><div class=\"wpb_wrapper\"><h4 class=\"box_header\">Lifestyle<\/h4><div class=\"vc_row wpb_row vc_row-fluid\"><ul class=\"blog clearfix big\"><li class=\"post post-54 type-post status-publish format-image has-post-thumbnail hentry category-politica post_format-post-format-image\"><a class=\"post_image\" href=\"https:\/\/www.habitatinsulae.es\/ca\/el-govern-compra-175-viviendas-para-paliar-crisis-habitacional\/\" title=\"El Govern compra 175 viviendas para paliar crisis habitacional\"><img decoding=\"async\" width=\"330\" height=\"242\" src=\"https:\/\/www.habitatinsulae.es\/wp-content\/uploads\/2025\/07\/govern-de-Catalunya-adquiere-175-viviendas-330x242.jpg\" class=\"attachment-blog-post-thumb size-blog-post-thumb wp-post-image\" alt=\"El Govern compra 175 viviendas para paliar crisis habitacional\" title=\"\" srcset=\"https:\/\/www.habitatinsulae.es\/wp-content\/uploads\/2025\/07\/govern-de-Catalunya-adquiere-175-viviendas-330x242.jpg 330w, https:\/\/www.habitatinsulae.es\/wp-content\/uploads\/2025\/07\/govern-de-Catalunya-adquiere-175-viviendas-18x12.jpg 18w, https:\/\/www.habitatinsulae.es\/wp-content\/uploads\/2025\/07\/govern-de-Catalunya-adquiere-175-viviendas-510x374.jpg 510w, https:\/\/www.habitatinsulae.es\/wp-content\/uploads\/2025\/07\/govern-de-Catalunya-adquiere-175-viviendas-130x95.jpg 130w\" sizes=\"(max-width: 330px) 100vw, 330px\" \/><\/a><h2 class=\"clearfix with_number\"><a href=\"https:\/\/www.habitatinsulae.es\/ca\/el-govern-compra-175-viviendas-para-paliar-crisis-habitacional\/\" title=\"El Govern compra 175 viviendas para paliar crisis habitacional\">El Govern compra 175 viviendas para paliar crisis habitacional<\/a><a href=\"https:\/\/www.habitatinsulae.es\/ca\/el-govern-compra-175-viviendas-para-paliar-crisis-habitacional\/#respond\" title=\"0 comments\" class=\"comments_number\">0<span class=\"arrow_comments\"><\/span><\/a><\/h2><ul class=\"post_details\"><li class=\"category container-category-96\"><a class=\"category-96\" href=\"https:\/\/www.habitatinsulae.es\/ca\/category\/politica\/\" title=\"View all posts filed under Pol\u00edtica\">Pol\u00edtica<\/a><\/li><li class=\"date\">07\/28\/2025<\/li><\/ul><p>El Govern de Catalunya adquiere 175 viviendas para familias vulnerables mediante tanteo y retracto, con un 83\u202f% ya asignadas tras el pacto con los Comuns.<\/p>\n<a title=\"READ MORE\" href=\"https:\/\/www.habitatinsulae.es\/ca\/el-govern-compra-175-viviendas-para-paliar-crisis-habitacional\/\" class=\"read_more\"><span class=\"arrow\"><\/span><span>READ MORE<\/span><\/a><\/li><\/ul><\/div><a class=\"more page_margin_top\" href=\"http:\/\/quanticalabs.com\/wp_themes\/pressroom\/category\/lifestyle\/\" title=\"READ MORE\">READ MORE<\/a><\/div><\/div><\/div><div class=\"wpb_column vc_column_container vc_col-sm-6\"><div class=\"vc_column-inner\"><div class=\"wpb_wrapper\"><h4 class=\"box_header\">Sports<\/h4><div class=\"vc_row wpb_row vc_row-fluid\"><ul class=\"blog clearfix big\"><li class=\"post post-35 type-post status-publish format-standard has-post-thumbnail hentry category-fonos-inversion-social category-vivienda\"><a class=\"post_image\" href=\"https:\/\/www.habitatinsulae.es\/ca\/financiacion-alternativa-en-vivienda\/\" title=\"Financiaci\u00f3n alternativa en vivienda: puente entre oferta y demanda\"><img decoding=\"async\" width=\"330\" height=\"242\" src=\"https:\/\/www.habitatinsulae.es\/wp-content\/uploads\/2015\/01\/financiacion-alternativa-330x242.jpg\" class=\"attachment-blog-post-thumb size-blog-post-thumb wp-post-image\" alt=\"Financiaci\u00f3n alternativa en vivienda: puente entre oferta y demanda\" title=\"\" srcset=\"https:\/\/www.habitatinsulae.es\/wp-content\/uploads\/2015\/01\/financiacion-alternativa-330x242.jpg 330w, https:\/\/www.habitatinsulae.es\/wp-content\/uploads\/2015\/01\/financiacion-alternativa-510x374.jpg 510w, https:\/\/www.habitatinsulae.es\/wp-content\/uploads\/2015\/01\/financiacion-alternativa-130x95.jpg 130w\" sizes=\"(max-width: 330px) 100vw, 330px\" \/><\/a><h2 class=\"clearfix with_number\"><a href=\"https:\/\/www.habitatinsulae.es\/ca\/financiacion-alternativa-en-vivienda\/\" title=\"Financiaci\u00f3n alternativa en vivienda: puente entre oferta y demanda\">Financiaci\u00f3n alternativa en vivienda: puente entre oferta y demanda<\/a><a href=\"https:\/\/www.habitatinsulae.es\/ca\/financiacion-alternativa-en-vivienda\/#respond\" title=\"0 comments\" class=\"comments_number\">0<span class=\"arrow_comments\"><\/span><\/a><\/h2><ul class=\"post_details\"><li class=\"category container-category-95\"><a class=\"category-95\" href=\"https:\/\/www.habitatinsulae.es\/ca\/category\/fonos-inversion-social\/\" title=\"View all posts filed under Fondos e Inversi\u00f3n Social\">Fondos e Inversi\u00f3n Social<\/a><\/li><li class=\"date\">08\/04\/2025<\/li><\/ul><p>La financiaci\u00f3n alternativa se consolida como v\u00eda eficaz para impulsar proyectos inmobiliarios que no acceden a cr\u00e9dito bancario tradicional.<\/p>\n<a title=\"READ MORE\" href=\"https:\/\/www.habitatinsulae.es\/ca\/financiacion-alternativa-en-vivienda\/\" class=\"read_more\"><span class=\"arrow\"><\/span><span>READ MORE<\/span><\/a><\/li><\/ul><\/div><a class=\"more page_margin_top\" href=\"http:\/\/quanticalabs.com\/wp_themes\/pressroom\/category\/sports\/\" title=\"READ MORE\">READ MORE<\/a><\/div><\/div><\/div><\/div><\/div><\/div><div class=\"wpb_column vc_column_container vc_col-sm-4\"><div class=\"wpb_wrapper\"><h4 class=\"box_header\">Sports<\/h4><div class=\"vc_row wpb_row vc_row-fluid\"><ul class=\"blog clearfix small_margin\"><li class=\"post post-35 type-post status-publish format-standard has-post-thumbnail hentry category-fonos-inversion-social category-vivienda\"><a class=\"post_image\" href=\"https:\/\/www.habitatinsulae.es\/ca\/financiacion-alternativa-en-vivienda\/\" title=\"Financiaci\u00f3n alternativa en vivienda: puente entre oferta y demanda\"><img decoding=\"async\" width=\"510\" height=\"187\" src=\"https:\/\/www.habitatinsulae.es\/wp-content\/uploads\/2015\/01\/financiacion-alternativa-510x187.jpg\" class=\"attachment-blog-post-thumb-medium size-blog-post-thumb-medium wp-post-image\" alt=\"Financiaci\u00f3n alternativa en vivienda: puente entre oferta y demanda\" title=\"\" \/><\/a><h5 class=\"clearfix\"><a href=\"https:\/\/www.habitatinsulae.es\/ca\/financiacion-alternativa-en-vivienda\/\" title=\"Financiaci\u00f3n alternativa en vivienda: puente entre oferta y demanda\">Financiaci\u00f3n alternativa en vivienda: puente entre oferta y demanda<\/a><\/h5><ul class=\"post_details simple\"><li class=\"category container-category-95\"><a class=\"category-95\" href=\"https:\/\/www.habitatinsulae.es\/ca\/category\/fonos-inversion-social\/\" title=\"View all posts filed under Fondos e Inversi\u00f3n Social\">Fondos e Inversi\u00f3n Social<\/a><\/li><li class=\"date\">08\/04\/2025<\/li><\/ul><\/li><\/ul><\/div><h4 class=\"box_header page_margin_top_section\">Lifestyle<\/h4><div class=\"vc_row wpb_row vc_row-fluid\"><ul class=\"blog clearfix small_margin\"><li class=\"post post-54 type-post status-publish format-image has-post-thumbnail hentry category-politica post_format-post-format-image\"><a class=\"post_image\" href=\"https:\/\/www.habitatinsulae.es\/ca\/el-govern-compra-175-viviendas-para-paliar-crisis-habitacional\/\" title=\"El Govern compra 175 viviendas para paliar crisis habitacional\"><img decoding=\"async\" width=\"510\" height=\"187\" src=\"https:\/\/www.habitatinsulae.es\/wp-content\/uploads\/2025\/07\/govern-de-Catalunya-adquiere-175-viviendas-510x187.jpg\" class=\"attachment-blog-post-thumb-medium size-blog-post-thumb-medium wp-post-image\" alt=\"El Govern compra 175 viviendas para paliar crisis habitacional\" title=\"\" \/><\/a><h5 class=\"clearfix\"><a href=\"https:\/\/www.habitatinsulae.es\/ca\/el-govern-compra-175-viviendas-para-paliar-crisis-habitacional\/\" title=\"El Govern compra 175 viviendas para paliar crisis habitacional\">El Govern compra 175 viviendas para paliar crisis habitacional<\/a><\/h5><ul class=\"post_details simple\"><li class=\"category container-category-96\"><a class=\"category-96\" href=\"https:\/\/www.habitatinsulae.es\/ca\/category\/politica\/\" title=\"View all posts filed under Pol\u00edtica\">Pol\u00edtica<\/a><\/li><li class=\"date\">07\/28\/2025<\/li><\/ul><\/li><\/ul><\/div><h4 class=\"box_header page_margin_top_section\">Latest Posts<\/h4><div class=\"vertical_carousel_container clearfix\"><ul class=\"blog small vertical_carousel visible-3 autoplay-0 pause_on_hover-1 scroll-1\"><li class=\"post\">\r\n\t\t\t<a href=\"https:\/\/www.habitatinsulae.es\/ca\/vivienda-madrid-impulsa-18-000-hogares-en-cuatro-anos\/\" title=\"Vivienda: Madrid impulsa 18.000 hogares en cuatro a\u00f1os\" class=\"post_image clearfix\"><img decoding=\"async\" width=\"100\" height=\"100\" src=\"https:\/\/www.habitatinsulae.es\/wp-content\/uploads\/2026\/04\/imagen_2026-04-22_145155092-100x100.jpg\" class=\"attachment-pressroom-small-thumb size-pressroom-small-thumb wp-post-image\" alt=\"Vivienda: Madrid impulsa 18.000 hogares en cuatro a\u00f1os\" title=\"\" srcset=\"https:\/\/www.habitatinsulae.es\/wp-content\/uploads\/2026\/04\/imagen_2026-04-22_145155092-100x100.jpg 100w, https:\/\/www.habitatinsulae.es\/wp-content\/uploads\/2026\/04\/imagen_2026-04-22_145155092-150x150.jpg 150w, https:\/\/www.habitatinsulae.es\/wp-content\/uploads\/2026\/04\/imagen_2026-04-22_145155092-524x524.jpg 524w\" sizes=\"(max-width: 100px) 100vw, 100px\" \/><\/a><div class=\"post_content\"><h5><a href=\"https:\/\/www.habitatinsulae.es\/ca\/vivienda-madrid-impulsa-18-000-hogares-en-cuatro-anos\/\" title=\"Vivienda: Madrid impulsa 18.000 hogares en cuatro a\u00f1os\">Vivienda: Madrid impulsa 18.000 hogares en cuatro a\u00f1os<\/a><\/h5>\r\n\t\t\t<ul class=\"post_details simple\"><li class=\"category\"><a class=\"category-95\" href=\"https:\/\/www.habitatinsulae.es\/ca\/category\/fonos-inversion-social\/\" title=\"View all posts filed under Fondos e Inversi\u00f3n Social\">Fondos e Inversi\u00f3n Social<\/a>, <a class=\"category-96\" href=\"https:\/\/www.habitatinsulae.es\/ca\/category\/politica\/\" title=\"View all posts filed under Pol\u00edtica\">Pol\u00edtica<\/a>, <a class=\"category-3\" href=\"https:\/\/www.habitatinsulae.es\/ca\/category\/vivienda\/\" title=\"View all posts filed under Vivienda\">Vivienda<\/a><\/li><li class=\"date\">04\/25\/2026<\/li>\r\n\t\t\t<\/ul><\/div><\/li><li class=\"post\">\r\n\t\t\t<a href=\"https:\/\/www.habitatinsulae.es\/ca\/el-gobierno-aprueba-plan-de-vivienda-con-7-000-millones\/\" title=\"El Gobierno aprueba plan de vivienda con 7.000 millones\" class=\"post_image clearfix\"><img decoding=\"async\" width=\"100\" height=\"100\" src=\"https:\/\/www.habitatinsulae.es\/wp-content\/uploads\/2026\/04\/imagen_2026-04-22_144225612-100x100.jpg\" class=\"attachment-pressroom-small-thumb size-pressroom-small-thumb wp-post-image\" alt=\"El Gobierno aprueba plan de vivienda con 7.000 millones\" title=\"\" srcset=\"https:\/\/www.habitatinsulae.es\/wp-content\/uploads\/2026\/04\/imagen_2026-04-22_144225612-100x100.jpg 100w, https:\/\/www.habitatinsulae.es\/wp-content\/uploads\/2026\/04\/imagen_2026-04-22_144225612-150x150.jpg 150w, https:\/\/www.habitatinsulae.es\/wp-content\/uploads\/2026\/04\/imagen_2026-04-22_144225612-524x524.jpg 524w\" sizes=\"(max-width: 100px) 100vw, 100px\" \/><\/a><div class=\"post_content\"><h5><a href=\"https:\/\/www.habitatinsulae.es\/ca\/el-gobierno-aprueba-plan-de-vivienda-con-7-000-millones\/\" title=\"El Gobierno aprueba plan de vivienda con 7.000 millones\">El Gobierno aprueba plan de vivienda con 7.000 millones<\/a><\/h5>\r\n\t\t\t<ul class=\"post_details simple\"><li class=\"category\"><a class=\"category-95\" href=\"https:\/\/www.habitatinsulae.es\/ca\/category\/fonos-inversion-social\/\" title=\"View all posts filed under Fondos e Inversi\u00f3n Social\">Fondos e Inversi\u00f3n Social<\/a>, <a class=\"category-96\" href=\"https:\/\/www.habitatinsulae.es\/ca\/category\/politica\/\" title=\"View all posts filed under Pol\u00edtica\">Pol\u00edtica<\/a>, <a class=\"category-3\" href=\"https:\/\/www.habitatinsulae.es\/ca\/category\/vivienda\/\" title=\"View all posts filed under Vivienda\">Vivienda<\/a><\/li><li class=\"date\">04\/24\/2026<\/li>\r\n\t\t\t<\/ul><\/div><\/li><li class=\"post\">\r\n\t\t\t<a href=\"https:\/\/www.habitatinsulae.es\/ca\/el-plan-estatal-eleva-las-ayudas-hasta-102-000-e\/\" title=\"El plan estatal eleva las ayudas hasta 102.000 \u20ac\" class=\"post_image clearfix\"><img decoding=\"async\" width=\"100\" height=\"100\" src=\"https:\/\/www.habitatinsulae.es\/wp-content\/uploads\/2026\/04\/imagen_2026-04-22_141955538-100x100.jpg\" class=\"attachment-pressroom-small-thumb size-pressroom-small-thumb wp-post-image\" alt=\"El plan estatal eleva las ayudas hasta 102.000 \u20ac\" title=\"\" srcset=\"https:\/\/www.habitatinsulae.es\/wp-content\/uploads\/2026\/04\/imagen_2026-04-22_141955538-100x100.jpg 100w, https:\/\/www.habitatinsulae.es\/wp-content\/uploads\/2026\/04\/imagen_2026-04-22_141955538-150x150.jpg 150w, https:\/\/www.habitatinsulae.es\/wp-content\/uploads\/2026\/04\/imagen_2026-04-22_141955538-524x524.jpg 524w\" sizes=\"(max-width: 100px) 100vw, 100px\" \/><\/a><div class=\"post_content\"><h5><a href=\"https:\/\/www.habitatinsulae.es\/ca\/el-plan-estatal-eleva-las-ayudas-hasta-102-000-e\/\" title=\"El plan estatal eleva las ayudas hasta 102.000 \u20ac\">El plan estatal eleva las ayudas hasta 102.000 \u20ac<\/a><\/h5>\r\n\t\t\t<ul class=\"post_details simple\"><li class=\"category\"><a class=\"category-95\" href=\"https:\/\/www.habitatinsulae.es\/ca\/category\/fonos-inversion-social\/\" title=\"View all posts filed under Fondos e Inversi\u00f3n Social\">Fondos e Inversi\u00f3n Social<\/a>, <a class=\"category-96\" href=\"https:\/\/www.habitatinsulae.es\/ca\/category\/politica\/\" title=\"View all posts filed under Pol\u00edtica\">Pol\u00edtica<\/a>, <a class=\"category-3\" href=\"https:\/\/www.habitatinsulae.es\/ca\/category\/vivienda\/\" title=\"View all posts filed under Vivienda\">Vivienda<\/a><\/li><li class=\"date\">04\/24\/2026<\/li>\r\n\t\t\t<\/ul><\/div><\/li><li class=\"post\">\r\n\t\t\t<a href=\"https:\/\/www.habitatinsulae.es\/ca\/vivienda-asequible-42-pisos-sociales-en-poblenou\/\" title=\"Vivienda asequible: 42 pisos sociales en Poblenou\" class=\"post_image clearfix\"><img decoding=\"async\" width=\"100\" height=\"100\" src=\"https:\/\/www.habitatinsulae.es\/wp-content\/uploads\/2026\/04\/imagen_2026-04-22_135958235-100x100.jpg\" class=\"attachment-pressroom-small-thumb size-pressroom-small-thumb wp-post-image\" alt=\"Vivienda asequible: 42 pisos sociales en Poblenou\" title=\"\" srcset=\"https:\/\/www.habitatinsulae.es\/wp-content\/uploads\/2026\/04\/imagen_2026-04-22_135958235-100x100.jpg 100w, https:\/\/www.habitatinsulae.es\/wp-content\/uploads\/2026\/04\/imagen_2026-04-22_135958235-150x150.jpg 150w, https:\/\/www.habitatinsulae.es\/wp-content\/uploads\/2026\/04\/imagen_2026-04-22_135958235-524x524.jpg 524w\" sizes=\"(max-width: 100px) 100vw, 100px\" \/><\/a><div class=\"post_content\"><h5><a href=\"https:\/\/www.habitatinsulae.es\/ca\/vivienda-asequible-42-pisos-sociales-en-poblenou\/\" title=\"Vivienda asequible: 42 pisos sociales en Poblenou\">Vivienda asequible: 42 pisos sociales en Poblenou<\/a><\/h5>\r\n\t\t\t<ul class=\"post_details simple\"><li class=\"category\"><a class=\"category-2\" href=\"https:\/\/www.habitatinsulae.es\/ca\/category\/actualidad\/\" title=\"View all posts filed under Actualidad\">Actualidad<\/a>, <a class=\"category-61\" href=\"https:\/\/www.habitatinsulae.es\/ca\/category\/iniciativas\/\" title=\"View all posts filed under Iniciativas\">Iniciativas<\/a>, <a class=\"category-3\" href=\"https:\/\/www.habitatinsulae.es\/ca\/category\/vivienda\/\" title=\"View all posts filed under Vivienda\">Vivienda<\/a><\/li><li class=\"date\">04\/23\/2026<\/li>\r\n\t\t\t<\/ul><\/div><\/li><li class=\"post\">\r\n\t\t\t<a href=\"https:\/\/www.habitatinsulae.es\/ca\/vivienda-apcespana-ve-insuficiente-el-plan-2026-2030\/\" title=\"Vivienda: APCEspa\u00f1a ve insuficiente el plan 2026-2030\" class=\"post_image clearfix\"><img decoding=\"async\" width=\"100\" height=\"100\" src=\"https:\/\/www.habitatinsulae.es\/wp-content\/uploads\/2026\/04\/ChatGPT-Image-22-abr-2026-13_41_38-100x100.jpg\" class=\"attachment-pressroom-small-thumb size-pressroom-small-thumb wp-post-image\" alt=\"Vivienda: APCEspa\u00f1a ve insuficiente el plan 2026-2030\" title=\"\" srcset=\"https:\/\/www.habitatinsulae.es\/wp-content\/uploads\/2026\/04\/ChatGPT-Image-22-abr-2026-13_41_38-100x100.jpg 100w, https:\/\/www.habitatinsulae.es\/wp-content\/uploads\/2026\/04\/ChatGPT-Image-22-abr-2026-13_41_38-150x150.jpg 150w, https:\/\/www.habitatinsulae.es\/wp-content\/uploads\/2026\/04\/ChatGPT-Image-22-abr-2026-13_41_38-524x524.jpg 524w\" sizes=\"(max-width: 100px) 100vw, 100px\" \/><\/a><div class=\"post_content\"><h5><a href=\"https:\/\/www.habitatinsulae.es\/ca\/vivienda-apcespana-ve-insuficiente-el-plan-2026-2030\/\" title=\"Vivienda: APCEspa\u00f1a ve insuficiente el plan 2026-2030\">Vivienda: APCEspa\u00f1a ve insuficiente el plan 2026-2030<\/a><\/h5>\r\n\t\t\t<ul class=\"post_details simple\"><li class=\"category\"><a class=\"category-95\" href=\"https:\/\/www.habitatinsulae.es\/ca\/category\/fonos-inversion-social\/\" title=\"View all posts filed under Fondos e Inversi\u00f3n Social\">Fondos e Inversi\u00f3n Social<\/a>, <a class=\"category-96\" href=\"https:\/\/www.habitatinsulae.es\/ca\/category\/politica\/\" title=\"View all posts filed under Pol\u00edtica\">Pol\u00edtica<\/a>, <a class=\"category-3\" href=\"https:\/\/www.habitatinsulae.es\/ca\/category\/vivienda\/\" title=\"View all posts filed under Vivienda\">Vivienda<\/a><\/li><li class=\"date\">04\/22\/2026<\/li>\r\n\t\t\t<\/ul><\/div><\/li><\/ul><\/div><h4 class=\"box_header page_margin_top_section\">Most Commented<\/h4><div class=\"vertical_carousel_container clearfix\"><ul class=\"blog small vertical_carousel visible-3 autoplay-0 pause_on_hover-1 scroll-1\"><li class=\"post\">\r\n\t\t\t<a href=\"https:\/\/www.habitatinsulae.es\/ca\/genivs-lanza-el-primer-fondo-de-alto-impacto-social-en-vivienda-para-jovenes-en-espana\/\" title=\"GENIVS lanza el primer fondo de alto impacto social en vivienda para j\u00f3venes en Espa\u00f1a\" class=\"post_image clearfix\"><img decoding=\"async\" width=\"100\" height=\"100\" src=\"https:\/\/www.habitatinsulae.es\/wp-content\/uploads\/2025\/09\/Socios-Fundadores-de-Genivs-100x100.jpg\" class=\"attachment-pressroom-small-thumb size-pressroom-small-thumb wp-post-image\" alt=\"GENIVS lanza el primer fondo de alto impacto social en vivienda para j\u00f3venes en Espa\u00f1a\" title=\"\" srcset=\"https:\/\/www.habitatinsulae.es\/wp-content\/uploads\/2025\/09\/Socios-Fundadores-de-Genivs-100x100.jpg 100w, https:\/\/www.habitatinsulae.es\/wp-content\/uploads\/2025\/09\/Socios-Fundadores-de-Genivs-150x150.jpg 150w, https:\/\/www.habitatinsulae.es\/wp-content\/uploads\/2025\/09\/Socios-Fundadores-de-Genivs-524x524.jpg 524w\" sizes=\"(max-width: 100px) 100vw, 100px\" \/><\/a><div class=\"post_content\"><h5><a href=\"https:\/\/www.habitatinsulae.es\/ca\/genivs-lanza-el-primer-fondo-de-alto-impacto-social-en-vivienda-para-jovenes-en-espana\/\" title=\"GENIVS lanza el primer fondo de alto impacto social en vivienda para j\u00f3venes en Espa\u00f1a\">GENIVS lanza el primer fondo de alto impacto social en vivienda para j\u00f3venes en Espa\u00f1a<\/a><\/h5>\r\n\t\t\t<ul class=\"post_details simple\"><li class=\"category\"><a class=\"category-3\" href=\"https:\/\/www.habitatinsulae.es\/ca\/category\/vivienda\/\" title=\"View all posts filed under Vivienda\">Vivienda<\/a>, <a class=\"category-156\" href=\"https:\/\/www.habitatinsulae.es\/ca\/category\/vivienda\/vivienda-social\/\" title=\"View all posts filed under Vivienda Social\">Vivienda Social<\/a><\/li><li class=\"date\">09\/30\/2025<\/li>\r\n\t\t\t<\/ul><\/div><\/li><li class=\"post\">\r\n\t\t\t<a href=\"https:\/\/www.habitatinsulae.es\/ca\/un-nuevo-modelo-de-inversion-de-impacto-para-transformar-el-acceso-a-la-vivienda-en-espana\/\" title=\"Un nuevo modelo de inversi\u00f3n de impacto para transformar el acceso a la vivienda en Espa\u00f1a\" class=\"post_image clearfix\"><img decoding=\"async\" width=\"100\" height=\"100\" src=\"https:\/\/www.habitatinsulae.es\/wp-content\/uploads\/2025\/07\/Primera-inversion-FIS-100x100.jpg\" class=\"attachment-pressroom-small-thumb size-pressroom-small-thumb wp-post-image\" alt=\"Un nuevo modelo de inversi\u00f3n de impacto para transformar el acceso a la vivienda en Espa\u00f1a\" title=\"\" srcset=\"https:\/\/www.habitatinsulae.es\/wp-content\/uploads\/2025\/07\/Primera-inversion-FIS-100x100.jpg 100w, https:\/\/www.habitatinsulae.es\/wp-content\/uploads\/2025\/07\/Primera-inversion-FIS-150x150.jpg 150w, https:\/\/www.habitatinsulae.es\/wp-content\/uploads\/2025\/07\/Primera-inversion-FIS-524x524.jpg 524w\" sizes=\"(max-width: 100px) 100vw, 100px\" \/><\/a><div class=\"post_content\"><h5><a href=\"https:\/\/www.habitatinsulae.es\/ca\/un-nuevo-modelo-de-inversion-de-impacto-para-transformar-el-acceso-a-la-vivienda-en-espana\/\" title=\"Un nuevo modelo de inversi\u00f3n de impacto para transformar el acceso a la vivienda en Espa\u00f1a\">Un nuevo modelo de inversi\u00f3n de impacto para transformar el acceso a la vivienda en Espa\u00f1a<\/a><\/h5>\r\n\t\t\t<ul class=\"post_details simple\"><li class=\"category container-category-160\"><a class=\"category-160\" href=\"https:\/\/www.habitatinsulae.es\/ca\/category\/inversiones-de-impacto\/\" title=\"View all posts filed under Inversiones de Impacto\">Inversiones de Impacto<\/a><\/li><li class=\"date\">08\/05\/2025<\/li>\r\n\t\t\t<\/ul><\/div><\/li><li class=\"post\">\r\n\t\t\t<a href=\"https:\/\/www.habitatinsulae.es\/ca\/ue-prioridad-vivienda-2025\/\" title=\"La vivienda, prioridad dom\u00e9stica en la UE\" class=\"post_image clearfix\"><img decoding=\"async\" width=\"100\" height=\"100\" src=\"https:\/\/www.habitatinsulae.es\/wp-content\/uploads\/2025\/09\/La-vivienda-entra-en-la-agenda-prioritaria-de-la-UE-100x100.jpeg\" class=\"attachment-pressroom-small-thumb size-pressroom-small-thumb wp-post-image\" alt=\"La vivienda, prioridad dom\u00e9stica en la UE\" title=\"\" srcset=\"https:\/\/www.habitatinsulae.es\/wp-content\/uploads\/2025\/09\/La-vivienda-entra-en-la-agenda-prioritaria-de-la-UE-100x100.jpeg 100w, https:\/\/www.habitatinsulae.es\/wp-content\/uploads\/2025\/09\/La-vivienda-entra-en-la-agenda-prioritaria-de-la-UE-300x300.jpeg 300w, https:\/\/www.habitatinsulae.es\/wp-content\/uploads\/2025\/09\/La-vivienda-entra-en-la-agenda-prioritaria-de-la-UE-150x150.jpeg 150w, https:\/\/www.habitatinsulae.es\/wp-content\/uploads\/2025\/09\/La-vivienda-entra-en-la-agenda-prioritaria-de-la-UE-768x768.jpeg 768w, https:\/\/www.habitatinsulae.es\/wp-content\/uploads\/2025\/09\/La-vivienda-entra-en-la-agenda-prioritaria-de-la-UE-12x12.jpeg 12w, https:\/\/www.habitatinsulae.es\/wp-content\/uploads\/2025\/09\/La-vivienda-entra-en-la-agenda-prioritaria-de-la-UE-524x524.jpeg 524w, https:\/\/www.habitatinsulae.es\/wp-content\/uploads\/2025\/09\/La-vivienda-entra-en-la-agenda-prioritaria-de-la-UE.jpeg 1024w\" sizes=\"(max-width: 100px) 100vw, 100px\" \/><\/a><div class=\"post_content\"><h5><a href=\"https:\/\/www.habitatinsulae.es\/ca\/ue-prioridad-vivienda-2025\/\" title=\"La vivienda, prioridad dom\u00e9stica en la UE\">La vivienda, prioridad dom\u00e9stica en la UE<\/a><\/h5>\r\n\t\t\t<ul class=\"post_details simple\"><li class=\"category container-category-96\"><a class=\"category-96\" href=\"https:\/\/www.habitatinsulae.es\/ca\/category\/politica\/\" title=\"View all posts filed under Pol\u00edtica\">Pol\u00edtica<\/a><\/li><li class=\"date\">09\/15\/2025<\/li>\r\n\t\t\t<\/ul><\/div><\/li><li class=\"post\">\r\n\t\t\t<a href=\"https:\/\/www.habitatinsulae.es\/ca\/plan-suma-vivienda-madrid-licita-600-pisos\/\" title=\"Plan Suma Vivienda Madrid licita 600 pisos\" class=\"post_image clearfix\"><img decoding=\"async\" width=\"100\" height=\"100\" src=\"https:\/\/www.habitatinsulae.es\/wp-content\/uploads\/2015\/06\/Mercado-de-la-vivienda-100x100.jpg\" class=\"attachment-pressroom-small-thumb size-pressroom-small-thumb wp-post-image\" alt=\"Plan Suma Vivienda Madrid licita 600 pisos\" title=\"\" srcset=\"https:\/\/www.habitatinsulae.es\/wp-content\/uploads\/2015\/06\/Mercado-de-la-vivienda-100x100.jpg 100w, https:\/\/www.habitatinsulae.es\/wp-content\/uploads\/2015\/06\/Mercado-de-la-vivienda-150x150.jpg 150w, https:\/\/www.habitatinsulae.es\/wp-content\/uploads\/2015\/06\/Mercado-de-la-vivienda-524x524.jpg 524w\" sizes=\"(max-width: 100px) 100vw, 100px\" \/><\/a><div class=\"post_content\"><h5><a href=\"https:\/\/www.habitatinsulae.es\/ca\/plan-suma-vivienda-madrid-licita-600-pisos\/\" title=\"Plan Suma Vivienda Madrid licita 600 pisos\">Plan Suma Vivienda Madrid licita 600 pisos<\/a><\/h5>\r\n\t\t\t<ul class=\"post_details simple\"><li class=\"category container-category-3\"><a class=\"category-3\" href=\"https:\/\/www.habitatinsulae.es\/ca\/category\/vivienda\/\" title=\"View all posts filed under Vivienda\">Vivienda<\/a><\/li><li class=\"date\">11\/05\/2025<\/li>\r\n\t\t\t<\/ul><\/div><\/li><li class=\"post\">\r\n\t\t\t<a href=\"https:\/\/www.habitatinsulae.es\/ca\/nuevo-registro-estatal-frena-el-boom-de-pisos-turisticos-casi-la-mitad-de-solicitudes-rechazadas-este-verano\/\" title=\"Nuevo registro estatal frena el boom de pisos tur\u00edsticos: casi la mitad de solicitudes rechazadas este verano\" class=\"post_image clearfix\"><img decoding=\"async\" width=\"100\" height=\"100\" src=\"https:\/\/www.habitatinsulae.es\/wp-content\/uploads\/2025\/09\/apartamentos-de-alquiler-100x100.jpg\" class=\"attachment-pressroom-small-thumb size-pressroom-small-thumb wp-post-image\" alt=\"Nuevo registro estatal frena el boom de pisos tur\u00edsticos: casi la mitad de solicitudes rechazadas este verano\" title=\"\" srcset=\"https:\/\/www.habitatinsulae.es\/wp-content\/uploads\/2025\/09\/apartamentos-de-alquiler-100x100.jpg 100w, https:\/\/www.habitatinsulae.es\/wp-content\/uploads\/2025\/09\/apartamentos-de-alquiler-150x150.jpg 150w, https:\/\/www.habitatinsulae.es\/wp-content\/uploads\/2025\/09\/apartamentos-de-alquiler-524x524.jpg 524w\" sizes=\"(max-width: 100px) 100vw, 100px\" \/><\/a><div class=\"post_content\"><h5><a href=\"https:\/\/www.habitatinsulae.es\/ca\/nuevo-registro-estatal-frena-el-boom-de-pisos-turisticos-casi-la-mitad-de-solicitudes-rechazadas-este-verano\/\" title=\"Nuevo registro estatal frena el boom de pisos tur\u00edsticos: casi la mitad de solicitudes rechazadas este verano\">Nuevo registro estatal frena el boom de pisos tur\u00edsticos: casi la mitad de solicitudes rechazadas este verano<\/a><\/h5>\r\n\t\t\t<ul class=\"post_details simple\"><li class=\"category container-category-3\"><a class=\"category-3\" href=\"https:\/\/www.habitatinsulae.es\/ca\/category\/vivienda\/\" title=\"View all posts filed under Vivienda\">Vivienda<\/a><\/li><li class=\"date\">09\/05\/2025<\/li>\r\n\t\t\t<\/ul><\/div><\/li><\/ul><\/div><h4 class=\"box_header page_margin_top_section\">Featured Videos<\/h4><div class=\"horizontal_carousel_container clearfix big page_margin_top\"><ul class=\"blog big horizontal_carousel visible-1 autoplay-0 pause_on_hover-1 scroll-1\"><li class=\"post\">\r\n\t\t\t<a href=\"https:\/\/www.habitatinsulae.es\/ca\/genivs-insulae-reafirma-su-compromiso-social-para-aportar-una-solucion-a-la-crisis-de-vivienda-en-espanaes-un-fondo-social-que-impulsa-alquiler-asequible-joven\/\" title=\"Genivs Insulae reafirma su compromiso social para aportar una soluci\u00f3n a la crisis de vivienda en Espa\u00f1a es un fondo social que impulsa alquiler asequible joven\" class=\"post_image clearfix\"><span class=\"icon video\"><\/span><img decoding=\"async\" width=\"330\" height=\"242\" src=\"https:\/\/www.habitatinsulae.es\/wp-content\/uploads\/2026\/02\/image00011-330x242.jpg\" class=\"attachment-blog-post-thumb size-blog-post-thumb wp-post-image\" alt=\"Genivs Insulae reafirma su compromiso social para aportar una soluci\u00f3n a la crisis de vivienda en Espa\u00f1a es un fondo social que impulsa alquiler asequible joven\" title=\"\" srcset=\"https:\/\/www.habitatinsulae.es\/wp-content\/uploads\/2026\/02\/image00011-330x242.jpg 330w, https:\/\/www.habitatinsulae.es\/wp-content\/uploads\/2026\/02\/image00011-510x374.jpg 510w, https:\/\/www.habitatinsulae.es\/wp-content\/uploads\/2026\/02\/image00011-130x95.jpg 130w\" sizes=\"(max-width: 330px) 100vw, 330px\" \/><\/a><h5><a href=\"https:\/\/www.habitatinsulae.es\/ca\/genivs-insulae-reafirma-su-compromiso-social-para-aportar-una-solucion-a-la-crisis-de-vivienda-en-espanaes-un-fondo-social-que-impulsa-alquiler-asequible-joven\/\" title=\"Genivs Insulae reafirma su compromiso social para aportar una soluci\u00f3n a la crisis de vivienda en Espa\u00f1a es un fondo social que impulsa alquiler asequible joven\">Genivs Insulae reafirma su compromiso social para aportar una soluci\u00f3n a la crisis de vivienda en Espa\u00f1a es un fondo social que impulsa alquiler asequible joven<\/a><\/h5>\r\n\t\t\t<ul class=\"post_details simple\"><li class=\"category\"><a class=\"category-95\" href=\"https:\/\/www.habitatinsulae.es\/ca\/category\/fonos-inversion-social\/\" title=\"View all posts filed under Fondos e Inversi\u00f3n Social\">Fondos e Inversi\u00f3n Social<\/a>, <a class=\"category-160\" href=\"https:\/\/www.habitatinsulae.es\/ca\/category\/inversiones-de-impacto\/\" title=\"View all posts filed under Inversiones de Impacto\">Inversiones de Impacto<\/a><\/li><li class=\"date\">02\/19\/2026<\/li>\r\n\t\t\t<\/ul><\/li><\/ul><\/div><\/div><\/div><\/div><div class=\"vc_row wpb_row vc_row-fluid\"><div class=\"wpb_column vc_column_container vc_col-sm-12\"><div class=\"wpb_wrapper\"><h4 class=\"box_header page_margin_top_section\">Posts Carousel<\/h4><div class=\"horizontal_carousel_container clearfix page_margin_top\"><ul class=\"blog horizontal_carousel visible-4 autoplay-0 pause_on_hover-1 scroll-1\"><li class=\"post\">\r\n\t\t\t<a href=\"https:\/\/www.habitatinsulae.es\/ca\/vivienda-madrid-impulsa-18-000-hogares-en-cuatro-anos\/\" title=\"Vivienda: Madrid impulsa 18.000 hogares en cuatro a\u00f1os\" class=\"post_image clearfix\"><img decoding=\"async\" width=\"330\" height=\"242\" src=\"https:\/\/www.habitatinsulae.es\/wp-content\/uploads\/2026\/04\/imagen_2026-04-22_145155092-330x242.jpg\" class=\"attachment-blog-post-thumb size-blog-post-thumb wp-post-image\" alt=\"Vivienda: Madrid impulsa 18.000 hogares en cuatro a\u00f1os\" title=\"\" srcset=\"https:\/\/www.habitatinsulae.es\/wp-content\/uploads\/2026\/04\/imagen_2026-04-22_145155092-330x242.jpg 330w, https:\/\/www.habitatinsulae.es\/wp-content\/uploads\/2026\/04\/imagen_2026-04-22_145155092-510x374.jpg 510w, https:\/\/www.habitatinsulae.es\/wp-content\/uploads\/2026\/04\/imagen_2026-04-22_145155092-130x95.jpg 130w\" sizes=\"(max-width: 330px) 100vw, 330px\" \/><\/a><h5><a href=\"https:\/\/www.habitatinsulae.es\/ca\/vivienda-madrid-impulsa-18-000-hogares-en-cuatro-anos\/\" title=\"Vivienda: Madrid impulsa 18.000 hogares en cuatro a\u00f1os\">Vivienda: Madrid impulsa 18.000 hogares en cuatro a\u00f1os<\/a><\/h5>\r\n\t\t\t<ul class=\"post_details simple\"><li class=\"category\"><a class=\"category-95\" href=\"https:\/\/www.habitatinsulae.es\/ca\/category\/fonos-inversion-social\/\" title=\"View all posts filed under Fondos e Inversi\u00f3n Social\">Fondos e Inversi\u00f3n Social<\/a>, <a class=\"category-96\" href=\"https:\/\/www.habitatinsulae.es\/ca\/category\/politica\/\" title=\"View all posts filed under Pol\u00edtica\">Pol\u00edtica<\/a>, <a class=\"category-3\" href=\"https:\/\/www.habitatinsulae.es\/ca\/category\/vivienda\/\" title=\"View all posts filed under Vivienda\">Vivienda<\/a><\/li><li class=\"date\">04\/25\/2026<\/li>\r\n\t\t\t<\/ul><\/li><li class=\"post\">\r\n\t\t\t<a href=\"https:\/\/www.habitatinsulae.es\/ca\/el-gobierno-aprueba-plan-de-vivienda-con-7-000-millones\/\" title=\"El Gobierno aprueba plan de vivienda con 7.000 millones\" class=\"post_image clearfix\"><img decoding=\"async\" width=\"330\" height=\"242\" src=\"https:\/\/www.habitatinsulae.es\/wp-content\/uploads\/2026\/04\/imagen_2026-04-22_144225612-330x242.jpg\" class=\"attachment-blog-post-thumb size-blog-post-thumb wp-post-image\" alt=\"El Gobierno aprueba plan de vivienda con 7.000 millones\" title=\"\" srcset=\"https:\/\/www.habitatinsulae.es\/wp-content\/uploads\/2026\/04\/imagen_2026-04-22_144225612-330x242.jpg 330w, https:\/\/www.habitatinsulae.es\/wp-content\/uploads\/2026\/04\/imagen_2026-04-22_144225612-510x374.jpg 510w, https:\/\/www.habitatinsulae.es\/wp-content\/uploads\/2026\/04\/imagen_2026-04-22_144225612-130x95.jpg 130w\" sizes=\"(max-width: 330px) 100vw, 330px\" \/><\/a><h5><a href=\"https:\/\/www.habitatinsulae.es\/ca\/el-gobierno-aprueba-plan-de-vivienda-con-7-000-millones\/\" title=\"El Gobierno aprueba plan de vivienda con 7.000 millones\">El Gobierno aprueba plan de vivienda con 7.000 millones<\/a><\/h5>\r\n\t\t\t<ul class=\"post_details simple\"><li class=\"category\"><a class=\"category-95\" href=\"https:\/\/www.habitatinsulae.es\/ca\/category\/fonos-inversion-social\/\" title=\"View all posts filed under Fondos e Inversi\u00f3n Social\">Fondos e Inversi\u00f3n Social<\/a>, <a class=\"category-96\" href=\"https:\/\/www.habitatinsulae.es\/ca\/category\/politica\/\" title=\"View all posts filed under Pol\u00edtica\">Pol\u00edtica<\/a>, <a class=\"category-3\" href=\"https:\/\/www.habitatinsulae.es\/ca\/category\/vivienda\/\" title=\"View all posts filed under Vivienda\">Vivienda<\/a><\/li><li class=\"date\">04\/24\/2026<\/li>\r\n\t\t\t<\/ul><\/li><li class=\"post\">\r\n\t\t\t<a href=\"https:\/\/www.habitatinsulae.es\/ca\/el-plan-estatal-eleva-las-ayudas-hasta-102-000-e\/\" title=\"El plan estatal eleva las ayudas hasta 102.000 \u20ac\" class=\"post_image clearfix\"><img decoding=\"async\" width=\"330\" height=\"242\" src=\"https:\/\/www.habitatinsulae.es\/wp-content\/uploads\/2026\/04\/imagen_2026-04-22_141955538-330x242.jpg\" class=\"attachment-blog-post-thumb size-blog-post-thumb wp-post-image\" alt=\"El plan estatal eleva las ayudas hasta 102.000 \u20ac\" title=\"\" srcset=\"https:\/\/www.habitatinsulae.es\/wp-content\/uploads\/2026\/04\/imagen_2026-04-22_141955538-330x242.jpg 330w, https:\/\/www.habitatinsulae.es\/wp-content\/uploads\/2026\/04\/imagen_2026-04-22_141955538-510x374.jpg 510w, https:\/\/www.habitatinsulae.es\/wp-content\/uploads\/2026\/04\/imagen_2026-04-22_141955538-130x95.jpg 130w\" sizes=\"(max-width: 330px) 100vw, 330px\" \/><\/a><h5><a href=\"https:\/\/www.habitatinsulae.es\/ca\/el-plan-estatal-eleva-las-ayudas-hasta-102-000-e\/\" title=\"El plan estatal eleva las ayudas hasta 102.000 \u20ac\">El plan estatal eleva las ayudas hasta 102.000 \u20ac<\/a><\/h5>\r\n\t\t\t<ul class=\"post_details simple\"><li class=\"category\"><a class=\"category-95\" href=\"https:\/\/www.habitatinsulae.es\/ca\/category\/fonos-inversion-social\/\" title=\"View all posts filed under Fondos e Inversi\u00f3n Social\">Fondos e Inversi\u00f3n Social<\/a>, <a class=\"category-96\" href=\"https:\/\/www.habitatinsulae.es\/ca\/category\/politica\/\" title=\"View all posts filed under Pol\u00edtica\">Pol\u00edtica<\/a>, <a class=\"category-3\" href=\"https:\/\/www.habitatinsulae.es\/ca\/category\/vivienda\/\" title=\"View all posts filed under Vivienda\">Vivienda<\/a><\/li><li class=\"date\">04\/24\/2026<\/li>\r\n\t\t\t<\/ul><\/li><li class=\"post\">\r\n\t\t\t<a href=\"https:\/\/www.habitatinsulae.es\/ca\/vivienda-asequible-42-pisos-sociales-en-poblenou\/\" title=\"Vivienda asequible: 42 pisos sociales en Poblenou\" class=\"post_image clearfix\"><img decoding=\"async\" width=\"330\" height=\"242\" src=\"https:\/\/www.habitatinsulae.es\/wp-content\/uploads\/2026\/04\/imagen_2026-04-22_135958235-330x242.jpg\" class=\"attachment-blog-post-thumb size-blog-post-thumb wp-post-image\" alt=\"Vivienda asequible: 42 pisos sociales en Poblenou\" title=\"\" srcset=\"https:\/\/www.habitatinsulae.es\/wp-content\/uploads\/2026\/04\/imagen_2026-04-22_135958235-330x242.jpg 330w, https:\/\/www.habitatinsulae.es\/wp-content\/uploads\/2026\/04\/imagen_2026-04-22_135958235-510x374.jpg 510w, https:\/\/www.habitatinsulae.es\/wp-content\/uploads\/2026\/04\/imagen_2026-04-22_135958235-130x95.jpg 130w\" sizes=\"(max-width: 330px) 100vw, 330px\" \/><\/a><h5><a href=\"https:\/\/www.habitatinsulae.es\/ca\/vivienda-asequible-42-pisos-sociales-en-poblenou\/\" title=\"Vivienda asequible: 42 pisos sociales en Poblenou\">Vivienda asequible: 42 pisos sociales en Poblenou<\/a><\/h5>\r\n\t\t\t<ul class=\"post_details simple\"><li class=\"category\"><a class=\"category-2\" href=\"https:\/\/www.habitatinsulae.es\/ca\/category\/actualidad\/\" title=\"View all posts filed under Actualidad\">Actualidad<\/a>, <a class=\"category-61\" href=\"https:\/\/www.habitatinsulae.es\/ca\/category\/iniciativas\/\" title=\"View all posts filed under Iniciativas\">Iniciativas<\/a>, <a class=\"category-3\" href=\"https:\/\/www.habitatinsulae.es\/ca\/category\/vivienda\/\" title=\"View all posts filed under Vivienda\">Vivienda<\/a><\/li><li class=\"date\">04\/23\/2026<\/li>\r\n\t\t\t<\/ul><\/li><li class=\"post\">\r\n\t\t\t<a href=\"https:\/\/www.habitatinsulae.es\/ca\/vivienda-apcespana-ve-insuficiente-el-plan-2026-2030\/\" title=\"Vivienda: APCEspa\u00f1a ve insuficiente el plan 2026-2030\" class=\"post_image clearfix\"><img decoding=\"async\" width=\"330\" height=\"242\" src=\"https:\/\/www.habitatinsulae.es\/wp-content\/uploads\/2026\/04\/ChatGPT-Image-22-abr-2026-13_41_38-330x242.jpg\" class=\"attachment-blog-post-thumb size-blog-post-thumb wp-post-image\" alt=\"Vivienda: APCEspa\u00f1a ve insuficiente el plan 2026-2030\" title=\"\" srcset=\"https:\/\/www.habitatinsulae.es\/wp-content\/uploads\/2026\/04\/ChatGPT-Image-22-abr-2026-13_41_38-330x242.jpg 330w, https:\/\/www.habitatinsulae.es\/wp-content\/uploads\/2026\/04\/ChatGPT-Image-22-abr-2026-13_41_38-510x374.jpg 510w, https:\/\/www.habitatinsulae.es\/wp-content\/uploads\/2026\/04\/ChatGPT-Image-22-abr-2026-13_41_38-130x95.jpg 130w\" sizes=\"(max-width: 330px) 100vw, 330px\" \/><\/a><h5><a href=\"https:\/\/www.habitatinsulae.es\/ca\/vivienda-apcespana-ve-insuficiente-el-plan-2026-2030\/\" title=\"Vivienda: APCEspa\u00f1a ve insuficiente el plan 2026-2030\">Vivienda: APCEspa\u00f1a ve insuficiente el plan 2026-2030<\/a><\/h5>\r\n\t\t\t<ul class=\"post_details simple\"><li class=\"category\"><a class=\"category-95\" href=\"https:\/\/www.habitatinsulae.es\/ca\/category\/fonos-inversion-social\/\" title=\"View all posts filed under Fondos e Inversi\u00f3n Social\">Fondos e Inversi\u00f3n Social<\/a>, <a class=\"category-96\" href=\"https:\/\/www.habitatinsulae.es\/ca\/category\/politica\/\" title=\"View all posts filed under Pol\u00edtica\">Pol\u00edtica<\/a>, <a class=\"category-3\" href=\"https:\/\/www.habitatinsulae.es\/ca\/category\/vivienda\/\" title=\"View all posts filed under Vivienda\">Vivienda<\/a><\/li><li class=\"date\">04\/22\/2026<\/li>\r\n\t\t\t<\/ul><\/li><li class=\"post\">\r\n\t\t\t<a href=\"https:\/\/www.habitatinsulae.es\/ca\/la-vivienda-sale-de-la-cartera-de-inmocaixa\/\" title=\"La vivienda sale de la cartera de InmoCaixa\" class=\"post_image clearfix\"><img decoding=\"async\" width=\"330\" height=\"242\" src=\"https:\/\/www.habitatinsulae.es\/wp-content\/uploads\/2026\/04\/imagen_2026-04-17_124813505-330x242.jpg\" class=\"attachment-blog-post-thumb size-blog-post-thumb wp-post-image\" alt=\"La vivienda sale de la cartera de InmoCaixa\" title=\"\" srcset=\"https:\/\/www.habitatinsulae.es\/wp-content\/uploads\/2026\/04\/imagen_2026-04-17_124813505-330x242.jpg 330w, https:\/\/www.habitatinsulae.es\/wp-content\/uploads\/2026\/04\/imagen_2026-04-17_124813505-510x374.jpg 510w, https:\/\/www.habitatinsulae.es\/wp-content\/uploads\/2026\/04\/imagen_2026-04-17_124813505-130x95.jpg 130w\" sizes=\"(max-width: 330px) 100vw, 330px\" \/><\/a><h5><a href=\"https:\/\/www.habitatinsulae.es\/ca\/la-vivienda-sale-de-la-cartera-de-inmocaixa\/\" title=\"La vivienda sale de la cartera de InmoCaixa\">La vivienda sale de la cartera de InmoCaixa<\/a><\/h5>\r\n\t\t\t<ul class=\"post_details simple\"><li class=\"category\"><a class=\"category-2\" href=\"https:\/\/www.habitatinsulae.es\/ca\/category\/actualidad\/\" title=\"View all posts filed under Actualidad\">Actualidad<\/a>, <a class=\"category-3\" href=\"https:\/\/www.habitatinsulae.es\/ca\/category\/vivienda\/\" title=\"View all posts filed under Vivienda\">Vivienda<\/a><\/li><li class=\"date\">04\/17\/2026<\/li>\r\n\t\t\t<\/ul><\/li><\/ul><\/div><\/div><\/div><\/div><div class=\"vc_row wpb_row vc_row-fluid page_margin_top_section\"><div class=\"wpb_column vc_column_container vc_col-sm-8\"><div class=\"wpb_wrapper\"><h4 class=\"box_header\">Latest From Health<\/h4><div class=\"vc_row wpb_row vc_row-fluid\"><div class=\"vc_col-sm-6 wpb_column vc_column_container\"><ul class=\"blog clearfix\"><li class=\"post post-878 type-post status-publish format-standard has-post-thumbnail hentry category-iniciativas\"><a class=\"post_image\" href=\"https:\/\/www.habitatinsulae.es\/ca\/vivienda-prefabricada-de-dos-plantas-y-terraza-de-14-m%c2%b2\/\" title=\"Vivienda prefabricada de dos plantas y terraza de 14\u202fm\u00b2\"><img decoding=\"async\" width=\"330\" height=\"242\" src=\"https:\/\/www.habitatinsulae.es\/wp-content\/uploads\/2025\/07\/casa-prefabricada-2-plantas-y-terraza-330x242.jpg\" class=\"attachment-blog-post-thumb size-blog-post-thumb wp-post-image\" alt=\"Vivienda prefabricada de dos plantas y terraza de 14\u202fm\u00b2\" title=\"\" srcset=\"https:\/\/www.habitatinsulae.es\/wp-content\/uploads\/2025\/07\/casa-prefabricada-2-plantas-y-terraza-330x242.jpg 330w, https:\/\/www.habitatinsulae.es\/wp-content\/uploads\/2025\/07\/casa-prefabricada-2-plantas-y-terraza-510x374.jpg 510w, https:\/\/www.habitatinsulae.es\/wp-content\/uploads\/2025\/07\/casa-prefabricada-2-plantas-y-terraza-130x95.jpg 130w\" sizes=\"(max-width: 330px) 100vw, 330px\" \/><\/a><h2 class=\"clearfix with_number\"><a href=\"https:\/\/www.habitatinsulae.es\/ca\/vivienda-prefabricada-de-dos-plantas-y-terraza-de-14-m%c2%b2\/\" title=\"Vivienda prefabricada de dos plantas y terraza de 14\u202fm\u00b2\">Vivienda prefabricada de dos plantas y terraza de 14\u202fm\u00b2<\/a><a href=\"https:\/\/www.habitatinsulae.es\/ca\/vivienda-prefabricada-de-dos-plantas-y-terraza-de-14-m%c2%b2\/#respond\" title=\"0 comments\" class=\"comments_number\">0<span class=\"arrow_comments\"><\/span><\/a><\/h2><ul class=\"post_details\"><li class=\"category container-category-61\"><a class=\"category-61\" href=\"https:\/\/www.habitatinsulae.es\/ca\/category\/iniciativas\/\" title=\"View all posts filed under Iniciativas\">Iniciativas<\/a><\/li><li class=\"date\">07\/15\/2025<\/li><\/ul><p>La vivienda prefabricada de dos plantas, terraza de 14\u202fm\u00b2 y hasta cinco dormitorios, se consolida como alternativa asequible y moderna en Espa\u00f1a.<\/p>\n<a title=\"READ MORE\" href=\"https:\/\/www.habitatinsulae.es\/ca\/vivienda-prefabricada-de-dos-plantas-y-terraza-de-14-m%c2%b2\/\" class=\"read_more\"><span class=\"arrow\"><\/span><span>READ MORE<\/span><\/a><\/li><\/ul><a title=\"MORE FROM HEALTH\" href=\"http:\/\/quanticalabs.com\/wp_themes\/pressroom\/category\/health\/\" class=\"more page_margin_top\">MORE FROM HEALTH<\/a><\/div><\/div><\/div><\/div><div class=\"wpb_column vc_column_container vc_col-sm-4\"><div class=\"wpb_wrapper\">\n\t<div class=\"wpb_widgetised_column wpb_content_element clearfix\">\n\t\t<div class=\"wpb_wrapper\">\n\t\t\t\n\t\t\t<div id='categories-4' class='widget widget_categories clearfix page_margin_top_section'><h4 class='box_header'>Categorias<\/h4>\n\t\t\t<ul>\n\t\t\t\t\t<li class=\"cat-item cat-item-2\"><a href=\"https:\/\/www.habitatinsulae.es\/ca\/category\/actualidad\/\">Actualidad<\/a>\n<\/li>\n\t<li class=\"cat-item cat-item-94\"><a href=\"https:\/\/www.habitatinsulae.es\/ca\/category\/datos-analisis\/\">Datos y An\u00e1lisis<\/a>\n<\/li>\n\t<li class=\"cat-item cat-item-95\"><a href=\"https:\/\/www.habitatinsulae.es\/ca\/category\/fonos-inversion-social\/\">Fondos e Inversi\u00f3n Social<\/a>\n<\/li>\n\t<li class=\"cat-item cat-item-61\"><a href=\"https:\/\/www.habitatinsulae.es\/ca\/category\/iniciativas\/\">Iniciativas<\/a>\n<\/li>\n\t<li class=\"cat-item cat-item-160\"><a href=\"https:\/\/www.habitatinsulae.es\/ca\/category\/inversiones-de-impacto\/\">Inversiones de Impacto<\/a>\n<\/li>\n\t<li class=\"cat-item cat-item-60\"><a href=\"https:\/\/www.habitatinsulae.es\/ca\/category\/legislacion\/\">Legislaci\u00f3n<\/a>\n<\/li>\n\t<li class=\"cat-item cat-item-100\"><a href=\"https:\/\/www.habitatinsulae.es\/ca\/category\/opinion\/\">Opini\u00f3n<\/a>\n<\/li>\n\t<li class=\"cat-item cat-item-96\"><a href=\"https:\/\/www.habitatinsulae.es\/ca\/category\/politica\/\">Pol\u00edtica<\/a>\n<\/li>\n\t<li class=\"cat-item cat-item-3\"><a href=\"https:\/\/www.habitatinsulae.es\/ca\/category\/vivienda\/\">Vivienda<\/a>\n<ul class='children'>\n\t<li class=\"cat-item cat-item-156\"><a href=\"https:\/\/www.habitatinsulae.es\/ca\/category\/vivienda\/vivienda-social\/\">Vivienda Social<\/a>\n<\/li>\n<\/ul>\n<\/li>\n\t\t\t<\/ul>\n\n\t\t\t<\/div><div id='tag_cloud-2' class='widget widget_tag_cloud clearfix page_margin_top_section'><h4 class='box_header'>Etiquetes<\/h4><div class=\"tagcloud\"><a href=\"https:\/\/www.habitatinsulae.es\/ca\/tag\/alquiler-asequible\/\" class=\"tag-cloud-link tag-link-179 tag-link-position-1\" style=\"font-size: 20.272727272727pt;\" aria-label=\"Alquiler asequible (67 elements)\">Alquiler asequible<\/a>\n<a href=\"https:\/\/www.habitatinsulae.es\/ca\/tag\/andalucia\/\" class=\"tag-cloud-link tag-link-198 tag-link-position-2\" style=\"font-size: 10pt;\" aria-label=\"Andaluc\u00eda (4 elements)\">Andaluc\u00eda<\/a>\n<a href=\"https:\/\/www.habitatinsulae.es\/ca\/tag\/catalunya\/\" class=\"tag-cloud-link tag-link-162 tag-link-position-3\" style=\"font-size: 10.727272727273pt;\" aria-label=\"Catalunya (5 elements)\">Catalunya<\/a>\n<a href=\"https:\/\/www.habitatinsulae.es\/ca\/tag\/construccion\/\" class=\"tag-cloud-link tag-link-187 tag-link-position-4\" style=\"font-size: 10.727272727273pt;\" aria-label=\"Construcci\u00f3n (5 elements)\">Construcci\u00f3n<\/a>\n<a href=\"https:\/\/www.habitatinsulae.es\/ca\/tag\/control-alquiler-turistico\/\" class=\"tag-cloud-link tag-link-174 tag-link-position-5\" style=\"font-size: 15.636363636364pt;\" aria-label=\"control alquiler tur\u00edstico (20 elements)\">control alquiler tur\u00edstico<\/a>\n<a href=\"https:\/\/www.habitatinsulae.es\/ca\/tag\/economia\/\" class=\"tag-cloud-link tag-link-163 tag-link-position-6\" style=\"font-size: 18.090909090909pt;\" aria-label=\"Econom\u00eda (38 elements)\">Econom\u00eda<\/a>\n<a href=\"https:\/\/www.habitatinsulae.es\/ca\/tag\/energia\/\" class=\"tag-cloud-link tag-link-225 tag-link-position-7\" style=\"font-size: 10.727272727273pt;\" aria-label=\"Energ\u00eda (5 elements)\">Energ\u00eda<\/a>\n<a href=\"https:\/\/www.habitatinsulae.es\/ca\/tag\/fondos\/\" class=\"tag-cloud-link tag-link-143 tag-link-position-8\" style=\"font-size: 8pt;\" aria-label=\"Fondos (2 elements)\">Fondos<\/a>\n<a href=\"https:\/\/www.habitatinsulae.es\/ca\/tag\/fondos-europeos\/\" class=\"tag-cloud-link tag-link-210 tag-link-position-9\" style=\"font-size: 8pt;\" aria-label=\"Fondos europeos (2 elements)\">Fondos europeos<\/a>\n<a href=\"https:\/\/www.habitatinsulae.es\/ca\/tag\/galicia\/\" class=\"tag-cloud-link tag-link-203 tag-link-position-10\" style=\"font-size: 8pt;\" aria-label=\"Galicia (2 elements)\">Galicia<\/a>\n<a href=\"https:\/\/www.habitatinsulae.es\/ca\/tag\/genivs\/\" class=\"tag-cloud-link tag-link-166 tag-link-position-11\" style=\"font-size: 15.636363636364pt;\" aria-label=\"genivs (20 elements)\">genivs<\/a>\n<a href=\"https:\/\/www.habitatinsulae.es\/ca\/tag\/ine-pisos-turisticos\/\" class=\"tag-cloud-link tag-link-171 tag-link-position-12\" style=\"font-size: 15.636363636364pt;\" aria-label=\"INE pisos tur\u00edsticos (20 elements)\">INE pisos tur\u00edsticos<\/a>\n<a href=\"https:\/\/www.habitatinsulae.es\/ca\/tag\/inmobiliario\/\" class=\"tag-cloud-link tag-link-231 tag-link-position-13\" style=\"font-size: 10pt;\" aria-label=\"Inmobiliario (4 elements)\">Inmobiliario<\/a>\n<a href=\"https:\/\/www.habitatinsulae.es\/ca\/tag\/innovacion\/\" class=\"tag-cloud-link tag-link-182 tag-link-position-14\" style=\"font-size: 17.454545454545pt;\" aria-label=\"Innovaci\u00f3n (32 elements)\">Innovaci\u00f3n<\/a>\n<a href=\"https:\/\/www.habitatinsulae.es\/ca\/tag\/inversion\/\" class=\"tag-cloud-link tag-link-144 tag-link-position-15\" style=\"font-size: 9.0909090909091pt;\" aria-label=\"Inversi\u00f3n (3 elements)\">Inversi\u00f3n<\/a>\n<a href=\"https:\/\/www.habitatinsulae.es\/ca\/tag\/inversion-inmobiliaria\/\" class=\"tag-cloud-link tag-link-235 tag-link-position-16\" style=\"font-size: 9.0909090909091pt;\" aria-label=\"Inversi\u00f3n inmobiliaria (3 elements)\">Inversi\u00f3n inmobiliaria<\/a>\n<a href=\"https:\/\/www.habitatinsulae.es\/ca\/tag\/inversion-social\/\" class=\"tag-cloud-link tag-link-181 tag-link-position-17\" style=\"font-size: 19.454545454545pt;\" aria-label=\"Inversi\u00f3n social (54 elements)\">Inversi\u00f3n social<\/a>\n<a href=\"https:\/\/www.habitatinsulae.es\/ca\/tag\/jovenes\/\" class=\"tag-cloud-link tag-link-177 tag-link-position-18\" style=\"font-size: 16.181818181818pt;\" aria-label=\"j\u00f3venes (23 elements)\">j\u00f3venes<\/a>\n<a href=\"https:\/\/www.habitatinsulae.es\/ca\/tag\/madrid\/\" class=\"tag-cloud-link tag-link-192 tag-link-position-19\" style=\"font-size: 12.727272727273pt;\" aria-label=\"Madrid (9 elements)\">Madrid<\/a>\n<a href=\"https:\/\/www.habitatinsulae.es\/ca\/tag\/mercado-inmobiliario\/\" class=\"tag-cloud-link tag-link-164 tag-link-position-20\" style=\"font-size: 16.636363636364pt;\" aria-label=\"Mercado inmobiliario (26 elements)\">Mercado inmobiliario<\/a>\n<a href=\"https:\/\/www.habitatinsulae.es\/ca\/tag\/mercado-inmobiliario-espana\/\" class=\"tag-cloud-link tag-link-173 tag-link-position-21\" style=\"font-size: 15.636363636364pt;\" aria-label=\"mercado inmobiliario Espa\u00f1a (20 elements)\">mercado inmobiliario Espa\u00f1a<\/a>\n<a href=\"https:\/\/www.habitatinsulae.es\/ca\/tag\/malaga\/\" class=\"tag-cloud-link tag-link-220 tag-link-position-22\" style=\"font-size: 8pt;\" aria-label=\"M\u00e1laga (2 elements)\">M\u00e1laga<\/a>\n<a href=\"https:\/\/www.habitatinsulae.es\/ca\/tag\/normativa-pisos-turisticos\/\" class=\"tag-cloud-link tag-link-170 tag-link-position-23\" style=\"font-size: 15.636363636364pt;\" aria-label=\"normativa pisos tur\u00edsticos (20 elements)\">normativa pisos tur\u00edsticos<\/a>\n<a href=\"https:\/\/www.habitatinsulae.es\/ca\/tag\/pisos-turisticos-espana\/\" class=\"tag-cloud-link tag-link-168 tag-link-position-24\" style=\"font-size: 15.636363636364pt;\" aria-label=\"pisos tur\u00edsticos Espa\u00f1a (20 elements)\">pisos tur\u00edsticos Espa\u00f1a<\/a>\n<a href=\"https:\/\/www.habitatinsulae.es\/ca\/tag\/politica\/\" class=\"tag-cloud-link tag-link-150 tag-link-position-25\" style=\"font-size: 17.818181818182pt;\" aria-label=\"Pol\u00edtica (35 elements)\">Pol\u00edtica<\/a>\n<a href=\"https:\/\/www.habitatinsulae.es\/ca\/tag\/politica-de-vivienda\/\" class=\"tag-cloud-link tag-link-215 tag-link-position-26\" style=\"font-size: 10pt;\" aria-label=\"Pol\u00edtica de vivienda (4 elements)\">Pol\u00edtica de vivienda<\/a>\n<a href=\"https:\/\/www.habitatinsulae.es\/ca\/tag\/politica-municipal\/\" class=\"tag-cloud-link tag-link-238 tag-link-position-27\" style=\"font-size: 11.818181818182pt;\" aria-label=\"Pol\u00edtica Municipal (7 elements)\">Pol\u00edtica Municipal<\/a>\n<a href=\"https:\/\/www.habitatinsulae.es\/ca\/tag\/politica-regional\/\" class=\"tag-cloud-link tag-link-221 tag-link-position-28\" style=\"font-size: 8pt;\" aria-label=\"Pol\u00edtica Regional (2 elements)\">Pol\u00edtica Regional<\/a>\n<a href=\"https:\/\/www.habitatinsulae.es\/ca\/tag\/politicas-publicas\/\" class=\"tag-cloud-link tag-link-193 tag-link-position-29\" style=\"font-size: 11.818181818182pt;\" aria-label=\"Pol\u00edticas P\u00fablicas (7 elements)\">Pol\u00edticas P\u00fablicas<\/a>\n<a href=\"https:\/\/www.habitatinsulae.es\/ca\/tag\/registro-alquiler-turistico\/\" class=\"tag-cloud-link tag-link-167 tag-link-position-30\" style=\"font-size: 15.636363636364pt;\" aria-label=\"registro alquiler tur\u00edstico (20 elements)\">registro alquiler tur\u00edstico<\/a>\n<a href=\"https:\/\/www.habitatinsulae.es\/ca\/tag\/registro-unico-vivienda-turistica\/\" class=\"tag-cloud-link tag-link-175 tag-link-position-31\" style=\"font-size: 15.636363636364pt;\" aria-label=\"registro \u00fanico vivienda tur\u00edstica (20 elements)\">registro \u00fanico vivienda tur\u00edstica<\/a>\n<a href=\"https:\/\/www.habitatinsulae.es\/ca\/tag\/regulacion-alquiler-vacacional\/\" class=\"tag-cloud-link tag-link-172 tag-link-position-32\" style=\"font-size: 15.636363636364pt;\" aria-label=\"regulaci\u00f3n alquiler vacacional (20 elements)\">regulaci\u00f3n alquiler vacacional<\/a>\n<a href=\"https:\/\/www.habitatinsulae.es\/ca\/tag\/sector-inmobiliario\/\" class=\"tag-cloud-link tag-link-229 tag-link-position-33\" style=\"font-size: 8pt;\" aria-label=\"Sector inmobiliario (2 elements)\">Sector inmobiliario<\/a>\n<a href=\"https:\/\/www.habitatinsulae.es\/ca\/tag\/sociedad\/\" class=\"tag-cloud-link tag-link-165 tag-link-position-34\" style=\"font-size: 16.363636363636pt;\" aria-label=\"Sociedad (24 elements)\">Sociedad<\/a>\n<a href=\"https:\/\/www.habitatinsulae.es\/ca\/tag\/sostenibilidad\/\" class=\"tag-cloud-link tag-link-232 tag-link-position-35\" style=\"font-size: 10pt;\" aria-label=\"Sostenibilidad (4 elements)\">Sostenibilidad<\/a>\n<a href=\"https:\/\/www.habitatinsulae.es\/ca\/tag\/union-europea\/\" class=\"tag-cloud-link tag-link-206 tag-link-position-36\" style=\"font-size: 10.727272727273pt;\" aria-label=\"Uni\u00f3n Europea (5 elements)\">Uni\u00f3n Europea<\/a>\n<a href=\"https:\/\/www.habitatinsulae.es\/ca\/tag\/urbanismo\/\" class=\"tag-cloud-link tag-link-212 tag-link-position-37\" style=\"font-size: 14.090909090909pt;\" aria-label=\"Urbanismo (13 elements)\">Urbanismo<\/a>\n<a href=\"https:\/\/www.habitatinsulae.es\/ca\/tag\/valencia\/\" class=\"tag-cloud-link tag-link-218 tag-link-position-38\" style=\"font-size: 11.363636363636pt;\" aria-label=\"Val\u00e8ncia (6 elements)\">Val\u00e8ncia<\/a>\n<a href=\"https:\/\/www.habitatinsulae.es\/ca\/tag\/viveinda\/\" class=\"tag-cloud-link tag-link-176 tag-link-position-39\" style=\"font-size: 15.272727272727pt;\" aria-label=\"viveinda (18 elements)\">viveinda<\/a>\n<a href=\"https:\/\/www.habitatinsulae.es\/ca\/tag\/vivienda\/\" class=\"tag-cloud-link tag-link-145 tag-link-position-40\" style=\"font-size: 22pt;\" aria-label=\"Vivienda (104 elements)\">Vivienda<\/a>\n<a href=\"https:\/\/www.habitatinsulae.es\/ca\/tag\/vivienda-asequible\/\" class=\"tag-cloud-link tag-link-228 tag-link-position-41\" style=\"font-size: 8pt;\" aria-label=\"Vivienda asequible (2 elements)\">Vivienda asequible<\/a>\n<a href=\"https:\/\/www.habitatinsulae.es\/ca\/tag\/vivienda-protegida\/\" class=\"tag-cloud-link tag-link-178 tag-link-position-42\" style=\"font-size: 18.727272727273pt;\" aria-label=\"Vivienda protegida (45 elements)\">Vivienda protegida<\/a>\n<a href=\"https:\/\/www.habitatinsulae.es\/ca\/tag\/vivienda-social\/\" class=\"tag-cloud-link tag-link-146 tag-link-position-43\" style=\"font-size: 10pt;\" aria-label=\"Vivienda Social (4 elements)\">Vivienda Social<\/a>\n<a href=\"https:\/\/www.habitatinsulae.es\/ca\/tag\/viviendas-vacacionales\/\" class=\"tag-cloud-link tag-link-169 tag-link-position-44\" style=\"font-size: 15.636363636364pt;\" aria-label=\"viviendas vacacionales (20 elements)\">viviendas vacacionales<\/a>\n<a href=\"https:\/\/www.habitatinsulae.es\/ca\/tag\/zaragoza\/\" class=\"tag-cloud-link tag-link-180 tag-link-position-45\" style=\"font-size: 8pt;\" aria-label=\"Zaragoza (2 elements)\">Zaragoza<\/a><\/div>\n<\/div>\n\t\t<\/div>\n\t<\/div>\n<\/div><\/div><\/div>\n<\/div>","protected":false},"excerpt":{"rendered":"La vivienda prefabricada triunfa en Espa\u00f1a: dos plantas, cinco dormitorios y terraza Este tipo de casas revoluciona el mercado prefabricado en Espa\u00f1a En un contexto de mercado inmobiliario tensionado por precios elevados, la vivienda prefabricada se ha convertido en una alternativa cada vez m\u00e1s atractiva. El modelo, destaca por su estructura de dos plantas, una","protected":false},"author":1,"featured_media":0,"parent":0,"menu_order":0,"comment_status":"open","ping_status":"open","template":"template-default-without-breadcrumbs.php","meta":{"footnotes":""},"class_list":["post-371","page","type-page","status-publish","hentry"],"aioseo_notices":[],"_wp_attached_file":null,"_wp_attachment_metadata":null,"cmsmasters_profile_title":null,"cmsmasters_profile_details_title":null,"cmsmasters_profile_social":null,"cmsmasters_profile_features":null,"cmsmasters_profile_features_one":null,"cmsmasters_profile_features_two":null,"cmsmasters_profile_features_three":null,"cmsmasters_profile_sharing_box":null,"cmsmasters_profile_read_more":null,"cmsmasters_profile_subtitle":null,"cmsmasters_profile_featured_image":null,"cmsmasters_project_columns":null,"cmsmasters_project_video_type":null,"cmsmasters_project_video_links":null,"cmsmasters_project_title":null,"cmsmasters_project_size":null,"cmsmasters_project_details_title":null,"cmsmasters_project_features":null,"cmsmasters_project_link_text":null,"cmsmasters_project_link_redirect":null,"cmsmasters_project_link_target":null,"cmsmasters_project_features_one":null,"cmsmasters_project_features_two":null,"cmsmasters_project_features_three":null,"cmsmasters_project_sharing_box":null,"cmsmasters_project_author_box":null,"cmsmasters_project_more_posts":null,"cmsmasters_project_project_options":null,"cmsmasters_project_read_more":null,"cmsmasters_project_images":null,"cmsmasters_project_image_show":null,"_oembed_b1ccef4f7d7ec9ee9f363a917754e485":null,"_oembed_time_b1ccef4f7d7ec9ee9f363a917754e485":null,"_oembed_94f7d3c89c139230786a25858f781fe7":null,"_oembed_time_94f7d3c89c139230786a25858f781fe7":null,"_oembed_0902e555d5b62bccd72f45d83d98b16e":null,"_oembed_time_0902e555d5b62bccd72f45d83d98b16e":null,"cmsmasters_project_puzzle_image":null,"_wp_attachment_context":null,"_eael_custom_js":null,"_menu_item_type":null,"_menu_item_menu_item_parent":null,"_menu_item_object_id":null,"_menu_item_object":null,"_menu_item_target":null,"_menu_item_classes":null,"_menu_item_xfn":null,"_menu_item_url":null,"_wp_page_template":"template-default-without-breadcrumbs.php","_wpb_vc_js_interface_version":"2","vc_teaser":{"data":"[{\"name\":\"title\",\"link\":\"post\"},{\"name\":\"image\",\"image\":\"featured\",\"link\":\"none\"},{\"name\":\"text\",\"mode\":\"excerpt\"}]","bgcolor":""},"_post_restored_from":null,"pressroom_review_average":null,"before_widget":null,"after_widget":null,"before_title":null,"after_title":null,"hidden":null,"_wp_attachment_image_alt":null,"rank_math_primary_category":null,"rank_math_seo_score":null,"rank_math_contentai_score":null,"rank_math_title":null,"rank_math_schema_article":null,"rank_math_shortcode_schema_s-687fa54b292b3":null,"rank_math_description":null,"rank_math_focus_keyword":null,"om_disable_all_campaigns":null,"original-file":null,"smush-complete":null,"smush-info":null,"smush-stats":null,"_monsterinsights_sitenote_active":null,"_yoast_wpseo_primary_category":null,"_yoast_wpseo_content_score":null,"_yoast_wpseo_estimated-reading-time-minutes":null,"_yoast_wpseo_metadesc":null,"_cmplz_scanned_post":null,"_aioseop_title":null,"_aioseop_description":null,"_aioseop_keywords":null,"_wpb_post_custom_seo_settings":null,"_wpb_post_custom_css":null,"enclosure":null,"_oembed_917c769c7dbf5d57ddaf9c4330ca4b4f":null,"_elementor_edit_mode":null,"_elementor_template_type":null,"cmsmasters_shortcodes_custom_css":null,"cmsmasters_post_image_show":null,"cmsmasters_post_image_link":null,"cmsmasters_post_images":null,"cmsmasters_post_video_type":null,"cmsmasters_post_video_link":null,"cmsmasters_post_video_links":null,"cmsmasters_post_audio_links":null,"cmsmasters_post_title":null,"cmsmasters_post_sharing_box":null,"cmsmasters_post_author_box":null,"cmsmasters_post_more_posts":null,"cmsmasters_post_read_more":null,"cmsmasters_page_scheme":null,"cmsmasters_layout":null,"cmsmasters_sidebar_id":null,"cmsmasters_bottom_sidebar":null,"cmsmasters_bottom_sidebar_id":null,"cmsmasters_bottom_sidebar_layout":null,"cmsmasters_bg_default":null,"cmsmasters_bg_col":null,"cmsmasters_bg_img_enable":null,"cmsmasters_bg_img":null,"cmsmasters_bg_rep":null,"cmsmasters_bg_pos":null,"cmsmasters_bg_att":null,"cmsmasters_bg_size":null,"cmsmasters_heading":null,"cmsmasters_heading_title":null,"cmsmasters_heading_subtitle":null,"cmsmasters_heading_icon":null,"cmsmasters_heading_alignment":null,"cmsmasters_heading_scheme":null,"cmsmasters_heading_bg_img_enable":null,"cmsmasters_heading_bg_img":null,"cmsmasters_heading_bg_rep":null,"cmsmasters_heading_bg_att":null,"cmsmasters_heading_bg_size":null,"cmsmasters_heading_bg_color":null,"cmsmasters_heading_height":null,"cmsmasters_breadcrumbs":null,"cmsmasters_composer_show":null,"cmsmasters_gutenberg_show":null,"cmsmasters_composer_fullscreen":null,"slide_template":null,"_wp_old_slug":null,"cmsmasters_likes":null,"_thumbnail_id":null,"_elementor_version":null,"_elementor_pro_version":null,"_elementor_data":null,"_wpb_vc_editor_type":"classic","_wpb_vc_js_status":"true","pressroom_primary_category":"","pressroom_featured_caption":"","pressroom_featured_caption_author":"","pressroom_video_url":"","pressroom_post_url":"","pressroom_quote_text":"","pressroom_quote_author":"","pressroom_audio_url":"","social_icon_type":[],"social_icon_url":"","social_icon_target":"","pressroom_attachment_ids":"","pressroom_images":[],"pressroom_images_titles":"","pressroom_images_descriptions":"","pressroom_videos":"","pressroom_iframes":"","pressroom_is_review":"","pressroom_points_scale":"","pressroom_review_label":[],"pressroom_review_value":[],"pressroom_review_title":"","pressroom_review_description":"","page_sidebar_header":"","page_sidebar_top":"","page_sidebar_right":"","page_sidebar_footer_top":"647","page_sidebar_footer_bottom":"648","pressroom_page_sidebars":["647","648"],"_vc_post_settings":{"vc_grid":[]},"post_views_count":null,"_edit_last":null,"_edit_lock":null,"_wpb_post_custom_layout":null,"rank_math_internal_links_processed":null,"footnotes":null,"_wp_old_date":null,"_aioseo_title":null,"_aioseo_description":null,"_aioseo_keywords":null,"_aioseo_og_title":null,"_aioseo_og_description":null,"_aioseo_og_article_section":null,"_aioseo_og_article_tags":null,"_aioseo_twitter_title":null,"_aioseo_twitter_description":null,"_cdp_origin":null,"_cdp_origin_site":null,"_cdp_origin_title":null,"_cdp_counter":null,"cmplz_hide_cookiebanner":null,"_links":{"self":[{"href":"https:\/\/www.habitatinsulae.es\/ca\/wp-json\/wp\/v2\/pages\/371","targetHints":{"allow":["GET"]}}],"collection":[{"href":"https:\/\/www.habitatinsulae.es\/ca\/wp-json\/wp\/v2\/pages"}],"about":[{"href":"https:\/\/www.habitatinsulae.es\/ca\/wp-json\/wp\/v2\/types\/page"}],"author":[{"embeddable":true,"href":"https:\/\/www.habitatinsulae.es\/ca\/wp-json\/wp\/v2\/users\/1"}],"replies":[{"embeddable":true,"href":"https:\/\/www.habitatinsulae.es\/ca\/wp-json\/wp\/v2\/comments?post=371"}],"version-history":[{"count":0,"href":"https:\/\/www.habitatinsulae.es\/ca\/wp-json\/wp\/v2\/pages\/371\/revisions"}],"wp:attachment":[{"href":"https:\/\/www.habitatinsulae.es\/ca\/wp-json\/wp\/v2\/media?parent=371"}],"curies":[{"name":"wp","href":"https:\/\/api.w.org\/{rel}","templated":true}]}}