




{"id":263,"date":"2015-01-09T13:03:58","date_gmt":"2015-01-09T13:03:58","guid":{"rendered":"http:\/\/localhost\/wordpress\/pressroom\/?page_id=263"},"modified":"2015-01-09T13:03:58","modified_gmt":"2015-01-09T13:03:58","slug":"about-style-2","status":"publish","type":"page","link":"https:\/\/www.habitatinsulae.es\/ca\/about-style-2\/","title":{"rendered":"About Style 2"},"content":{"rendered":"<div class=\"wpb-content-wrapper\"><div class=\"vc_row wpb_row vc_row-fluid\"><div class=\"wpb_column vc_column_container vc_col-sm-12\"><div class=\"wpb_wrapper\"><div class=\"divider_block clearfix\"><hr class=\"divider first\"><hr class=\"divider subheader_arrow\"><hr class=\"divider last\"><\/div><\/div><\/div><\/div><div class=\"vc_row wpb_row vc_row-fluid page_margin_top\"><div class=\"wpb_column vc_column_container vc_col-sm-4\"><div class=\"wpb_wrapper\"><div class=\"item_content clearfix\"><span title=\"Engaging Oppurtunities\" class=\"features_icon speaker animated_element animation-scale\"><\/span><div class=\"text\"><h3>Engaging Oppurtunities<\/h3><p>Maecenas mauris elementum, est morbi interdum cursus at elite imperdiet libero. Proin odios nulla.<\/p><\/div><\/div><\/div><\/div><div class=\"center_align wpb_column vc_column_container vc_col-sm-4\"><div class=\"wpb_wrapper\"><div class=\"clearfix\"><h1 class=\"about_title\">The Trusted Choice for<\/h1><h2 class=\"about_subtitle\">Daily News<\/h2><\/div><\/div><\/div><div class=\"wpb_column vc_column_container vc_col-sm-4\"><div class=\"wpb_wrapper\"><div class=\"item_content clearfix\"><span title=\"Rankings and Ratings\" class=\"features_icon faq animated_element animation-scale\"><\/span><div class=\"text\"><h3>Rankings and Ratings<\/h3><p>Maecenas mauris elementum, est morbi interdum cursus at elite imperdiet libero. Proin odios nulla.<\/p><\/div><\/div><\/div><\/div><\/div><div class=\"vc_row wpb_row vc_row-fluid page_margin_top\"><div class=\"border_top wpb_column vc_column_container vc_col-sm-4\"><div class=\"wpb_wrapper\"><div class=\"page_margin_top\"><div class=\"item_content clearfix\"><span title=\"Engaging Oppurtunities\" class=\"features_icon screen animated_element animation-scale\"><\/span><div class=\"text\"><h3>Engaging Oppurtunities<\/h3><p>Maecenas mauris elementum, est morbi interdum cursus at elite imperdiet libero. Proin odios nulla.<\/p><\/div><\/div><\/div><\/div><\/div><div class=\"border_top wpb_column vc_column_container vc_col-sm-4\"><div class=\"wpb_wrapper\"><div class=\"page_margin_top\"><div class=\"item_content clearfix\"><span title=\"Source of Daily News\" class=\"features_icon document animated_element animation-scale\"><\/span><div class=\"text\"><h3>Source of Daily News<\/h3><p>Maecenas mauris elementum, est morbi interdum cursus at elite imperdiet libero. Proin odios nulla.<\/p><\/div><\/div><\/div><\/div><\/div><div class=\"border_top wpb_column vc_column_container vc_col-sm-4\"><div class=\"wpb_wrapper\"><div class=\"page_margin_top\"><div class=\"item_content clearfix\"><span title=\"Rankings and Ratings\" class=\"features_icon laptop animated_element animation-scale\"><\/span><div class=\"text\"><h3>Rankings and Ratings<\/h3><p>Maecenas mauris elementum, est morbi interdum cursus at elite imperdiet libero. Proin odios nulla.<\/p><\/div><\/div><\/div><\/div><\/div><\/div><div class=\"vc_row wpb_row vc_row-fluid\"><div class=\"wpb_column vc_column_container vc_col-sm-12\"><div class=\"wpb_wrapper\"><h4 class=\"box_header page_margin_top_section\">Top Posts<\/h4><div class=\"clearfix tabs no_scroll small margin_top_10\" data-interval=\"0\">\n\t\t\t<ul class=\"tabs_navigation clearfix\"><li><a href=\"#most-recent\" class=\"\">Most Recent<\/a><\/li><li><a href=\"#most-read\" class=\"\">Most Read<\/a><\/li><li><a href=\"#most-commented\" class=\"\">Most Commented<\/a><\/li><\/ul>\n\n\t\t\t\n\t\t\t<div id=\"most-recent\" class=\"wpb_tab\">\n\t\t\t\t<div class=\"horizontal_carousel_container clearfix page_margin_top\"><ul class=\"blog horizontal_carousel visible-4 autoplay-0 pause_on_hover-1 scroll-1\"><li class=\"post\">\r\n\t\t\t<a href=\"https:\/\/www.habitatinsulae.es\/ca\/vivienda-madrid-impulsa-18-000-hogares-en-cuatro-anos\/\" title=\"Vivienda: Madrid impulsa 18.000 hogares en cuatro a\u00f1os\" class=\"post_image clearfix\"><img decoding=\"async\" width=\"330\" height=\"242\" src=\"https:\/\/www.habitatinsulae.es\/wp-content\/uploads\/2026\/04\/imagen_2026-04-22_145155092-330x242.jpg\" class=\"attachment-blog-post-thumb size-blog-post-thumb wp-post-image\" alt=\"Vivienda: Madrid impulsa 18.000 hogares en cuatro a\u00f1os\" title=\"\" srcset=\"https:\/\/www.habitatinsulae.es\/wp-content\/uploads\/2026\/04\/imagen_2026-04-22_145155092-330x242.jpg 330w, https:\/\/www.habitatinsulae.es\/wp-content\/uploads\/2026\/04\/imagen_2026-04-22_145155092-510x374.jpg 510w, https:\/\/www.habitatinsulae.es\/wp-content\/uploads\/2026\/04\/imagen_2026-04-22_145155092-130x95.jpg 130w\" sizes=\"(max-width: 330px) 100vw, 330px\" \/><\/a><h5><span class=\"number\">1.<\/span><a href=\"https:\/\/www.habitatinsulae.es\/ca\/vivienda-madrid-impulsa-18-000-hogares-en-cuatro-anos\/\" title=\"Vivienda: Madrid impulsa 18.000 hogares en cuatro a\u00f1os\">Vivienda: Madrid impulsa 18.000 hogares en cuatro a\u00f1os<\/a><\/h5>\r\n\t\t\t<ul class=\"post_details simple\"><li class=\"category\"><a class=\"category-95\" href=\"https:\/\/www.habitatinsulae.es\/ca\/category\/fonos-inversion-social\/\" title=\"View all posts filed under Fondos e Inversi\u00f3n Social\">Fondos e Inversi\u00f3n Social<\/a>, <a class=\"category-96\" href=\"https:\/\/www.habitatinsulae.es\/ca\/category\/politica\/\" title=\"View all posts filed under Pol\u00edtica\">Pol\u00edtica<\/a>, <a class=\"category-3\" href=\"https:\/\/www.habitatinsulae.es\/ca\/category\/vivienda\/\" title=\"View all posts filed under Vivienda\">Vivienda<\/a><\/li><li class=\"date\">04\/25\/2026<\/li>\r\n\t\t\t<\/ul><\/li><li class=\"post\">\r\n\t\t\t<a href=\"https:\/\/www.habitatinsulae.es\/ca\/el-gobierno-aprueba-plan-de-vivienda-con-7-000-millones\/\" title=\"El Gobierno aprueba plan de vivienda con 7.000 millones\" class=\"post_image clearfix\"><img decoding=\"async\" width=\"330\" height=\"242\" src=\"https:\/\/www.habitatinsulae.es\/wp-content\/uploads\/2026\/04\/imagen_2026-04-22_144225612-330x242.jpg\" class=\"attachment-blog-post-thumb size-blog-post-thumb wp-post-image\" alt=\"El Gobierno aprueba plan de vivienda con 7.000 millones\" title=\"\" srcset=\"https:\/\/www.habitatinsulae.es\/wp-content\/uploads\/2026\/04\/imagen_2026-04-22_144225612-330x242.jpg 330w, https:\/\/www.habitatinsulae.es\/wp-content\/uploads\/2026\/04\/imagen_2026-04-22_144225612-510x374.jpg 510w, https:\/\/www.habitatinsulae.es\/wp-content\/uploads\/2026\/04\/imagen_2026-04-22_144225612-130x95.jpg 130w\" sizes=\"(max-width: 330px) 100vw, 330px\" \/><\/a><h5><span class=\"number\">2.<\/span><a href=\"https:\/\/www.habitatinsulae.es\/ca\/el-gobierno-aprueba-plan-de-vivienda-con-7-000-millones\/\" title=\"El Gobierno aprueba plan de vivienda con 7.000 millones\">El Gobierno aprueba plan de vivienda con 7.000 millones<\/a><\/h5>\r\n\t\t\t<ul class=\"post_details simple\"><li class=\"category\"><a class=\"category-95\" href=\"https:\/\/www.habitatinsulae.es\/ca\/category\/fonos-inversion-social\/\" title=\"View all posts filed under Fondos e Inversi\u00f3n Social\">Fondos e Inversi\u00f3n Social<\/a>, <a class=\"category-96\" href=\"https:\/\/www.habitatinsulae.es\/ca\/category\/politica\/\" title=\"View all posts filed under Pol\u00edtica\">Pol\u00edtica<\/a>, <a class=\"category-3\" href=\"https:\/\/www.habitatinsulae.es\/ca\/category\/vivienda\/\" title=\"View all posts filed under Vivienda\">Vivienda<\/a><\/li><li class=\"date\">04\/24\/2026<\/li>\r\n\t\t\t<\/ul><\/li><li class=\"post\">\r\n\t\t\t<a href=\"https:\/\/www.habitatinsulae.es\/ca\/el-plan-estatal-eleva-las-ayudas-hasta-102-000-e\/\" title=\"El plan estatal eleva las ayudas hasta 102.000 \u20ac\" class=\"post_image clearfix\"><img decoding=\"async\" width=\"330\" height=\"242\" src=\"https:\/\/www.habitatinsulae.es\/wp-content\/uploads\/2026\/04\/imagen_2026-04-22_141955538-330x242.jpg\" class=\"attachment-blog-post-thumb size-blog-post-thumb wp-post-image\" alt=\"El plan estatal eleva las ayudas hasta 102.000 \u20ac\" title=\"\" srcset=\"https:\/\/www.habitatinsulae.es\/wp-content\/uploads\/2026\/04\/imagen_2026-04-22_141955538-330x242.jpg 330w, https:\/\/www.habitatinsulae.es\/wp-content\/uploads\/2026\/04\/imagen_2026-04-22_141955538-510x374.jpg 510w, https:\/\/www.habitatinsulae.es\/wp-content\/uploads\/2026\/04\/imagen_2026-04-22_141955538-130x95.jpg 130w\" sizes=\"(max-width: 330px) 100vw, 330px\" \/><\/a><h5><span class=\"number\">3.<\/span><a href=\"https:\/\/www.habitatinsulae.es\/ca\/el-plan-estatal-eleva-las-ayudas-hasta-102-000-e\/\" title=\"El plan estatal eleva las ayudas hasta 102.000 \u20ac\">El plan estatal eleva las ayudas hasta 102.000 \u20ac<\/a><\/h5>\r\n\t\t\t<ul class=\"post_details simple\"><li class=\"category\"><a class=\"category-95\" href=\"https:\/\/www.habitatinsulae.es\/ca\/category\/fonos-inversion-social\/\" title=\"View all posts filed under Fondos e Inversi\u00f3n Social\">Fondos e Inversi\u00f3n Social<\/a>, <a class=\"category-96\" href=\"https:\/\/www.habitatinsulae.es\/ca\/category\/politica\/\" title=\"View all posts filed under Pol\u00edtica\">Pol\u00edtica<\/a>, <a class=\"category-3\" href=\"https:\/\/www.habitatinsulae.es\/ca\/category\/vivienda\/\" title=\"View all posts filed under Vivienda\">Vivienda<\/a><\/li><li class=\"date\">04\/24\/2026<\/li>\r\n\t\t\t<\/ul><\/li><li class=\"post\">\r\n\t\t\t<a href=\"https:\/\/www.habitatinsulae.es\/ca\/vivienda-asequible-42-pisos-sociales-en-poblenou\/\" title=\"Vivienda asequible: 42 pisos sociales en Poblenou\" class=\"post_image clearfix\"><img decoding=\"async\" width=\"330\" height=\"242\" src=\"https:\/\/www.habitatinsulae.es\/wp-content\/uploads\/2026\/04\/imagen_2026-04-22_135958235-330x242.jpg\" class=\"attachment-blog-post-thumb size-blog-post-thumb wp-post-image\" alt=\"Vivienda asequible: 42 pisos sociales en Poblenou\" title=\"\" srcset=\"https:\/\/www.habitatinsulae.es\/wp-content\/uploads\/2026\/04\/imagen_2026-04-22_135958235-330x242.jpg 330w, https:\/\/www.habitatinsulae.es\/wp-content\/uploads\/2026\/04\/imagen_2026-04-22_135958235-510x374.jpg 510w, https:\/\/www.habitatinsulae.es\/wp-content\/uploads\/2026\/04\/imagen_2026-04-22_135958235-130x95.jpg 130w\" sizes=\"(max-width: 330px) 100vw, 330px\" \/><\/a><h5><span class=\"number\">4.<\/span><a href=\"https:\/\/www.habitatinsulae.es\/ca\/vivienda-asequible-42-pisos-sociales-en-poblenou\/\" title=\"Vivienda asequible: 42 pisos sociales en Poblenou\">Vivienda asequible: 42 pisos sociales en Poblenou<\/a><\/h5>\r\n\t\t\t<ul class=\"post_details simple\"><li class=\"category\"><a class=\"category-2\" href=\"https:\/\/www.habitatinsulae.es\/ca\/category\/actualidad\/\" title=\"View all posts filed under Actualidad\">Actualidad<\/a>, <a class=\"category-61\" href=\"https:\/\/www.habitatinsulae.es\/ca\/category\/iniciativas\/\" title=\"View all posts filed under Iniciativas\">Iniciativas<\/a>, <a class=\"category-3\" href=\"https:\/\/www.habitatinsulae.es\/ca\/category\/vivienda\/\" title=\"View all posts filed under Vivienda\">Vivienda<\/a><\/li><li class=\"date\">04\/23\/2026<\/li>\r\n\t\t\t<\/ul><\/li><li class=\"post\">\r\n\t\t\t<a href=\"https:\/\/www.habitatinsulae.es\/ca\/vivienda-apcespana-ve-insuficiente-el-plan-2026-2030\/\" title=\"Vivienda: APCEspa\u00f1a ve insuficiente el plan 2026-2030\" class=\"post_image clearfix\"><img decoding=\"async\" width=\"330\" height=\"242\" src=\"https:\/\/www.habitatinsulae.es\/wp-content\/uploads\/2026\/04\/ChatGPT-Image-22-abr-2026-13_41_38-330x242.jpg\" class=\"attachment-blog-post-thumb size-blog-post-thumb wp-post-image\" alt=\"Vivienda: APCEspa\u00f1a ve insuficiente el plan 2026-2030\" title=\"\" srcset=\"https:\/\/www.habitatinsulae.es\/wp-content\/uploads\/2026\/04\/ChatGPT-Image-22-abr-2026-13_41_38-330x242.jpg 330w, https:\/\/www.habitatinsulae.es\/wp-content\/uploads\/2026\/04\/ChatGPT-Image-22-abr-2026-13_41_38-510x374.jpg 510w, https:\/\/www.habitatinsulae.es\/wp-content\/uploads\/2026\/04\/ChatGPT-Image-22-abr-2026-13_41_38-130x95.jpg 130w\" sizes=\"(max-width: 330px) 100vw, 330px\" \/><\/a><h5><span class=\"number\">5.<\/span><a href=\"https:\/\/www.habitatinsulae.es\/ca\/vivienda-apcespana-ve-insuficiente-el-plan-2026-2030\/\" title=\"Vivienda: APCEspa\u00f1a ve insuficiente el plan 2026-2030\">Vivienda: APCEspa\u00f1a ve insuficiente el plan 2026-2030<\/a><\/h5>\r\n\t\t\t<ul class=\"post_details simple\"><li class=\"category\"><a class=\"category-95\" href=\"https:\/\/www.habitatinsulae.es\/ca\/category\/fonos-inversion-social\/\" title=\"View all posts filed under Fondos e Inversi\u00f3n Social\">Fondos e Inversi\u00f3n Social<\/a>, <a class=\"category-96\" href=\"https:\/\/www.habitatinsulae.es\/ca\/category\/politica\/\" title=\"View all posts filed under Pol\u00edtica\">Pol\u00edtica<\/a>, <a class=\"category-3\" href=\"https:\/\/www.habitatinsulae.es\/ca\/category\/vivienda\/\" title=\"View all posts filed under Vivienda\">Vivienda<\/a><\/li><li class=\"date\">04\/22\/2026<\/li>\r\n\t\t\t<\/ul><\/li><li class=\"post\">\r\n\t\t\t<a href=\"https:\/\/www.habitatinsulae.es\/ca\/la-vivienda-sale-de-la-cartera-de-inmocaixa\/\" title=\"La vivienda sale de la cartera de InmoCaixa\" class=\"post_image clearfix\"><img decoding=\"async\" width=\"330\" height=\"242\" src=\"https:\/\/www.habitatinsulae.es\/wp-content\/uploads\/2026\/04\/imagen_2026-04-17_124813505-330x242.jpg\" class=\"attachment-blog-post-thumb size-blog-post-thumb wp-post-image\" alt=\"La vivienda sale de la cartera de InmoCaixa\" title=\"\" srcset=\"https:\/\/www.habitatinsulae.es\/wp-content\/uploads\/2026\/04\/imagen_2026-04-17_124813505-330x242.jpg 330w, https:\/\/www.habitatinsulae.es\/wp-content\/uploads\/2026\/04\/imagen_2026-04-17_124813505-510x374.jpg 510w, https:\/\/www.habitatinsulae.es\/wp-content\/uploads\/2026\/04\/imagen_2026-04-17_124813505-130x95.jpg 130w\" sizes=\"(max-width: 330px) 100vw, 330px\" \/><\/a><h5><span class=\"number\">6.<\/span><a href=\"https:\/\/www.habitatinsulae.es\/ca\/la-vivienda-sale-de-la-cartera-de-inmocaixa\/\" title=\"La vivienda sale de la cartera de InmoCaixa\">La vivienda sale de la cartera de InmoCaixa<\/a><\/h5>\r\n\t\t\t<ul class=\"post_details simple\"><li class=\"category\"><a class=\"category-2\" href=\"https:\/\/www.habitatinsulae.es\/ca\/category\/actualidad\/\" title=\"View all posts filed under Actualidad\">Actualidad<\/a>, <a class=\"category-3\" href=\"https:\/\/www.habitatinsulae.es\/ca\/category\/vivienda\/\" title=\"View all posts filed under Vivienda\">Vivienda<\/a><\/li><li class=\"date\">04\/17\/2026<\/li>\r\n\t\t\t<\/ul><\/li><\/ul><\/div>\n\t\t\t<\/div> \n\t\t\t<div id=\"most-read\" class=\"wpb_tab\">\n\t\t\t\t<div class=\"horizontal_carousel_container clearfix page_margin_top\"><ul class=\"blog horizontal_carousel visible-4 autoplay-0 pause_on_hover-1 scroll-1\"><li class=\"post\">\r\n\t\t\t<a href=\"https:\/\/www.habitatinsulae.es\/ca\/genivs-lanza-el-primer-fondo-de-alto-impacto-social-en-vivienda-para-jovenes-en-espana\/\" title=\"GENIVS lanza el primer fondo de alto impacto social en vivienda para j\u00f3venes en Espa\u00f1a\" class=\"post_image clearfix\"><img decoding=\"async\" width=\"330\" height=\"242\" src=\"https:\/\/www.habitatinsulae.es\/wp-content\/uploads\/2025\/09\/Socios-Fundadores-de-Genivs-330x242.jpg\" class=\"attachment-blog-post-thumb size-blog-post-thumb wp-post-image\" alt=\"GENIVS lanza el primer fondo de alto impacto social en vivienda para j\u00f3venes en Espa\u00f1a\" title=\"\" srcset=\"https:\/\/www.habitatinsulae.es\/wp-content\/uploads\/2025\/09\/Socios-Fundadores-de-Genivs-330x242.jpg 330w, https:\/\/www.habitatinsulae.es\/wp-content\/uploads\/2025\/09\/Socios-Fundadores-de-Genivs-16x12.jpg 16w, https:\/\/www.habitatinsulae.es\/wp-content\/uploads\/2025\/09\/Socios-Fundadores-de-Genivs-510x374.jpg 510w, https:\/\/www.habitatinsulae.es\/wp-content\/uploads\/2025\/09\/Socios-Fundadores-de-Genivs-130x95.jpg 130w\" sizes=\"(max-width: 330px) 100vw, 330px\" \/><\/a><h5><span class=\"number\">1.<\/span><a href=\"https:\/\/www.habitatinsulae.es\/ca\/genivs-lanza-el-primer-fondo-de-alto-impacto-social-en-vivienda-para-jovenes-en-espana\/\" title=\"GENIVS lanza el primer fondo de alto impacto social en vivienda para j\u00f3venes en Espa\u00f1a\">GENIVS lanza el primer fondo de alto impacto social en vivienda para j\u00f3venes en Espa\u00f1a<\/a><\/h5>\r\n\t\t\t<ul class=\"post_details simple\"><li class=\"category\"><a class=\"category-3\" href=\"https:\/\/www.habitatinsulae.es\/ca\/category\/vivienda\/\" title=\"View all posts filed under Vivienda\">Vivienda<\/a>, <a class=\"category-156\" href=\"https:\/\/www.habitatinsulae.es\/ca\/category\/vivienda\/vivienda-social\/\" title=\"View all posts filed under Vivienda Social\">Vivienda Social<\/a><\/li><li class=\"date\">09\/30\/2025<\/li>\r\n\t\t\t<\/ul><\/li><li class=\"post\">\r\n\t\t\t<a href=\"https:\/\/www.habitatinsulae.es\/ca\/las-capitales-espanolas-lideran-la-demanda-de-viviendas\/\" title=\"Las capitales espa\u00f1olas lideran la demanda de vivienda\" class=\"post_image clearfix\"><img decoding=\"async\" width=\"330\" height=\"242\" src=\"https:\/\/www.habitatinsulae.es\/wp-content\/uploads\/2015\/03\/Proyecto-de-Aedas-330x242.jpg\" class=\"attachment-blog-post-thumb size-blog-post-thumb wp-post-image\" alt=\"Las capitales espa\u00f1olas lideran la demanda de vivienda\" title=\"\" srcset=\"https:\/\/www.habitatinsulae.es\/wp-content\/uploads\/2015\/03\/Proyecto-de-Aedas-330x242.jpg 330w, https:\/\/www.habitatinsulae.es\/wp-content\/uploads\/2015\/03\/Proyecto-de-Aedas-510x374.jpg 510w, https:\/\/www.habitatinsulae.es\/wp-content\/uploads\/2015\/03\/Proyecto-de-Aedas-130x95.jpg 130w\" sizes=\"(max-width: 330px) 100vw, 330px\" \/><\/a><h5><span class=\"number\">2.<\/span><a href=\"https:\/\/www.habitatinsulae.es\/ca\/las-capitales-espanolas-lideran-la-demanda-de-viviendas\/\" title=\"Las capitales espa\u00f1olas lideran la demanda de vivienda\">Las capitales espa\u00f1olas lideran la demanda de vivienda<\/a><\/h5>\r\n\t\t\t<ul class=\"post_details simple\"><li class=\"category container-category-3\"><a class=\"category-3\" href=\"https:\/\/www.habitatinsulae.es\/ca\/category\/vivienda\/\" title=\"View all posts filed under Vivienda\">Vivienda<\/a><\/li><li class=\"date\">07\/27\/2025<\/li>\r\n\t\t\t<\/ul><\/li><li class=\"post\">\r\n\t\t\t<a href=\"https:\/\/www.habitatinsulae.es\/ca\/ico-impulsa-10000-viviendas-sociales-con-550-me\/\" title=\"ICO impulsa 10.000 viviendas sociales con 550 M\u20ac\" class=\"post_image clearfix\"><img decoding=\"async\" width=\"330\" height=\"242\" src=\"https:\/\/www.habitatinsulae.es\/wp-content\/uploads\/2015\/07\/ico-y-10000-viviendas--330x242.jpg\" class=\"attachment-blog-post-thumb size-blog-post-thumb wp-post-image\" alt=\"ICO impulsa 10.000 viviendas sociales con 550 M\u20ac\" title=\"\" srcset=\"https:\/\/www.habitatinsulae.es\/wp-content\/uploads\/2015\/07\/ico-y-10000-viviendas--330x242.jpg 330w, https:\/\/www.habitatinsulae.es\/wp-content\/uploads\/2015\/07\/ico-y-10000-viviendas--510x374.jpg 510w, https:\/\/www.habitatinsulae.es\/wp-content\/uploads\/2015\/07\/ico-y-10000-viviendas--130x95.jpg 130w\" sizes=\"(max-width: 330px) 100vw, 330px\" \/><\/a><h5><span class=\"number\">3.<\/span><a href=\"https:\/\/www.habitatinsulae.es\/ca\/ico-impulsa-10000-viviendas-sociales-con-550-me\/\" title=\"ICO impulsa 10.000 viviendas sociales con 550 M\u20ac\">ICO impulsa 10.000 viviendas sociales con 550 M\u20ac<\/a><\/h5>\r\n\t\t\t<ul class=\"post_details simple\"><li class=\"category container-category-95\"><a class=\"category-95\" href=\"https:\/\/www.habitatinsulae.es\/ca\/category\/fonos-inversion-social\/\" title=\"View all posts filed under Fondos e Inversi\u00f3n Social\">Fondos e Inversi\u00f3n Social<\/a><\/li><li class=\"date\">07\/10\/2025<\/li>\r\n\t\t\t<\/ul><\/li><li class=\"post\">\r\n\t\t\t<a href=\"https:\/\/www.habitatinsulae.es\/ca\/el-precio-de-la-vivienda-nueva-en-madrid-roza-los-5-000-e-m-2\/\" title=\"El Precio de la vivienda nueva en Madrid roza los 5\u202f000\u202f\u20ac \/ m\u00b2\" class=\"post_image clearfix\"><img decoding=\"async\" width=\"330\" height=\"242\" src=\"https:\/\/www.habitatinsulae.es\/wp-content\/uploads\/2025\/07\/el-precio-de-la-vivienda-en-madrid-330x242.jpg\" class=\"attachment-blog-post-thumb size-blog-post-thumb wp-post-image\" alt=\"El Precio de la vivienda nueva en Madrid roza los 5\u202f000\u202f\u20ac \/ m\u00b2\" title=\"\" srcset=\"https:\/\/www.habitatinsulae.es\/wp-content\/uploads\/2025\/07\/el-precio-de-la-vivienda-en-madrid-330x242.jpg 330w, https:\/\/www.habitatinsulae.es\/wp-content\/uploads\/2025\/07\/el-precio-de-la-vivienda-en-madrid-510x374.jpg 510w, https:\/\/www.habitatinsulae.es\/wp-content\/uploads\/2025\/07\/el-precio-de-la-vivienda-en-madrid-130x95.jpg 130w\" sizes=\"(max-width: 330px) 100vw, 330px\" \/><\/a><h5><span class=\"number\">4.<\/span><a href=\"https:\/\/www.habitatinsulae.es\/ca\/el-precio-de-la-vivienda-nueva-en-madrid-roza-los-5-000-e-m-2\/\" title=\"El Precio de la vivienda nueva en Madrid roza los 5\u202f000\u202f\u20ac \/ m\u00b2\">El Precio de la vivienda nueva en Madrid roza los 5\u202f000\u202f\u20ac \/ m\u00b2<\/a><\/h5>\r\n\t\t\t<ul class=\"post_details simple\"><li class=\"category container-category-94\"><a class=\"category-94\" href=\"https:\/\/www.habitatinsulae.es\/ca\/category\/datos-analisis\/\" title=\"View all posts filed under Datos y An\u00e1lisis\">Datos y An\u00e1lisis<\/a><\/li><li class=\"date\">07\/05\/2025<\/li>\r\n\t\t\t<\/ul><\/li><li class=\"post\">\r\n\t\t\t<a href=\"https:\/\/www.habitatinsulae.es\/ca\/metropolitan-house-presenta-un-estudio-pionero-sobre-industrializacion-para-acelerar-el-acceso-a-la-vivienda-asequible-y-sostenible-2\/\" title=\"Metropolitan House presenta un estudio pionero sobre industrializaci\u00f3n para acelerar el acceso a la vivienda asequible y sostenible\" class=\"post_image clearfix\"><img decoding=\"async\" width=\"330\" height=\"242\" src=\"https:\/\/www.habitatinsulae.es\/wp-content\/uploads\/2025\/08\/2.MH_-330x242.jpg\" class=\"attachment-blog-post-thumb size-blog-post-thumb wp-post-image\" alt=\"Metropolitan House presenta un estudio pionero sobre industrializaci\u00f3n para acelerar el acceso a la vivienda asequible y sostenible\" title=\"\" srcset=\"https:\/\/www.habitatinsulae.es\/wp-content\/uploads\/2025\/08\/2.MH_-330x242.jpg 330w, https:\/\/www.habitatinsulae.es\/wp-content\/uploads\/2025\/08\/2.MH_-16x12.jpg 16w, https:\/\/www.habitatinsulae.es\/wp-content\/uploads\/2025\/08\/2.MH_-510x374.jpg 510w, https:\/\/www.habitatinsulae.es\/wp-content\/uploads\/2025\/08\/2.MH_-130x95.jpg 130w\" sizes=\"(max-width: 330px) 100vw, 330px\" \/><\/a><h5><span class=\"number\">5.<\/span><a href=\"https:\/\/www.habitatinsulae.es\/ca\/metropolitan-house-presenta-un-estudio-pionero-sobre-industrializacion-para-acelerar-el-acceso-a-la-vivienda-asequible-y-sostenible-2\/\" title=\"Metropolitan House presenta un estudio pionero sobre industrializaci\u00f3n para acelerar el acceso a la vivienda asequible y sostenible\">Metropolitan House presenta un estudio pionero sobre industrializaci\u00f3n para acelerar el acceso a la vivienda asequible y sostenible<\/a><\/h5>\r\n\t\t\t<ul class=\"post_details simple\"><li class=\"category container-category-2\"><a class=\"category-2\" href=\"https:\/\/www.habitatinsulae.es\/ca\/category\/actualidad\/\" title=\"View all posts filed under Actualidad\">Actualidad<\/a><\/li><li class=\"date\">08\/06\/2025<\/li>\r\n\t\t\t<\/ul><\/li><li class=\"post\">\r\n\t\t\t<a href=\"https:\/\/www.habitatinsulae.es\/ca\/el-gobierno-impulsa-13000-viviendas-publicas-en-2025\/\" title=\"El Gobierno impulsa 13.000 viviendas p\u00fablicas en 2025\" class=\"post_image clearfix\"><img decoding=\"async\" width=\"330\" height=\"242\" src=\"https:\/\/www.habitatinsulae.es\/wp-content\/uploads\/2015\/06\/Mercado-de-la-vivienda-330x242.jpg\" class=\"attachment-blog-post-thumb size-blog-post-thumb wp-post-image\" alt=\"El Gobierno impulsa 13.000 viviendas p\u00fablicas en 2025\" title=\"\" srcset=\"https:\/\/www.habitatinsulae.es\/wp-content\/uploads\/2015\/06\/Mercado-de-la-vivienda-330x242.jpg 330w, https:\/\/www.habitatinsulae.es\/wp-content\/uploads\/2015\/06\/Mercado-de-la-vivienda-510x374.jpg 510w, https:\/\/www.habitatinsulae.es\/wp-content\/uploads\/2015\/06\/Mercado-de-la-vivienda-130x95.jpg 130w\" sizes=\"(max-width: 330px) 100vw, 330px\" \/><\/a><h5><span class=\"number\">6.<\/span><a href=\"https:\/\/www.habitatinsulae.es\/ca\/el-gobierno-impulsa-13000-viviendas-publicas-en-2025\/\" title=\"El Gobierno impulsa 13.000 viviendas p\u00fablicas en 2025\">El Gobierno impulsa 13.000 viviendas p\u00fablicas en 2025<\/a><\/h5>\r\n\t\t\t<ul class=\"post_details simple\"><li class=\"category container-category-96\"><a class=\"category-96\" href=\"https:\/\/www.habitatinsulae.es\/ca\/category\/politica\/\" title=\"View all posts filed under Pol\u00edtica\">Pol\u00edtica<\/a><\/li><li class=\"date\">07\/15\/2025<\/li>\r\n\t\t\t<\/ul><\/li><\/ul><\/div>\n\t\t\t<\/div> \n\t\t\t<div id=\"most-commented\" class=\"wpb_tab\">\n\t\t\t\t<div class=\"horizontal_carousel_container clearfix page_margin_top\"><ul class=\"blog horizontal_carousel visible-4 autoplay-0 pause_on_hover-1 scroll-1\"><li class=\"post\">\r\n\t\t\t<a href=\"https:\/\/www.habitatinsulae.es\/ca\/un-nuevo-modelo-de-inversion-de-impacto-para-transformar-el-acceso-a-la-vivienda-en-espana\/\" title=\"Un nuevo modelo de inversi\u00f3n de impacto para transformar el acceso a la vivienda en Espa\u00f1a\" class=\"post_image clearfix\"><img decoding=\"async\" width=\"330\" height=\"242\" src=\"https:\/\/www.habitatinsulae.es\/wp-content\/uploads\/2025\/07\/Primera-inversion-FIS-330x242.jpg\" class=\"attachment-blog-post-thumb size-blog-post-thumb wp-post-image\" alt=\"Un nuevo modelo de inversi\u00f3n de impacto para transformar el acceso a la vivienda en Espa\u00f1a\" title=\"\" srcset=\"https:\/\/www.habitatinsulae.es\/wp-content\/uploads\/2025\/07\/Primera-inversion-FIS-330x242.jpg 330w, https:\/\/www.habitatinsulae.es\/wp-content\/uploads\/2025\/07\/Primera-inversion-FIS-510x374.jpg 510w, https:\/\/www.habitatinsulae.es\/wp-content\/uploads\/2025\/07\/Primera-inversion-FIS-130x95.jpg 130w\" sizes=\"(max-width: 330px) 100vw, 330px\" \/><\/a><h5><span class=\"number\">1.<\/span><a href=\"https:\/\/www.habitatinsulae.es\/ca\/un-nuevo-modelo-de-inversion-de-impacto-para-transformar-el-acceso-a-la-vivienda-en-espana\/\" title=\"Un nuevo modelo de inversi\u00f3n de impacto para transformar el acceso a la vivienda en Espa\u00f1a\">Un nuevo modelo de inversi\u00f3n de impacto para transformar el acceso a la vivienda en Espa\u00f1a<\/a><\/h5>\r\n\t\t\t<ul class=\"post_details simple\"><li class=\"category container-category-160\"><a class=\"category-160\" href=\"https:\/\/www.habitatinsulae.es\/ca\/category\/inversiones-de-impacto\/\" title=\"View all posts filed under Inversiones de Impacto\">Inversiones de Impacto<\/a><\/li><li class=\"date\">08\/05\/2025<\/li>\r\n\t\t\t<\/ul><\/li><li class=\"post\">\r\n\t\t\t<a href=\"https:\/\/www.habitatinsulae.es\/ca\/genivs-lanza-el-primer-fondo-de-alto-impacto-social-en-vivienda-para-jovenes-en-espana\/\" title=\"GENIVS lanza el primer fondo de alto impacto social en vivienda para j\u00f3venes en Espa\u00f1a\" class=\"post_image clearfix\"><img decoding=\"async\" width=\"330\" height=\"242\" src=\"https:\/\/www.habitatinsulae.es\/wp-content\/uploads\/2025\/09\/Socios-Fundadores-de-Genivs-330x242.jpg\" class=\"attachment-blog-post-thumb size-blog-post-thumb wp-post-image\" alt=\"GENIVS lanza el primer fondo de alto impacto social en vivienda para j\u00f3venes en Espa\u00f1a\" title=\"\" srcset=\"https:\/\/www.habitatinsulae.es\/wp-content\/uploads\/2025\/09\/Socios-Fundadores-de-Genivs-330x242.jpg 330w, https:\/\/www.habitatinsulae.es\/wp-content\/uploads\/2025\/09\/Socios-Fundadores-de-Genivs-16x12.jpg 16w, https:\/\/www.habitatinsulae.es\/wp-content\/uploads\/2025\/09\/Socios-Fundadores-de-Genivs-510x374.jpg 510w, https:\/\/www.habitatinsulae.es\/wp-content\/uploads\/2025\/09\/Socios-Fundadores-de-Genivs-130x95.jpg 130w\" sizes=\"(max-width: 330px) 100vw, 330px\" \/><\/a><h5><span class=\"number\">2.<\/span><a href=\"https:\/\/www.habitatinsulae.es\/ca\/genivs-lanza-el-primer-fondo-de-alto-impacto-social-en-vivienda-para-jovenes-en-espana\/\" title=\"GENIVS lanza el primer fondo de alto impacto social en vivienda para j\u00f3venes en Espa\u00f1a\">GENIVS lanza el primer fondo de alto impacto social en vivienda para j\u00f3venes en Espa\u00f1a<\/a><\/h5>\r\n\t\t\t<ul class=\"post_details simple\"><li class=\"category\"><a class=\"category-3\" href=\"https:\/\/www.habitatinsulae.es\/ca\/category\/vivienda\/\" title=\"View all posts filed under Vivienda\">Vivienda<\/a>, <a class=\"category-156\" href=\"https:\/\/www.habitatinsulae.es\/ca\/category\/vivienda\/vivienda-social\/\" title=\"View all posts filed under Vivienda Social\">Vivienda Social<\/a><\/li><li class=\"date\">09\/30\/2025<\/li>\r\n\t\t\t<\/ul><\/li><li class=\"post\">\r\n\t\t\t<a href=\"https:\/\/www.habitatinsulae.es\/ca\/ue-prioridad-vivienda-2025\/\" title=\"La vivienda, prioridad dom\u00e9stica en la UE\" class=\"post_image clearfix\"><img decoding=\"async\" width=\"330\" height=\"242\" src=\"https:\/\/www.habitatinsulae.es\/wp-content\/uploads\/2025\/09\/La-vivienda-entra-en-la-agenda-prioritaria-de-la-UE-330x242.jpeg\" class=\"attachment-blog-post-thumb size-blog-post-thumb wp-post-image\" alt=\"La vivienda, prioridad dom\u00e9stica en la UE\" title=\"\" srcset=\"https:\/\/www.habitatinsulae.es\/wp-content\/uploads\/2025\/09\/La-vivienda-entra-en-la-agenda-prioritaria-de-la-UE-330x242.jpeg 330w, https:\/\/www.habitatinsulae.es\/wp-content\/uploads\/2025\/09\/La-vivienda-entra-en-la-agenda-prioritaria-de-la-UE-510x374.jpeg 510w, https:\/\/www.habitatinsulae.es\/wp-content\/uploads\/2025\/09\/La-vivienda-entra-en-la-agenda-prioritaria-de-la-UE-130x95.jpeg 130w\" sizes=\"(max-width: 330px) 100vw, 330px\" \/><\/a><h5><span class=\"number\">3.<\/span><a href=\"https:\/\/www.habitatinsulae.es\/ca\/ue-prioridad-vivienda-2025\/\" title=\"La vivienda, prioridad dom\u00e9stica en la UE\">La vivienda, prioridad dom\u00e9stica en la UE<\/a><\/h5>\r\n\t\t\t<ul class=\"post_details simple\"><li class=\"category container-category-96\"><a class=\"category-96\" href=\"https:\/\/www.habitatinsulae.es\/ca\/category\/politica\/\" title=\"View all posts filed under Pol\u00edtica\">Pol\u00edtica<\/a><\/li><li class=\"date\">09\/15\/2025<\/li>\r\n\t\t\t<\/ul><\/li><li class=\"post\">\r\n\t\t\t<a href=\"https:\/\/www.habitatinsulae.es\/ca\/plan-suma-vivienda-madrid-licita-600-pisos\/\" title=\"Plan Suma Vivienda Madrid licita 600 pisos\" class=\"post_image clearfix\"><img decoding=\"async\" width=\"330\" height=\"242\" src=\"https:\/\/www.habitatinsulae.es\/wp-content\/uploads\/2015\/06\/Mercado-de-la-vivienda-330x242.jpg\" class=\"attachment-blog-post-thumb size-blog-post-thumb wp-post-image\" alt=\"Plan Suma Vivienda Madrid licita 600 pisos\" title=\"\" srcset=\"https:\/\/www.habitatinsulae.es\/wp-content\/uploads\/2015\/06\/Mercado-de-la-vivienda-330x242.jpg 330w, https:\/\/www.habitatinsulae.es\/wp-content\/uploads\/2015\/06\/Mercado-de-la-vivienda-510x374.jpg 510w, https:\/\/www.habitatinsulae.es\/wp-content\/uploads\/2015\/06\/Mercado-de-la-vivienda-130x95.jpg 130w\" sizes=\"(max-width: 330px) 100vw, 330px\" \/><\/a><h5><span class=\"number\">4.<\/span><a href=\"https:\/\/www.habitatinsulae.es\/ca\/plan-suma-vivienda-madrid-licita-600-pisos\/\" title=\"Plan Suma Vivienda Madrid licita 600 pisos\">Plan Suma Vivienda Madrid licita 600 pisos<\/a><\/h5>\r\n\t\t\t<ul class=\"post_details simple\"><li class=\"category container-category-3\"><a class=\"category-3\" href=\"https:\/\/www.habitatinsulae.es\/ca\/category\/vivienda\/\" title=\"View all posts filed under Vivienda\">Vivienda<\/a><\/li><li class=\"date\">11\/05\/2025<\/li>\r\n\t\t\t<\/ul><\/li><li class=\"post\">\r\n\t\t\t<a href=\"https:\/\/www.habitatinsulae.es\/ca\/plan-estatal-de-vivienda-2026-2030\/\" title=\"Plan Estatal de Vivienda 2026-2030\" class=\"post_image clearfix\"><img decoding=\"async\" width=\"330\" height=\"242\" src=\"https:\/\/www.habitatinsulae.es\/wp-content\/uploads\/2025\/09\/plan-estatal-de-vivienda-2026-2030-330x242.jpg\" class=\"attachment-blog-post-thumb size-blog-post-thumb wp-post-image\" alt=\"Plan Estatal de Vivienda 2026-2030\" title=\"\" srcset=\"https:\/\/www.habitatinsulae.es\/wp-content\/uploads\/2025\/09\/plan-estatal-de-vivienda-2026-2030-330x242.jpg 330w, https:\/\/www.habitatinsulae.es\/wp-content\/uploads\/2025\/09\/plan-estatal-de-vivienda-2026-2030-510x374.jpg 510w, https:\/\/www.habitatinsulae.es\/wp-content\/uploads\/2025\/09\/plan-estatal-de-vivienda-2026-2030-130x95.jpg 130w\" sizes=\"(max-width: 330px) 100vw, 330px\" \/><\/a><h5><span class=\"number\">5.<\/span><a href=\"https:\/\/www.habitatinsulae.es\/ca\/plan-estatal-de-vivienda-2026-2030\/\" title=\"Plan Estatal de Vivienda 2026-2030\">Plan Estatal de Vivienda 2026-2030<\/a><\/h5>\r\n\t\t\t<ul class=\"post_details simple\"><li class=\"category\"><a class=\"category-2\" href=\"https:\/\/www.habitatinsulae.es\/ca\/category\/actualidad\/\" title=\"View all posts filed under Actualidad\">Actualidad<\/a>, <a class=\"category-3\" href=\"https:\/\/www.habitatinsulae.es\/ca\/category\/vivienda\/\" title=\"View all posts filed under Vivienda\">Vivienda<\/a><\/li><li class=\"date\">09\/17\/2025<\/li>\r\n\t\t\t<\/ul><\/li><li class=\"post\">\r\n\t\t\t<a href=\"https:\/\/www.habitatinsulae.es\/ca\/nuevo-registro-estatal-frena-el-boom-de-pisos-turisticos-casi-la-mitad-de-solicitudes-rechazadas-este-verano\/\" title=\"Nuevo registro estatal frena el boom de pisos tur\u00edsticos: casi la mitad de solicitudes rechazadas este verano\" class=\"post_image clearfix\"><img decoding=\"async\" width=\"330\" height=\"242\" src=\"https:\/\/www.habitatinsulae.es\/wp-content\/uploads\/2025\/09\/apartamentos-de-alquiler-330x242.jpg\" class=\"attachment-blog-post-thumb size-blog-post-thumb wp-post-image\" alt=\"Nuevo registro estatal frena el boom de pisos tur\u00edsticos: casi la mitad de solicitudes rechazadas este verano\" title=\"\" srcset=\"https:\/\/www.habitatinsulae.es\/wp-content\/uploads\/2025\/09\/apartamentos-de-alquiler-330x242.jpg 330w, https:\/\/www.habitatinsulae.es\/wp-content\/uploads\/2025\/09\/apartamentos-de-alquiler-18x12.jpg 18w, https:\/\/www.habitatinsulae.es\/wp-content\/uploads\/2025\/09\/apartamentos-de-alquiler-510x374.jpg 510w, https:\/\/www.habitatinsulae.es\/wp-content\/uploads\/2025\/09\/apartamentos-de-alquiler-130x95.jpg 130w\" sizes=\"(max-width: 330px) 100vw, 330px\" \/><\/a><h5><span class=\"number\">6.<\/span><a href=\"https:\/\/www.habitatinsulae.es\/ca\/nuevo-registro-estatal-frena-el-boom-de-pisos-turisticos-casi-la-mitad-de-solicitudes-rechazadas-este-verano\/\" title=\"Nuevo registro estatal frena el boom de pisos tur\u00edsticos: casi la mitad de solicitudes rechazadas este verano\">Nuevo registro estatal frena el boom de pisos tur\u00edsticos: casi la mitad de solicitudes rechazadas este verano<\/a><\/h5>\r\n\t\t\t<ul class=\"post_details simple\"><li class=\"category container-category-3\"><a class=\"category-3\" href=\"https:\/\/www.habitatinsulae.es\/ca\/category\/vivienda\/\" title=\"View all posts filed under Vivienda\">Vivienda<\/a><\/li><li class=\"date\">09\/05\/2025<\/li>\r\n\t\t\t<\/ul><\/li><\/ul><\/div>\n\t\t\t<\/div> \n\t\t<\/div><\/div><\/div><\/div><div class=\"vc_row wpb_row vc_row-fluid\"><div class=\"wpb_column vc_column_container vc_col-sm-12\"><div class=\"wpb_wrapper\"><div class=\"announcement clearfix page_margin_top_section\">\r\n\t\t\t\t\t<ul class=\"columns no_width\">\r\n\t\t\t\t\t\t<li class=\"column_left column\">\r\n\t\t\t\t\t\t\t<div class=\"vertical_align\">\r\n\t\t\t\t\t\t\t\t<div class=\"vertical_align_cell\">\r\n\t\t\t\t\t\t\t\t\t<h2> We Are Looking for Columnists and Reporters!<\/h2><h2 class=\"expose\">Join Us Today!<\/h2>\r\n\t\t\t\t\t\t\t\t<\/div>\r\n\t\t\t\t\t\t\t<\/div>\r\n\t\t\t\t\t\t<\/li><li class=\"column_right column\">\r\n\t\t\t\t\t\t<div class=\"vertical_align\">\r\n\t\t\t\t\t\t\t<div class=\"vertical_align_cell\">\r\n\t\t\t\t\t\t\t\t<a title=\" JOIN US!\" href=\"http:\/\/quanticalabs.com\/wp_themes\/pressroom\/contact\/\" class=\"more active big\"> JOIN US!<\/a>\r\n\t\t\t\t\t\t\t<\/div>\r\n\t\t\t\t\t\t<\/div>\r\n\t\t\t\t\t<\/li><\/ul>\r\n\t\t\t<\/div><\/div><\/div><\/div><div class=\"vc_row wpb_row vc_row-fluid page_margin_top_section\"><div class=\"wpb_column vc_column_container vc_col-sm-6\"><div class=\"wpb_wrapper\">\n\t\t<ul class=\"accordion\" data-collapsible=\"no\"  data-vc-disable-keydown=\"false\" data-active-tab=\"1\">\n\t\t\t\n\t\t\t<li>\n\t\t\t\t<div id=\"accordion-cras-rutrum\"><h3>Cras rutrum leo at odio volutpat id blandit fugiats?<\/h3><\/div>\n\t\t\t\t<div class=\"clearfix\">\n\t\t\t\t<div class=\"page_margin_top\"><div class=\"item_content clearfix\"><span title=\"Engaging Oppurtunities and Top Benefits\" class=\"features_icon pin animated_element animation-scale\"><\/span><div class=\"text\"><h5>Engaging Oppurtunities and Top Benefits<\/h5><p>Maecenas mauris elementum, est morbi interdum cursus at elite imperdiet libero. Proin odios dapibus integer an nulla augue pharetra cursus.<\/p><\/div><\/div><\/div><div class=\"page_margin_top\"><div class=\"item_content clearfix\"><span title=\"Press Office, Licensees and Employment\" class=\"features_icon quote animated_element animation-scale\"><\/span><div class=\"text\"><h5>Press Office, Licensees and Employment<\/h5><p>Maecenas mauris elementum, est morbi interdum cursus at elite imperdiet libero. Proin odios dapibus integer an nulla augue pharetra cursus.<\/p><\/div><\/div><\/div>\n\t\t\t\t<\/div>\n\t\t\t<\/li> \n\n\t\t\t<li>\n\t\t\t\t<div id=\"accordion-donec-fermentum\"><h3>Donec fermentum porttitor nunc amet gravida?<\/h3><\/div>\n\t\t\t\t<div class=\"clearfix\">\n\t\t\t\t<div class=\"page_margin_top\"><div class=\"item_content clearfix\"><span title=\"Engaging Oppurtunities and Top Benefits\" class=\"features_icon app animated_element animation-scale\"><\/span><div class=\"text\"><h5>Engaging Oppurtunities and Top Benefits<\/h5><p>Maecenas mauris elementum, est morbi interdum cursus at elite imperdiet libero. Proin odios dapibus integer an nulla augue pharetra cursus.<\/p><\/div><\/div><\/div><div class=\"page_margin_top\"><div class=\"item_content clearfix\"><span title=\"Press Office, Licensees and Employment\" class=\"features_icon database animated_element animation-scale\"><\/span><div class=\"text\"><h5>Press Office, Licensees and Employment<\/h5><p>Maecenas mauris elementum, est morbi interdum cursus at elite imperdiet libero. Proin odios dapibus integer an nulla augue pharetra cursus.<\/p><\/div><\/div><\/div>\n\t\t\t\t<\/div>\n\t\t\t<\/li> \n\n\t\t\t<li>\n\t\t\t\t<div id=\"accordion-aenean-faucibus\"><h3>Aenean faucibus sapien a odio varius?<\/h3><\/div>\n\t\t\t\t<div class=\"clearfix\">\n\t\t\t\t<div class=\"page_margin_top\"><div class=\"item_content clearfix\"><span title=\"Engaging Oppurtunities and Top Benefits\" class=\"features_icon image animated_element animation-scale\"><\/span><div class=\"text\"><h5>Engaging Oppurtunities and Top Benefits<\/h5><p>Maecenas mauris elementum, est morbi interdum cursus at elite imperdiet libero. Proin odios dapibus integer an nulla augue pharetra cursus.<\/p><\/div><\/div><\/div><div class=\"page_margin_top\"><div class=\"item_content clearfix\"><span title=\"Press Office, Licensees and Employment\" class=\"features_icon video animated_element animation-scale\"><\/span><div class=\"text\"><h5>Press Office, Licensees and Employment<\/h5><p>Maecenas mauris elementum, est morbi interdum cursus at elite imperdiet libero. Proin odios dapibus integer an nulla augue pharetra cursus.<\/p><\/div><\/div><\/div>\n\t\t\t\t<\/div>\n\t\t\t<\/li> \n\n\t\t\t<li>\n\t\t\t\t<div id=\"accordion-donec-pulvinar\"><h3>Donec pulvinar lectus quis laoreet vestibulum?<\/h3><\/div>\n\t\t\t\t<div class=\"clearfix\">\n\t\t\t\t<div class=\"page_margin_top\"><div class=\"item_content clearfix\"><span title=\"Engaging Oppurtunities and Top Benefits\" class=\"features_icon database animated_element animation-scale\"><\/span><div class=\"text\"><h5>Engaging Oppurtunities and Top Benefits<\/h5><p>Maecenas mauris elementum, est morbi interdum cursus at elite imperdiet libero. Proin odios dapibus integer an nulla augue pharetra cursus.<\/p><\/div><\/div><\/div><div class=\"page_margin_top\"><div class=\"item_content clearfix\"><span title=\"Press Office, Licensees and Employment\" class=\"features_icon magnifier animated_element animation-scale\"><\/span><div class=\"text\"><h5>Press Office, Licensees and Employment<\/h5><p>Maecenas mauris elementum, est morbi interdum cursus at elite imperdiet libero. Proin odios dapibus integer an nulla augue pharetra cursus.<\/p><\/div><\/div><\/div>\n\t\t\t\t<\/div>\n\t\t\t<\/li> \n\n\t\t<\/ul> <\/div><\/div><div class=\"wpb_column vc_column_container vc_col-sm-6\"><div class=\"wpb_wrapper\"><h4 class=\"box_header\">Press Office News<\/h4><div class=\"vc_row wpb_row vc_row-fluid\"><ul class=\"blog clearfix small\"><li class=\"post post-15623 type-post status-publish format-standard has-post-thumbnail hentry category-fonos-inversion-social category-politica category-vivienda tag-alquiler-asequible tag-politica-economica tag-vivienda\"><a class=\"post_image\" href=\"https:\/\/www.habitatinsulae.es\/ca\/vivienda-madrid-impulsa-18-000-hogares-en-cuatro-anos\/\" title=\"Vivienda: Madrid impulsa 18.000 hogares en cuatro a\u00f1os\"><img decoding=\"async\" width=\"100\" height=\"100\" src=\"https:\/\/www.habitatinsulae.es\/wp-content\/uploads\/2026\/04\/imagen_2026-04-22_145155092-100x100.jpg\" class=\"attachment-pressroom-small-thumb size-pressroom-small-thumb wp-post-image\" alt=\"Vivienda: Madrid impulsa 18.000 hogares en cuatro a\u00f1os\" title=\"\" srcset=\"https:\/\/www.habitatinsulae.es\/wp-content\/uploads\/2026\/04\/imagen_2026-04-22_145155092-100x100.jpg 100w, https:\/\/www.habitatinsulae.es\/wp-content\/uploads\/2026\/04\/imagen_2026-04-22_145155092-150x150.jpg 150w, https:\/\/www.habitatinsulae.es\/wp-content\/uploads\/2026\/04\/imagen_2026-04-22_145155092-524x524.jpg 524w\" sizes=\"(max-width: 100px) 100vw, 100px\" \/><\/a><div class=\"post_content\"><h5 class=\"clearfix margin_bottom_0\"><a href=\"https:\/\/www.habitatinsulae.es\/ca\/vivienda-madrid-impulsa-18-000-hogares-en-cuatro-anos\/\" title=\"Vivienda: Madrid impulsa 18.000 hogares en cuatro a\u00f1os\">Vivienda: Madrid impulsa 18.000 hogares en cuatro a\u00f1os<\/a><\/h5><p>Madrid aprobar\u00e1 una nueva ley de vivienda para construir 18.000 viviendas protegidas en cuatro a\u00f1os, agilizar plazos y ampliar el alquiler asequible. La medida incluye m\u00e1s incentivos urban\u00edsticos, avales hipotecarios y mayor inversi\u00f3n social para j\u00f3venes, familias y colectivos vulnerables.<\/p>\n<\/div><\/li><li class=\"post post-15619 type-post status-publish format-standard has-post-thumbnail hentry category-fonos-inversion-social category-politica category-vivienda tag-alquiler-asequible tag-economia tag-politica tag-vivienda\"><a class=\"post_image\" href=\"https:\/\/www.habitatinsulae.es\/ca\/el-gobierno-aprueba-plan-de-vivienda-con-7-000-millones\/\" title=\"El Gobierno aprueba plan de vivienda con 7.000 millones\"><img decoding=\"async\" width=\"100\" height=\"100\" src=\"https:\/\/www.habitatinsulae.es\/wp-content\/uploads\/2026\/04\/imagen_2026-04-22_144225612-100x100.jpg\" class=\"attachment-pressroom-small-thumb size-pressroom-small-thumb wp-post-image\" alt=\"El Gobierno aprueba plan de vivienda con 7.000 millones\" title=\"\" srcset=\"https:\/\/www.habitatinsulae.es\/wp-content\/uploads\/2026\/04\/imagen_2026-04-22_144225612-100x100.jpg 100w, https:\/\/www.habitatinsulae.es\/wp-content\/uploads\/2026\/04\/imagen_2026-04-22_144225612-150x150.jpg 150w, https:\/\/www.habitatinsulae.es\/wp-content\/uploads\/2026\/04\/imagen_2026-04-22_144225612-524x524.jpg 524w\" sizes=\"(max-width: 100px) 100vw, 100px\" \/><\/a><div class=\"post_content\"><h5 class=\"clearfix margin_bottom_0\"><a href=\"https:\/\/www.habitatinsulae.es\/ca\/el-gobierno-aprueba-plan-de-vivienda-con-7-000-millones\/\" title=\"El Gobierno aprueba plan de vivienda con 7.000 millones\">El Gobierno aprueba plan de vivienda con 7.000 millones<\/a><\/h5><p>El Gobierno activa el nuevo Plan Estatal de vivienda 2026-2030 con 7.000 millones de euros para aumentar la vivienda protegida, rehabilitar edificios y reforzar el alquiler asequible. El programa pone el foco en j\u00f3venes, colectivos vulnerables y control p\u00fablico de la inversi\u00f3n social.<\/p>\n<\/div><\/li><li class=\"post post-15615 type-post status-publish format-standard has-post-thumbnail hentry category-fonos-inversion-social category-politica category-vivienda tag-inversion-social tag-jovenes tag-politica-de-vivienda tag-vivienda-asequible\"><a class=\"post_image\" href=\"https:\/\/www.habitatinsulae.es\/ca\/el-plan-estatal-eleva-las-ayudas-hasta-102-000-e\/\" title=\"El plan estatal eleva las ayudas hasta 102.000 \u20ac\"><img decoding=\"async\" width=\"100\" height=\"100\" src=\"https:\/\/www.habitatinsulae.es\/wp-content\/uploads\/2026\/04\/imagen_2026-04-22_141955538-100x100.jpg\" class=\"attachment-pressroom-small-thumb size-pressroom-small-thumb wp-post-image\" alt=\"El plan estatal eleva las ayudas hasta 102.000 \u20ac\" title=\"\" srcset=\"https:\/\/www.habitatinsulae.es\/wp-content\/uploads\/2026\/04\/imagen_2026-04-22_141955538-100x100.jpg 100w, https:\/\/www.habitatinsulae.es\/wp-content\/uploads\/2026\/04\/imagen_2026-04-22_141955538-150x150.jpg 150w, https:\/\/www.habitatinsulae.es\/wp-content\/uploads\/2026\/04\/imagen_2026-04-22_141955538-524x524.jpg 524w\" sizes=\"(max-width: 100px) 100vw, 100px\" \/><\/a><div class=\"post_content\"><h5 class=\"clearfix margin_bottom_0\"><a href=\"https:\/\/www.habitatinsulae.es\/ca\/el-plan-estatal-eleva-las-ayudas-hasta-102-000-e\/\" title=\"El plan estatal eleva las ayudas hasta 102.000 \u20ac\">El plan estatal eleva las ayudas hasta 102.000 \u20ac<\/a><\/h5><p>El Plan Estatal de Vivienda 2026-2030 incorpora ayudas de hasta 102.000 euros por vivienda industrializada en zonas tensionadas, impulsa el alquiler asequible, moviliza vivienda vac\u00eda y refuerza el acceso de j\u00f3venes y hogares vulnerables a soluciones habitacionales.<\/p>\n<\/div><\/li><\/ul><\/div><\/div><\/div><\/div>\n<\/div>","protected":false},"excerpt":{"rendered":"El nuevo Plan Estatal de vivienda 2026-2030, aprobado por el Consejo de Ministros y en l\u00ednea con la estrategia del Ministerio de Vivienda y Agenda Urbana, contempla ayudas de hasta 102.000 euros por nueva vivienda cuando la promoci\u00f3n se ubique en una zona tensionada y utilice m\u00e9todos de construcci\u00f3n industrializada. La iniciativa movilizar\u00e1 7.000 millones","protected":false},"author":1,"featured_media":0,"parent":0,"menu_order":0,"comment_status":"open","ping_status":"open","template":"","meta":{"footnotes":""},"class_list":["post-263","page","type-page","status-publish","hentry"],"aioseo_notices":[],"_wp_attached_file":null,"_wp_attachment_metadata":null,"cmsmasters_profile_title":null,"cmsmasters_profile_details_title":null,"cmsmasters_profile_social":null,"cmsmasters_profile_features":null,"cmsmasters_profile_features_one":null,"cmsmasters_profile_features_two":null,"cmsmasters_profile_features_three":null,"cmsmasters_profile_sharing_box":null,"cmsmasters_profile_read_more":null,"cmsmasters_profile_subtitle":null,"cmsmasters_profile_featured_image":null,"cmsmasters_project_columns":null,"cmsmasters_project_video_type":null,"cmsmasters_project_video_links":null,"cmsmasters_project_title":null,"cmsmasters_project_size":null,"cmsmasters_project_details_title":null,"cmsmasters_project_features":null,"cmsmasters_project_link_text":null,"cmsmasters_project_link_redirect":null,"cmsmasters_project_link_target":null,"cmsmasters_project_features_one":null,"cmsmasters_project_features_two":null,"cmsmasters_project_features_three":null,"cmsmasters_project_sharing_box":null,"cmsmasters_project_author_box":null,"cmsmasters_project_more_posts":null,"cmsmasters_project_project_options":null,"cmsmasters_project_read_more":null,"cmsmasters_project_images":null,"cmsmasters_project_image_show":null,"_oembed_b1ccef4f7d7ec9ee9f363a917754e485":null,"_oembed_time_b1ccef4f7d7ec9ee9f363a917754e485":null,"_oembed_94f7d3c89c139230786a25858f781fe7":null,"_oembed_time_94f7d3c89c139230786a25858f781fe7":null,"_oembed_0902e555d5b62bccd72f45d83d98b16e":null,"_oembed_time_0902e555d5b62bccd72f45d83d98b16e":null,"cmsmasters_project_puzzle_image":null,"_wp_attachment_context":null,"_eael_custom_js":null,"_menu_item_type":null,"_menu_item_menu_item_parent":null,"_menu_item_object_id":null,"_menu_item_object":null,"_menu_item_target":null,"_menu_item_classes":null,"_menu_item_xfn":null,"_menu_item_url":null,"_wp_page_template":"default","_wpb_vc_js_interface_version":"2","vc_teaser":{"data":"[{\"name\":\"title\",\"link\":\"post\"},{\"name\":\"image\",\"image\":\"featured\",\"link\":\"none\"},{\"name\":\"text\",\"mode\":\"excerpt\"}]","bgcolor":""},"_post_restored_from":null,"pressroom_review_average":null,"before_widget":null,"after_widget":null,"before_title":null,"after_title":null,"hidden":null,"_wp_attachment_image_alt":null,"rank_math_primary_category":null,"rank_math_seo_score":null,"rank_math_contentai_score":null,"rank_math_title":null,"rank_math_schema_article":null,"rank_math_shortcode_schema_s-687fa54b292b3":null,"rank_math_description":null,"rank_math_focus_keyword":null,"om_disable_all_campaigns":null,"original-file":null,"smush-complete":null,"smush-info":null,"smush-stats":null,"_monsterinsights_sitenote_active":null,"_yoast_wpseo_primary_category":null,"_yoast_wpseo_content_score":null,"_yoast_wpseo_estimated-reading-time-minutes":null,"_yoast_wpseo_metadesc":null,"_cmplz_scanned_post":null,"_aioseop_title":null,"_aioseop_description":null,"_aioseop_keywords":null,"_wpb_post_custom_seo_settings":null,"_wpb_post_custom_css":null,"enclosure":null,"_oembed_917c769c7dbf5d57ddaf9c4330ca4b4f":null,"_elementor_edit_mode":null,"_elementor_template_type":null,"cmsmasters_shortcodes_custom_css":null,"cmsmasters_post_image_show":null,"cmsmasters_post_image_link":null,"cmsmasters_post_images":null,"cmsmasters_post_video_type":null,"cmsmasters_post_video_link":null,"cmsmasters_post_video_links":null,"cmsmasters_post_audio_links":null,"cmsmasters_post_title":null,"cmsmasters_post_sharing_box":null,"cmsmasters_post_author_box":null,"cmsmasters_post_more_posts":null,"cmsmasters_post_read_more":null,"cmsmasters_page_scheme":null,"cmsmasters_layout":null,"cmsmasters_sidebar_id":null,"cmsmasters_bottom_sidebar":null,"cmsmasters_bottom_sidebar_id":null,"cmsmasters_bottom_sidebar_layout":null,"cmsmasters_bg_default":null,"cmsmasters_bg_col":null,"cmsmasters_bg_img_enable":null,"cmsmasters_bg_img":null,"cmsmasters_bg_rep":null,"cmsmasters_bg_pos":null,"cmsmasters_bg_att":null,"cmsmasters_bg_size":null,"cmsmasters_heading":null,"cmsmasters_heading_title":null,"cmsmasters_heading_subtitle":null,"cmsmasters_heading_icon":null,"cmsmasters_heading_alignment":null,"cmsmasters_heading_scheme":null,"cmsmasters_heading_bg_img_enable":null,"cmsmasters_heading_bg_img":null,"cmsmasters_heading_bg_rep":null,"cmsmasters_heading_bg_att":null,"cmsmasters_heading_bg_size":null,"cmsmasters_heading_bg_color":null,"cmsmasters_heading_height":null,"cmsmasters_breadcrumbs":null,"cmsmasters_composer_show":null,"cmsmasters_gutenberg_show":null,"cmsmasters_composer_fullscreen":null,"slide_template":null,"_wp_old_slug":null,"cmsmasters_likes":null,"_thumbnail_id":null,"_elementor_version":null,"_elementor_pro_version":null,"_elementor_data":null,"_wpb_vc_editor_type":"classic","_wpb_vc_js_status":"true","pressroom_primary_category":"","pressroom_featured_caption":"","pressroom_featured_caption_author":"","pressroom_video_url":"","pressroom_post_url":"","pressroom_quote_text":"","pressroom_quote_author":"","pressroom_audio_url":"","social_icon_type":[],"social_icon_url":"","social_icon_target":"","pressroom_attachment_ids":"","pressroom_images":[],"pressroom_images_titles":"","pressroom_images_descriptions":"","pressroom_videos":"","pressroom_iframes":"","pressroom_is_review":"","pressroom_points_scale":"","pressroom_review_label":[],"pressroom_review_value":[],"pressroom_review_title":"","pressroom_review_description":"","page_sidebar_header":"","page_sidebar_top":"","page_sidebar_right":"","page_sidebar_footer_top":"647","page_sidebar_footer_bottom":"648","pressroom_page_sidebars":["647","648"],"_vc_post_settings":{"vc_grid":[]},"post_views_count":null,"_edit_last":null,"_edit_lock":null,"_wpb_post_custom_layout":null,"rank_math_internal_links_processed":null,"footnotes":null,"_wp_old_date":null,"_aioseo_title":null,"_aioseo_description":null,"_aioseo_keywords":null,"_aioseo_og_title":null,"_aioseo_og_description":null,"_aioseo_og_article_section":null,"_aioseo_og_article_tags":null,"_aioseo_twitter_title":null,"_aioseo_twitter_description":null,"_cdp_origin":null,"_cdp_origin_site":null,"_cdp_origin_title":null,"_cdp_counter":null,"cmplz_hide_cookiebanner":null,"_links":{"self":[{"href":"https:\/\/www.habitatinsulae.es\/ca\/wp-json\/wp\/v2\/pages\/263","targetHints":{"allow":["GET"]}}],"collection":[{"href":"https:\/\/www.habitatinsulae.es\/ca\/wp-json\/wp\/v2\/pages"}],"about":[{"href":"https:\/\/www.habitatinsulae.es\/ca\/wp-json\/wp\/v2\/types\/page"}],"author":[{"embeddable":true,"href":"https:\/\/www.habitatinsulae.es\/ca\/wp-json\/wp\/v2\/users\/1"}],"replies":[{"embeddable":true,"href":"https:\/\/www.habitatinsulae.es\/ca\/wp-json\/wp\/v2\/comments?post=263"}],"version-history":[{"count":0,"href":"https:\/\/www.habitatinsulae.es\/ca\/wp-json\/wp\/v2\/pages\/263\/revisions"}],"wp:attachment":[{"href":"https:\/\/www.habitatinsulae.es\/ca\/wp-json\/wp\/v2\/media?parent=263"}],"curies":[{"name":"wp","href":"https:\/\/api.w.org\/{rel}","templated":true}]}}