




{"id":168,"date":"2015-01-09T09:42:29","date_gmt":"2015-01-09T09:42:29","guid":{"rendered":"http:\/\/localhost\/wordpress\/pressroom\/?page_id=168"},"modified":"2015-01-09T09:42:29","modified_gmt":"2015-01-09T09:42:29","slug":"blog-3-columns","status":"publish","type":"page","link":"https:\/\/www.habitatinsulae.es\/ca\/blog-3-columns\/","title":{"rendered":"Blog 3 Columns"},"content":{"rendered":"<div class=\"wpb-content-wrapper\"><div class=\"vc_row wpb_row vc_row-fluid\"><div class=\"wpb_column vc_column_container vc_col-sm-12\"><div class=\"wpb_wrapper\"><div class=\"divider_block clearfix\"><hr class=\"divider first\"><hr class=\"divider subheader_arrow\"><hr class=\"divider last\"><\/div><\/div><\/div><\/div><div class=\"vc_row wpb_row vc_row-fluid\"><div class=\"wpb_column vc_column_container vc_col-sm-12\"><div class=\"wpb_wrapper\"><div class=\"vc_row wpb_row vc_row-fluid\"><div class=\"vc_col-sm-4 wpb_column vc_column_container\"><ul class=\"blog three_columns clearfix page_margin_top\"><li class=\"post post-15623 type-post status-publish format-standard has-post-thumbnail hentry category-fonos-inversion-social category-politica category-vivienda tag-alquiler-asequible tag-politica-economica tag-vivienda\"><a class=\"post_image\" href=\"https:\/\/www.habitatinsulae.es\/ca\/vivienda-madrid-impulsa-18-000-hogares-en-cuatro-anos\/\" title=\"Vivienda: Madrid impulsa 18.000 hogares en cuatro a\u00f1os\"><img decoding=\"async\" width=\"510\" height=\"374\" src=\"https:\/\/www.habitatinsulae.es\/wp-content\/uploads\/2026\/04\/imagen_2026-04-22_145155092-510x374.jpg\" class=\"attachment-blog-post-thumb-big size-blog-post-thumb-big wp-post-image\" alt=\"Vivienda: Madrid impulsa 18.000 hogares en cuatro a\u00f1os\" title=\"\" srcset=\"https:\/\/www.habitatinsulae.es\/wp-content\/uploads\/2026\/04\/imagen_2026-04-22_145155092-510x374.jpg 510w, https:\/\/www.habitatinsulae.es\/wp-content\/uploads\/2026\/04\/imagen_2026-04-22_145155092-330x242.jpg 330w, https:\/\/www.habitatinsulae.es\/wp-content\/uploads\/2026\/04\/imagen_2026-04-22_145155092-130x95.jpg 130w\" sizes=\"(max-width: 510px) 100vw, 510px\" \/><\/a><h2 class=\"clearfix with_number\"><a href=\"https:\/\/www.habitatinsulae.es\/ca\/vivienda-madrid-impulsa-18-000-hogares-en-cuatro-anos\/\" title=\"Vivienda: Madrid impulsa 18.000 hogares en cuatro a\u00f1os\">Vivienda: Madrid impulsa 18.000 hogares en cuatro a\u00f1os<\/a><a href=\"https:\/\/www.habitatinsulae.es\/ca\/vivienda-madrid-impulsa-18-000-hogares-en-cuatro-anos\/#respond\" title=\"0 comments\" class=\"comments_number\">0<span class=\"arrow_comments\"><\/span><\/a><\/h2><ul class=\"post_details\"><li class=\"category\"><a class=\"category-95\" href=\"https:\/\/www.habitatinsulae.es\/ca\/category\/fonos-inversion-social\/\" title=\"View all posts filed under Fondos e Inversi\u00f3n Social\">Fondos e Inversi\u00f3n Social<\/a>, <a class=\"category-96\" href=\"https:\/\/www.habitatinsulae.es\/ca\/category\/politica\/\" title=\"View all posts filed under Pol\u00edtica\">Pol\u00edtica<\/a>, <a class=\"category-3\" href=\"https:\/\/www.habitatinsulae.es\/ca\/category\/vivienda\/\" title=\"View all posts filed under Vivienda\">Vivienda<\/a><\/li><li class=\"date\">04\/25\/2026<\/li><\/ul><p>Madrid aprobar\u00e1 una nueva ley de vivienda para construir 18.000 viviendas protegidas en cuatro a\u00f1os, agilizar plazos y ampliar el alquiler asequible. La medida incluye m\u00e1s incentivos urban\u00edsticos, avales hipotecarios y mayor inversi\u00f3n social para j\u00f3venes, familias y colectivos vulnerables.<\/p>\n<a title=\"READ MORE\" href=\"https:\/\/www.habitatinsulae.es\/ca\/vivienda-madrid-impulsa-18-000-hogares-en-cuatro-anos\/\" class=\"read_more\"><span class=\"arrow\"><\/span><span>READ MORE<\/span><\/a><\/li><li class=\"post post-15619 type-post status-publish format-standard has-post-thumbnail hentry category-fonos-inversion-social category-politica category-vivienda tag-alquiler-asequible tag-economia tag-politica tag-vivienda\"><a class=\"post_image\" href=\"https:\/\/www.habitatinsulae.es\/ca\/el-gobierno-aprueba-plan-de-vivienda-con-7-000-millones\/\" title=\"El Gobierno aprueba plan de vivienda con 7.000 millones\"><img decoding=\"async\" width=\"510\" height=\"374\" src=\"https:\/\/www.habitatinsulae.es\/wp-content\/uploads\/2026\/04\/imagen_2026-04-22_144225612-510x374.jpg\" class=\"attachment-blog-post-thumb-big size-blog-post-thumb-big wp-post-image\" alt=\"El Gobierno aprueba plan de vivienda con 7.000 millones\" title=\"\" srcset=\"https:\/\/www.habitatinsulae.es\/wp-content\/uploads\/2026\/04\/imagen_2026-04-22_144225612-510x374.jpg 510w, https:\/\/www.habitatinsulae.es\/wp-content\/uploads\/2026\/04\/imagen_2026-04-22_144225612-330x242.jpg 330w, https:\/\/www.habitatinsulae.es\/wp-content\/uploads\/2026\/04\/imagen_2026-04-22_144225612-130x95.jpg 130w\" sizes=\"(max-width: 510px) 100vw, 510px\" \/><\/a><h2 class=\"clearfix with_number\"><a href=\"https:\/\/www.habitatinsulae.es\/ca\/el-gobierno-aprueba-plan-de-vivienda-con-7-000-millones\/\" title=\"El Gobierno aprueba plan de vivienda con 7.000 millones\">El Gobierno aprueba plan de vivienda con 7.000 millones<\/a><a href=\"https:\/\/www.habitatinsulae.es\/ca\/el-gobierno-aprueba-plan-de-vivienda-con-7-000-millones\/#respond\" title=\"0 comments\" class=\"comments_number\">0<span class=\"arrow_comments\"><\/span><\/a><\/h2><ul class=\"post_details\"><li class=\"category\"><a class=\"category-95\" href=\"https:\/\/www.habitatinsulae.es\/ca\/category\/fonos-inversion-social\/\" title=\"View all posts filed under Fondos e Inversi\u00f3n Social\">Fondos e Inversi\u00f3n Social<\/a>, <a class=\"category-96\" href=\"https:\/\/www.habitatinsulae.es\/ca\/category\/politica\/\" title=\"View all posts filed under Pol\u00edtica\">Pol\u00edtica<\/a>, <a class=\"category-3\" href=\"https:\/\/www.habitatinsulae.es\/ca\/category\/vivienda\/\" title=\"View all posts filed under Vivienda\">Vivienda<\/a><\/li><li class=\"date\">04\/24\/2026<\/li><\/ul><p>El Gobierno activa el nuevo Plan Estatal de vivienda 2026-2030 con 7.000 millones de euros para aumentar la vivienda protegida, rehabilitar edificios y reforzar el alquiler asequible. El programa pone el foco en j\u00f3venes, colectivos vulnerables y control p\u00fablico de la inversi\u00f3n social.<\/p>\n<a title=\"READ MORE\" href=\"https:\/\/www.habitatinsulae.es\/ca\/el-gobierno-aprueba-plan-de-vivienda-con-7-000-millones\/\" class=\"read_more\"><span class=\"arrow\"><\/span><span>READ MORE<\/span><\/a><\/li><li class=\"post post-15615 type-post status-publish format-standard has-post-thumbnail hentry category-fonos-inversion-social category-politica category-vivienda tag-inversion-social tag-jovenes tag-politica-de-vivienda tag-vivienda-asequible\"><a class=\"post_image\" href=\"https:\/\/www.habitatinsulae.es\/ca\/el-plan-estatal-eleva-las-ayudas-hasta-102-000-e\/\" title=\"El plan estatal eleva las ayudas hasta 102.000 \u20ac\"><img decoding=\"async\" width=\"510\" height=\"374\" src=\"https:\/\/www.habitatinsulae.es\/wp-content\/uploads\/2026\/04\/imagen_2026-04-22_141955538-510x374.jpg\" class=\"attachment-blog-post-thumb-big size-blog-post-thumb-big wp-post-image\" alt=\"El plan estatal eleva las ayudas hasta 102.000 \u20ac\" title=\"\" srcset=\"https:\/\/www.habitatinsulae.es\/wp-content\/uploads\/2026\/04\/imagen_2026-04-22_141955538-510x374.jpg 510w, https:\/\/www.habitatinsulae.es\/wp-content\/uploads\/2026\/04\/imagen_2026-04-22_141955538-330x242.jpg 330w, https:\/\/www.habitatinsulae.es\/wp-content\/uploads\/2026\/04\/imagen_2026-04-22_141955538-130x95.jpg 130w\" sizes=\"(max-width: 510px) 100vw, 510px\" \/><\/a><h2 class=\"clearfix with_number\"><a href=\"https:\/\/www.habitatinsulae.es\/ca\/el-plan-estatal-eleva-las-ayudas-hasta-102-000-e\/\" title=\"El plan estatal eleva las ayudas hasta 102.000 \u20ac\">El plan estatal eleva las ayudas hasta 102.000 \u20ac<\/a><a href=\"https:\/\/www.habitatinsulae.es\/ca\/el-plan-estatal-eleva-las-ayudas-hasta-102-000-e\/#respond\" title=\"0 comments\" class=\"comments_number\">0<span class=\"arrow_comments\"><\/span><\/a><\/h2><ul class=\"post_details\"><li class=\"category\"><a class=\"category-95\" href=\"https:\/\/www.habitatinsulae.es\/ca\/category\/fonos-inversion-social\/\" title=\"View all posts filed under Fondos e Inversi\u00f3n Social\">Fondos e Inversi\u00f3n Social<\/a>, <a class=\"category-96\" href=\"https:\/\/www.habitatinsulae.es\/ca\/category\/politica\/\" title=\"View all posts filed under Pol\u00edtica\">Pol\u00edtica<\/a>, <a class=\"category-3\" href=\"https:\/\/www.habitatinsulae.es\/ca\/category\/vivienda\/\" title=\"View all posts filed under Vivienda\">Vivienda<\/a><\/li><li class=\"date\">04\/24\/2026<\/li><\/ul><p>El Plan Estatal de Vivienda 2026-2030 incorpora ayudas de hasta 102.000 euros por vivienda industrializada en zonas tensionadas, impulsa el alquiler asequible, moviliza vivienda vac\u00eda y refuerza el acceso de j\u00f3venes y hogares vulnerables a soluciones habitacionales.<\/p>\n<a title=\"READ MORE\" href=\"https:\/\/www.habitatinsulae.es\/ca\/el-plan-estatal-eleva-las-ayudas-hasta-102-000-e\/\" class=\"read_more\"><span class=\"arrow\"><\/span><span>READ MORE<\/span><\/a><\/li><\/ul><\/div><div class=\"vc_col-sm-4 wpb_column vc_column_container\"><ul class=\"blog three_columns clearfix page_margin_top\"><li class=\"post post-15611 type-post status-publish format-standard has-post-thumbnail hentry category-actualidad category-iniciativas category-vivienda tag-alquiler-asequible tag-barcelona tag-inversion-social tag-vivienda\"><a class=\"post_image\" href=\"https:\/\/www.habitatinsulae.es\/ca\/vivienda-asequible-42-pisos-sociales-en-poblenou\/\" title=\"Vivienda asequible: 42 pisos sociales en Poblenou\"><img decoding=\"async\" width=\"510\" height=\"374\" src=\"https:\/\/www.habitatinsulae.es\/wp-content\/uploads\/2026\/04\/imagen_2026-04-22_135958235-510x374.jpg\" class=\"attachment-blog-post-thumb-big size-blog-post-thumb-big wp-post-image\" alt=\"Vivienda asequible: 42 pisos sociales en Poblenou\" title=\"\" srcset=\"https:\/\/www.habitatinsulae.es\/wp-content\/uploads\/2026\/04\/imagen_2026-04-22_135958235-510x374.jpg 510w, https:\/\/www.habitatinsulae.es\/wp-content\/uploads\/2026\/04\/imagen_2026-04-22_135958235-330x242.jpg 330w, https:\/\/www.habitatinsulae.es\/wp-content\/uploads\/2026\/04\/imagen_2026-04-22_135958235-130x95.jpg 130w\" sizes=\"(max-width: 510px) 100vw, 510px\" \/><\/a><h2 class=\"clearfix with_number\"><a href=\"https:\/\/www.habitatinsulae.es\/ca\/vivienda-asequible-42-pisos-sociales-en-poblenou\/\" title=\"Vivienda asequible: 42 pisos sociales en Poblenou\">Vivienda asequible: 42 pisos sociales en Poblenou<\/a><a href=\"https:\/\/www.habitatinsulae.es\/ca\/vivienda-asequible-42-pisos-sociales-en-poblenou\/#respond\" title=\"0 comments\" class=\"comments_number\">0<span class=\"arrow_comments\"><\/span><\/a><\/h2><ul class=\"post_details\"><li class=\"category\"><a class=\"category-2\" href=\"https:\/\/www.habitatinsulae.es\/ca\/category\/actualidad\/\" title=\"View all posts filed under Actualidad\">Actualidad<\/a>, <a class=\"category-61\" href=\"https:\/\/www.habitatinsulae.es\/ca\/category\/iniciativas\/\" title=\"View all posts filed under Iniciativas\">Iniciativas<\/a>, <a class=\"category-3\" href=\"https:\/\/www.habitatinsulae.es\/ca\/category\/vivienda\/\" title=\"View all posts filed under Vivienda\">Vivienda<\/a><\/li><li class=\"date\">04\/23\/2026<\/li><\/ul><p>Barcelona incorpora 42 nuevas viviendas de alquiler social en Poblenou con la promoci\u00f3n La Sib\u00e8ria, impulsada por H\u00e0bitat3 y Coyoacan. El proyecto apuesta por la colaboraci\u00f3n p\u00fablico-privada, la sostenibilidad y la ampliaci\u00f3n de la vivienda protegida para colectivos con mayores dificultades.<\/p>\n<a title=\"READ MORE\" href=\"https:\/\/www.habitatinsulae.es\/ca\/vivienda-asequible-42-pisos-sociales-en-poblenou\/\" class=\"read_more\"><span class=\"arrow\"><\/span><span>READ MORE<\/span><\/a><\/li><li class=\"post post-15607 type-post status-publish format-standard has-post-thumbnail hentry category-fonos-inversion-social category-politica category-vivienda tag-economia tag-politica-inmobiliaria tag-urbanismo tag-vivienda\"><a class=\"post_image\" href=\"https:\/\/www.habitatinsulae.es\/ca\/vivienda-apcespana-ve-insuficiente-el-plan-2026-2030\/\" title=\"Vivienda: APCEspa\u00f1a ve insuficiente el plan 2026-2030\"><img decoding=\"async\" width=\"510\" height=\"374\" src=\"https:\/\/www.habitatinsulae.es\/wp-content\/uploads\/2026\/04\/ChatGPT-Image-22-abr-2026-13_41_38-510x374.jpg\" class=\"attachment-blog-post-thumb-big size-blog-post-thumb-big wp-post-image\" alt=\"Vivienda: APCEspa\u00f1a ve insuficiente el plan 2026-2030\" title=\"\" srcset=\"https:\/\/www.habitatinsulae.es\/wp-content\/uploads\/2026\/04\/ChatGPT-Image-22-abr-2026-13_41_38-510x374.jpg 510w, https:\/\/www.habitatinsulae.es\/wp-content\/uploads\/2026\/04\/ChatGPT-Image-22-abr-2026-13_41_38-330x242.jpg 330w, https:\/\/www.habitatinsulae.es\/wp-content\/uploads\/2026\/04\/ChatGPT-Image-22-abr-2026-13_41_38-130x95.jpg 130w\" sizes=\"(max-width: 510px) 100vw, 510px\" \/><\/a><h2 class=\"clearfix with_number\"><a href=\"https:\/\/www.habitatinsulae.es\/ca\/vivienda-apcespana-ve-insuficiente-el-plan-2026-2030\/\" title=\"Vivienda: APCEspa\u00f1a ve insuficiente el plan 2026-2030\">Vivienda: APCEspa\u00f1a ve insuficiente el plan 2026-2030<\/a><a href=\"https:\/\/www.habitatinsulae.es\/ca\/vivienda-apcespana-ve-insuficiente-el-plan-2026-2030\/#respond\" title=\"0 comments\" class=\"comments_number\">0<span class=\"arrow_comments\"><\/span><\/a><\/h2><ul class=\"post_details\"><li class=\"category\"><a class=\"category-95\" href=\"https:\/\/www.habitatinsulae.es\/ca\/category\/fonos-inversion-social\/\" title=\"View all posts filed under Fondos e Inversi\u00f3n Social\">Fondos e Inversi\u00f3n Social<\/a>, <a class=\"category-96\" href=\"https:\/\/www.habitatinsulae.es\/ca\/category\/politica\/\" title=\"View all posts filed under Pol\u00edtica\">Pol\u00edtica<\/a>, <a class=\"category-3\" href=\"https:\/\/www.habitatinsulae.es\/ca\/category\/vivienda\/\" title=\"View all posts filed under Vivienda\">Vivienda<\/a><\/li><li class=\"date\">04\/22\/2026<\/li><\/ul><p>APCEspa\u00f1a considera un primer paso el nuevo Plan Estatal de Vivienda 2026-2030. Valora m\u00e1s presupuesto y ayudas a urbanizaci\u00f3n y construcci\u00f3n, pero advierte de que sin seguridad jur\u00eddica ni menos trabas urban\u00edsticas ser\u00e1 dif\u00edcil ampliar la oferta de vivienda asequible y protegida.<\/p>\n<a title=\"READ MORE\" href=\"https:\/\/www.habitatinsulae.es\/ca\/vivienda-apcespana-ve-insuficiente-el-plan-2026-2030\/\" class=\"read_more\"><span class=\"arrow\"><\/span><span>READ MORE<\/span><\/a><\/li><li class=\"post post-15600 type-post status-publish format-standard has-post-thumbnail hentry category-actualidad category-vivienda tag-alquiler-asequible tag-inversion-social tag-jovenes tag-mercado-inmobiliario tag-vivienda\"><a class=\"post_image\" href=\"https:\/\/www.habitatinsulae.es\/ca\/la-vivienda-sale-de-la-cartera-de-inmocaixa\/\" title=\"La vivienda sale de la cartera de InmoCaixa\"><img decoding=\"async\" width=\"510\" height=\"374\" src=\"https:\/\/www.habitatinsulae.es\/wp-content\/uploads\/2026\/04\/imagen_2026-04-17_124813505-510x374.jpg\" class=\"attachment-blog-post-thumb-big size-blog-post-thumb-big wp-post-image\" alt=\"La vivienda sale de la cartera de InmoCaixa\" title=\"\" srcset=\"https:\/\/www.habitatinsulae.es\/wp-content\/uploads\/2026\/04\/imagen_2026-04-17_124813505-510x374.jpg 510w, https:\/\/www.habitatinsulae.es\/wp-content\/uploads\/2026\/04\/imagen_2026-04-17_124813505-330x242.jpg 330w, https:\/\/www.habitatinsulae.es\/wp-content\/uploads\/2026\/04\/imagen_2026-04-17_124813505-130x95.jpg 130w\" sizes=\"(max-width: 510px) 100vw, 510px\" \/><\/a><h2 class=\"clearfix with_number\"><a href=\"https:\/\/www.habitatinsulae.es\/ca\/la-vivienda-sale-de-la-cartera-de-inmocaixa\/\" title=\"La vivienda sale de la cartera de InmoCaixa\">La vivienda sale de la cartera de InmoCaixa<\/a><a href=\"https:\/\/www.habitatinsulae.es\/ca\/la-vivienda-sale-de-la-cartera-de-inmocaixa\/#respond\" title=\"0 comments\" class=\"comments_number\">0<span class=\"arrow_comments\"><\/span><\/a><\/h2><ul class=\"post_details\"><li class=\"category\"><a class=\"category-2\" href=\"https:\/\/www.habitatinsulae.es\/ca\/category\/actualidad\/\" title=\"View all posts filed under Actualidad\">Actualidad<\/a>, <a class=\"category-3\" href=\"https:\/\/www.habitatinsulae.es\/ca\/category\/vivienda\/\" title=\"View all posts filed under Vivienda\">Vivienda<\/a><\/li><li class=\"date\">04\/17\/2026<\/li><\/ul><p>InmoCaixa ha vendido pr\u00e1cticamente toda su cartera residencial, desde vivienda social hasta activos libres, para reorientar la estrategia de Criteria hacia oficinas. La operaci\u00f3n incluye acuerdos con inquilinos, administraciones p\u00fablicas y activos transferidos a Colonial.<\/p>\n<a title=\"READ MORE\" href=\"https:\/\/www.habitatinsulae.es\/ca\/la-vivienda-sale-de-la-cartera-de-inmocaixa\/\" class=\"read_more\"><span class=\"arrow\"><\/span><span>READ MORE<\/span><\/a><\/li><\/ul><\/div><div class=\"vc_col-sm-4 wpb_column vc_column_container\"><ul class=\"blog three_columns clearfix page_margin_top\"><li class=\"post post-15587 type-post status-publish format-standard has-post-thumbnail hentry category-actualidad category-iniciativas category-politica category-vivienda tag-alquiler-asequible tag-comunitat-valenciana tag-dana tag-politica-social tag-vivienda\"><a class=\"post_image\" href=\"https:\/\/www.habitatinsulae.es\/ca\/vivienda-casa-47-impulsara-200-pisos-en-zona-dana\/\" title=\"Vivienda: Casa 47 impulsar\u00e1 200 pisos en zona DANA\"><img decoding=\"async\" width=\"510\" height=\"374\" src=\"https:\/\/www.habitatinsulae.es\/wp-content\/uploads\/2026\/04\/Letur_DANA_2024-510x374.jpg\" class=\"attachment-blog-post-thumb-big size-blog-post-thumb-big wp-post-image\" alt=\"Vivienda: Casa 47 impulsar\u00e1 200 pisos en zona DANA\" title=\"\" srcset=\"https:\/\/www.habitatinsulae.es\/wp-content\/uploads\/2026\/04\/Letur_DANA_2024-510x374.jpg 510w, https:\/\/www.habitatinsulae.es\/wp-content\/uploads\/2026\/04\/Letur_DANA_2024-18x12.jpg 18w, https:\/\/www.habitatinsulae.es\/wp-content\/uploads\/2026\/04\/Letur_DANA_2024-330x242.jpg 330w, https:\/\/www.habitatinsulae.es\/wp-content\/uploads\/2026\/04\/Letur_DANA_2024-130x95.jpg 130w\" sizes=\"(max-width: 510px) 100vw, 510px\" \/><\/a><h2 class=\"clearfix with_number\"><a href=\"https:\/\/www.habitatinsulae.es\/ca\/vivienda-casa-47-impulsara-200-pisos-en-zona-dana\/\" title=\"Vivienda: Casa 47 impulsar\u00e1 200 pisos en zona DANA\">Vivienda: Casa 47 impulsar\u00e1 200 pisos en zona DANA<\/a><a href=\"https:\/\/www.habitatinsulae.es\/ca\/vivienda-casa-47-impulsara-200-pisos-en-zona-dana\/#respond\" title=\"0 comments\" class=\"comments_number\">0<span class=\"arrow_comments\"><\/span><\/a><\/h2><ul class=\"post_details\"><li class=\"category\"><a class=\"category-2\" href=\"https:\/\/www.habitatinsulae.es\/ca\/category\/actualidad\/\" title=\"View all posts filed under Actualidad\">Actualidad<\/a>, <a class=\"category-61\" href=\"https:\/\/www.habitatinsulae.es\/ca\/category\/iniciativas\/\" title=\"View all posts filed under Iniciativas\">Iniciativas<\/a>, <a class=\"category-96\" href=\"https:\/\/www.habitatinsulae.es\/ca\/category\/politica\/\" title=\"View all posts filed under Pol\u00edtica\">Pol\u00edtica<\/a>, <a class=\"category-3\" href=\"https:\/\/www.habitatinsulae.es\/ca\/category\/vivienda\/\" title=\"View all posts filed under Vivienda\">Vivienda<\/a><\/li><li class=\"date\">04\/16\/2026<\/li><\/ul><p>Casa 47 activar\u00e1 una convocatoria de 22,8 millones para promover unas 200 viviendas protegidas de alquiler asequible en municipios de la zona DANA de Valencia, con suelo cedido por ayuntamientos y prioridad para las localidades con mayor tensi\u00f3n residencial.<\/p>\n<a title=\"READ MORE\" href=\"https:\/\/www.habitatinsulae.es\/ca\/vivienda-casa-47-impulsara-200-pisos-en-zona-dana\/\" class=\"read_more\"><span class=\"arrow\"><\/span><span>READ MORE<\/span><\/a><\/li><li class=\"post post-15592 type-post status-publish format-standard has-post-thumbnail hentry category-actualidad category-fonos-inversion-social category-vivienda tag-alquiler-asequible tag-family-offices tag-inversion-inmobiliaria tag-vivienda\"><a class=\"post_image\" href=\"https:\/\/www.habitatinsulae.es\/ca\/vivienda-los-family-offices-aceleran-su-profesionalizacion\/\" title=\"Vivienda: los family offices aceleran su profesionalizaci\u00f3n\"><img decoding=\"async\" width=\"275\" height=\"183\" src=\"https:\/\/www.habitatinsulae.es\/wp-content\/uploads\/2026\/04\/family-offices.jpg\" class=\"attachment-blog-post-thumb-big size-blog-post-thumb-big wp-post-image\" alt=\"Vivienda: los family offices aceleran su profesionalizaci\u00f3n\" title=\"\" srcset=\"https:\/\/www.habitatinsulae.es\/wp-content\/uploads\/2026\/04\/family-offices.jpg 275w, https:\/\/www.habitatinsulae.es\/wp-content\/uploads\/2026\/04\/family-offices-18x12.jpg 18w\" sizes=\"(max-width: 275px) 100vw, 275px\" \/><\/a><h2 class=\"clearfix with_number\"><a href=\"https:\/\/www.habitatinsulae.es\/ca\/vivienda-los-family-offices-aceleran-su-profesionalizacion\/\" title=\"Vivienda: los family offices aceleran su profesionalizaci\u00f3n\">Vivienda: los family offices aceleran su profesionalizaci\u00f3n<\/a><a href=\"https:\/\/www.habitatinsulae.es\/ca\/vivienda-los-family-offices-aceleran-su-profesionalizacion\/#respond\" title=\"0 comments\" class=\"comments_number\">0<span class=\"arrow_comments\"><\/span><\/a><\/h2><ul class=\"post_details\"><li class=\"category\"><a class=\"category-2\" href=\"https:\/\/www.habitatinsulae.es\/ca\/category\/actualidad\/\" title=\"View all posts filed under Actualidad\">Actualidad<\/a>, <a class=\"category-95\" href=\"https:\/\/www.habitatinsulae.es\/ca\/category\/fonos-inversion-social\/\" title=\"View all posts filed under Fondos e Inversi\u00f3n Social\">Fondos e Inversi\u00f3n Social<\/a>, <a class=\"category-3\" href=\"https:\/\/www.habitatinsulae.es\/ca\/category\/vivienda\/\" title=\"View all posts filed under Vivienda\">Vivienda<\/a><\/li><li class=\"date\">04\/15\/2026<\/li><\/ul><p>Los grandes patrimonios consolidan su apuesta por la vivienda y el inmobiliario con m\u00e1s gobernanza, coinversi\u00f3n y activos alternativos. El mercado residencial, la inversi\u00f3n social y la diversificaci\u00f3n marcan la nueva hoja de ruta de los family offices.<\/p>\n<a title=\"READ MORE\" href=\"https:\/\/www.habitatinsulae.es\/ca\/vivienda-los-family-offices-aceleran-su-profesionalizacion\/\" class=\"read_more\"><span class=\"arrow\"><\/span><span>READ MORE<\/span><\/a><\/li><li class=\"post post-15596 type-post status-publish format-standard has-post-thumbnail hentry category-actualidad category-vivienda tag-alquiler-asequible tag-inversion-social tag-madrid tag-urbanismo tag-vivienda\"><a class=\"post_image\" href=\"https:\/\/www.habitatinsulae.es\/ca\/madrid-nuevo-barrio-campamento-impulsa-10-700-viviendas\/\" title=\"Madrid: Nuevo Barrio Campamento impulsa 10.700 viviendas\"><img decoding=\"async\" width=\"510\" height=\"374\" src=\"https:\/\/www.habitatinsulae.es\/wp-content\/uploads\/2026\/04\/b6e222ac-246b-4c96-a67e-5cefb98b6eb1-510x374.jpg\" class=\"attachment-blog-post-thumb-big size-blog-post-thumb-big wp-post-image\" alt=\"Madrid: Nuevo Barrio Campamento impulsa 10.700 viviendas\" title=\"\" srcset=\"https:\/\/www.habitatinsulae.es\/wp-content\/uploads\/2026\/04\/b6e222ac-246b-4c96-a67e-5cefb98b6eb1-510x374.jpg 510w, https:\/\/www.habitatinsulae.es\/wp-content\/uploads\/2026\/04\/b6e222ac-246b-4c96-a67e-5cefb98b6eb1-330x242.jpg 330w, https:\/\/www.habitatinsulae.es\/wp-content\/uploads\/2026\/04\/b6e222ac-246b-4c96-a67e-5cefb98b6eb1-130x95.jpg 130w\" sizes=\"(max-width: 510px) 100vw, 510px\" \/><\/a><h2 class=\"clearfix with_number\"><a href=\"https:\/\/www.habitatinsulae.es\/ca\/madrid-nuevo-barrio-campamento-impulsa-10-700-viviendas\/\" title=\"Madrid: Nuevo Barrio Campamento impulsa 10.700 viviendas\">Madrid: Nuevo Barrio Campamento impulsa 10.700 viviendas<\/a><a href=\"https:\/\/www.habitatinsulae.es\/ca\/madrid-nuevo-barrio-campamento-impulsa-10-700-viviendas\/#respond\" title=\"0 comments\" class=\"comments_number\">0<span class=\"arrow_comments\"><\/span><\/a><\/h2><ul class=\"post_details\"><li class=\"category\"><a class=\"category-2\" href=\"https:\/\/www.habitatinsulae.es\/ca\/category\/actualidad\/\" title=\"View all posts filed under Actualidad\">Actualidad<\/a>, <a class=\"category-3\" href=\"https:\/\/www.habitatinsulae.es\/ca\/category\/vivienda\/\" title=\"View all posts filed under Vivienda\">Vivienda<\/a><\/li><li class=\"date\">04\/14\/2026<\/li><\/ul><p>Madrid da un nuevo paso en vivienda asequible con la constituci\u00f3n de la Junta de Compensaci\u00f3n de Campamento. El proyecto prev\u00e9 10.700 viviendas, zonas verdes, nuevos equipamientos y una amplia conexi\u00f3n de transporte en el suroeste de la capital.<\/p>\n<a title=\"READ MORE\" href=\"https:\/\/www.habitatinsulae.es\/ca\/madrid-nuevo-barrio-campamento-impulsa-10-700-viviendas\/\" class=\"read_more\"><span class=\"arrow\"><\/span><span>READ MORE<\/span><\/a><\/li><\/ul><\/div><\/div><div class='pagination_container clearfix ajax theme_blog_3_columns_pagination page_margin_top'><ul class='pagination'><li class='selected'><a href='https:\/\/www.habitatinsulae.es\/ca\/wp-json\/wp\/v2\/pages\/168' data-page='1'>1<\/a><\/li><li><a href='https:\/\/www.habitatinsulae.es\/ca\/wp-json\/wp\/v2\/pages\/168\/page\/2\/' data-page='2'>2<\/a><\/li><li><a href='https:\/\/www.habitatinsulae.es\/ca\/wp-json\/wp\/v2\/pages\/168\/page\/3\/' data-page='3'>3<\/a><\/li><li class='pr_pagination_next'><a href='https:\/\/www.habitatinsulae.es\/ca\/wp-json\/wp\/v2\/pages\/168\/page\/2\/' data-page='2'>&rsaquo;<\/a><\/li><li class='pr_pagination_last'><a href='https:\/\/www.habitatinsulae.es\/ca\/wp-json\/wp\/v2\/pages\/168\/page\/17\/' data-page='17'>&raquo;<\/a><\/li><\/ul><span class='pr_preloader pagination_preloader'><\/span><\/div><input type=\"hidden\" name=\"theme_blog_3_columns_pagination\" value=\"{&quot;pr_pagination&quot;:&quot;1&quot;,&quot;items_per_page&quot;:&quot;9&quot;,&quot;featured_image_size&quot;:&quot;default&quot;,&quot;ids&quot;:&quot;-&quot;,&quot;category&quot;:&quot;-&quot;,&quot;author&quot;:&quot;-&quot;,&quot;order_by&quot;:&quot;date,title&quot;,&quot;order&quot;:&quot;DESC&quot;,&quot;featured_post&quot;:&quot;-&quot;,&quot;show_post_title&quot;:&quot;1&quot;,&quot;show_post_excerpt&quot;:&quot;1&quot;,&quot;read_more&quot;:&quot;1&quot;,&quot;read_more_featured&quot;:&quot;1&quot;,&quot;show_post_categories&quot;:&quot;1&quot;,&quot;show_post_author&quot;:&quot;0&quot;,&quot;show_post_date&quot;:&quot;1&quot;,&quot;post_details_layout&quot;:&quot;default&quot;,&quot;show_post_comments_box&quot;:&quot;1&quot;,&quot;show_more_page&quot;:&quot;-&quot;,&quot;show_more_label&quot;:&quot;READ MORE&quot;,&quot;top_margin&quot;:&quot;page_margin_top&quot;,&quot;monthnum&quot;:&quot;&quot;,&quot;day&quot;:&quot;&quot;,&quot;year&quot;:&quot;&quot;,&quot;w&quot;:&quot;&quot;,&quot;page_uri&quot;:&quot;\\\/ca\\\/wp-json\\\/wp\\\/v2\\\/pages\\\/168&quot;}\" \/><\/div><\/div><\/div>\n<\/div>","protected":false},"excerpt":{"rendered":"La vivienda asequible en Madrid suma un nuevo avance con la constituci\u00f3n ante notario de la Junta de Compensaci\u00f3n del Nuevo Barrio Campamento, un desarrollo urban\u00edstico que prev\u00e9 levantar 10.700 hogares asequibles en el distrito de Latina y transformar una amplia superficie de antiguas instalaciones militares en desuso. El acto cont\u00f3 con la presencia de","protected":false},"author":1,"featured_media":0,"parent":0,"menu_order":0,"comment_status":"open","ping_status":"open","template":"","meta":{"footnotes":""},"class_list":["post-168","page","type-page","status-publish","hentry"],"aioseo_notices":[],"_wp_attached_file":null,"_wp_attachment_metadata":null,"cmsmasters_profile_title":null,"cmsmasters_profile_details_title":null,"cmsmasters_profile_social":null,"cmsmasters_profile_features":null,"cmsmasters_profile_features_one":null,"cmsmasters_profile_features_two":null,"cmsmasters_profile_features_three":null,"cmsmasters_profile_sharing_box":null,"cmsmasters_profile_read_more":null,"cmsmasters_profile_subtitle":null,"cmsmasters_profile_featured_image":null,"cmsmasters_project_columns":null,"cmsmasters_project_video_type":null,"cmsmasters_project_video_links":null,"cmsmasters_project_title":null,"cmsmasters_project_size":null,"cmsmasters_project_details_title":null,"cmsmasters_project_features":null,"cmsmasters_project_link_text":null,"cmsmasters_project_link_redirect":null,"cmsmasters_project_link_target":null,"cmsmasters_project_features_one":null,"cmsmasters_project_features_two":null,"cmsmasters_project_features_three":null,"cmsmasters_project_sharing_box":null,"cmsmasters_project_author_box":null,"cmsmasters_project_more_posts":null,"cmsmasters_project_project_options":null,"cmsmasters_project_read_more":null,"cmsmasters_project_images":null,"cmsmasters_project_image_show":null,"_oembed_b1ccef4f7d7ec9ee9f363a917754e485":null,"_oembed_time_b1ccef4f7d7ec9ee9f363a917754e485":null,"_oembed_94f7d3c89c139230786a25858f781fe7":null,"_oembed_time_94f7d3c89c139230786a25858f781fe7":null,"_oembed_0902e555d5b62bccd72f45d83d98b16e":null,"_oembed_time_0902e555d5b62bccd72f45d83d98b16e":null,"cmsmasters_project_puzzle_image":null,"_wp_attachment_context":null,"_eael_custom_js":null,"_menu_item_type":null,"_menu_item_menu_item_parent":null,"_menu_item_object_id":null,"_menu_item_object":null,"_menu_item_target":null,"_menu_item_classes":null,"_menu_item_xfn":null,"_menu_item_url":null,"_wp_page_template":"default","_wpb_vc_js_interface_version":"2","vc_teaser":{"data":"[{\"name\":\"title\",\"link\":\"post\"},{\"name\":\"image\",\"image\":\"featured\",\"link\":\"none\"},{\"name\":\"text\",\"mode\":\"excerpt\"}]","bgcolor":""},"_post_restored_from":null,"pressroom_review_average":null,"before_widget":null,"after_widget":null,"before_title":null,"after_title":null,"hidden":null,"_wp_attachment_image_alt":null,"rank_math_primary_category":null,"rank_math_seo_score":null,"rank_math_contentai_score":null,"rank_math_title":null,"rank_math_schema_article":null,"rank_math_shortcode_schema_s-687fa54b292b3":null,"rank_math_description":null,"rank_math_focus_keyword":null,"om_disable_all_campaigns":null,"original-file":null,"smush-complete":null,"smush-info":null,"smush-stats":null,"_monsterinsights_sitenote_active":null,"_yoast_wpseo_primary_category":null,"_yoast_wpseo_content_score":null,"_yoast_wpseo_estimated-reading-time-minutes":null,"_yoast_wpseo_metadesc":null,"_cmplz_scanned_post":null,"_aioseop_title":null,"_aioseop_description":null,"_aioseop_keywords":null,"_wpb_post_custom_seo_settings":null,"_wpb_post_custom_css":null,"enclosure":null,"_oembed_917c769c7dbf5d57ddaf9c4330ca4b4f":null,"_elementor_edit_mode":null,"_elementor_template_type":null,"cmsmasters_shortcodes_custom_css":null,"cmsmasters_post_image_show":null,"cmsmasters_post_image_link":null,"cmsmasters_post_images":null,"cmsmasters_post_video_type":null,"cmsmasters_post_video_link":null,"cmsmasters_post_video_links":null,"cmsmasters_post_audio_links":null,"cmsmasters_post_title":null,"cmsmasters_post_sharing_box":null,"cmsmasters_post_author_box":null,"cmsmasters_post_more_posts":null,"cmsmasters_post_read_more":null,"cmsmasters_page_scheme":null,"cmsmasters_layout":null,"cmsmasters_sidebar_id":null,"cmsmasters_bottom_sidebar":null,"cmsmasters_bottom_sidebar_id":null,"cmsmasters_bottom_sidebar_layout":null,"cmsmasters_bg_default":null,"cmsmasters_bg_col":null,"cmsmasters_bg_img_enable":null,"cmsmasters_bg_img":null,"cmsmasters_bg_rep":null,"cmsmasters_bg_pos":null,"cmsmasters_bg_att":null,"cmsmasters_bg_size":null,"cmsmasters_heading":null,"cmsmasters_heading_title":null,"cmsmasters_heading_subtitle":null,"cmsmasters_heading_icon":null,"cmsmasters_heading_alignment":null,"cmsmasters_heading_scheme":null,"cmsmasters_heading_bg_img_enable":null,"cmsmasters_heading_bg_img":null,"cmsmasters_heading_bg_rep":null,"cmsmasters_heading_bg_att":null,"cmsmasters_heading_bg_size":null,"cmsmasters_heading_bg_color":null,"cmsmasters_heading_height":null,"cmsmasters_breadcrumbs":null,"cmsmasters_composer_show":null,"cmsmasters_gutenberg_show":null,"cmsmasters_composer_fullscreen":null,"slide_template":null,"_wp_old_slug":null,"cmsmasters_likes":null,"_thumbnail_id":null,"_elementor_version":null,"_elementor_pro_version":null,"_elementor_data":null,"_wpb_vc_editor_type":"classic","_wpb_vc_js_status":"true","pressroom_primary_category":"","pressroom_featured_caption":"","pressroom_featured_caption_author":"","pressroom_video_url":"","pressroom_post_url":"","pressroom_quote_text":"","pressroom_quote_author":"","pressroom_audio_url":"","social_icon_type":[],"social_icon_url":"","social_icon_target":"","pressroom_attachment_ids":"","pressroom_images":[],"pressroom_images_titles":"","pressroom_images_descriptions":"","pressroom_videos":"","pressroom_iframes":"","pressroom_is_review":"","pressroom_points_scale":"","pressroom_review_label":[],"pressroom_review_value":[],"pressroom_review_title":"","pressroom_review_description":"","page_sidebar_header":"","page_sidebar_top":"","page_sidebar_right":"","page_sidebar_footer_top":"647","page_sidebar_footer_bottom":"648","pressroom_page_sidebars":["647","648"],"_vc_post_settings":{"vc_grid":[]},"post_views_count":null,"_edit_last":null,"_edit_lock":null,"_wpb_post_custom_layout":null,"rank_math_internal_links_processed":null,"footnotes":null,"_wp_old_date":null,"_aioseo_title":null,"_aioseo_description":null,"_aioseo_keywords":null,"_aioseo_og_title":null,"_aioseo_og_description":null,"_aioseo_og_article_section":null,"_aioseo_og_article_tags":null,"_aioseo_twitter_title":null,"_aioseo_twitter_description":null,"_cdp_origin":null,"_cdp_origin_site":null,"_cdp_origin_title":null,"_cdp_counter":null,"cmplz_hide_cookiebanner":null,"_links":{"self":[{"href":"https:\/\/www.habitatinsulae.es\/ca\/wp-json\/wp\/v2\/pages\/168","targetHints":{"allow":["GET"]}}],"collection":[{"href":"https:\/\/www.habitatinsulae.es\/ca\/wp-json\/wp\/v2\/pages"}],"about":[{"href":"https:\/\/www.habitatinsulae.es\/ca\/wp-json\/wp\/v2\/types\/page"}],"author":[{"embeddable":true,"href":"https:\/\/www.habitatinsulae.es\/ca\/wp-json\/wp\/v2\/users\/1"}],"replies":[{"embeddable":true,"href":"https:\/\/www.habitatinsulae.es\/ca\/wp-json\/wp\/v2\/comments?post=168"}],"version-history":[{"count":0,"href":"https:\/\/www.habitatinsulae.es\/ca\/wp-json\/wp\/v2\/pages\/168\/revisions"}],"wp:attachment":[{"href":"https:\/\/www.habitatinsulae.es\/ca\/wp-json\/wp\/v2\/media?parent=168"}],"curies":[{"name":"wp","href":"https:\/\/api.w.org\/{rel}","templated":true}]}}