




{"id":165,"date":"2015-01-09T09:40:06","date_gmt":"2015-01-09T09:40:06","guid":{"rendered":"http:\/\/localhost\/wordpress\/pressroom\/?page_id=165"},"modified":"2015-01-09T09:40:06","modified_gmt":"2015-01-09T09:40:06","slug":"blog-1-column-left-sidebar","status":"publish","type":"page","link":"https:\/\/www.habitatinsulae.es\/ca\/blog-1-column-left-sidebar\/","title":{"rendered":"Blog 1 Column Left Sidebar"},"content":{"rendered":"<div class=\"wpb-content-wrapper\"><div class=\"vc_row wpb_row vc_row-fluid\"><div class=\"wpb_column vc_column_container vc_col-sm-12\"><div class=\"wpb_wrapper\"><div class=\"divider_block clearfix\"><hr class=\"divider first\"><hr class=\"divider subheader_arrow\"><hr class=\"divider last\"><\/div><\/div><\/div><\/div><div class=\"vc_row wpb_row vc_row-fluid\"><div class=\"wpb_column vc_column_container vc_col-sm-4\"><div class=\"wpb_wrapper\"><div class=\"clearfix tabs no_scroll page_margin_top\" data-interval=\"0\">\n\t\t\t<ul class=\"tabs_navigation clearfix\"><li><a href=\"#sidebar-most-read8640-8f48\" class=\"\">Most Read<\/a><\/li><li><a href=\"#sidebar-most-commented8640-8f48\" class=\"\">Commented<\/a><\/li><\/ul>\n\n\t\t\t\n\t\t\t<div id=\"sidebar-most-read8640-8f48\" class=\"wpb_tab\">\n\t\t\t\t<ul class=\"blog rating clearfix page_margin_top\"><li class=\"post\"><a href=\"https:\/\/www.habitatinsulae.es\/ca\/genivs-lanza-el-primer-fondo-de-alto-impacto-social-en-vivienda-para-jovenes-en-espana\/\" title=\"GENIVS lanza el primer fondo de alto impacto social en vivienda para j\u00f3venes en Espa\u00f1a\"><img decoding=\"async\" width=\"510\" height=\"187\" src=\"https:\/\/www.habitatinsulae.es\/wp-content\/uploads\/2025\/09\/Socios-Fundadores-de-Genivs-510x187.jpg\" class=\"attachment-blog-post-thumb-medium size-blog-post-thumb-medium wp-post-image\" alt=\"Blog 1 Column Left Sidebar\" title=\"\" \/><\/a><div class=\"post_content\">\r\n\t\t\t\t<span class=\"number animated_element\" data-value=\"1384\"><\/span>\r\n\t\t\t\t<h5><a href=\"https:\/\/www.habitatinsulae.es\/ca\/genivs-lanza-el-primer-fondo-de-alto-impacto-social-en-vivienda-para-jovenes-en-espana\/\" title=\"GENIVS lanza el primer fondo de alto impacto social en vivienda para j\u00f3venes en Espa\u00f1a\">GENIVS lanza el primer fondo de alto impacto social en vivienda para j\u00f3venes en Espa\u00f1a<\/a><\/h5><ul class=\"post_details simple\"><li class=\"category\"><a class=\"category-3\" href=\"https:\/\/www.habitatinsulae.es\/ca\/category\/vivienda\/\" title=\"View all posts filed under Vivienda\">Vivienda<\/a>, <a class=\"category-156\" href=\"https:\/\/www.habitatinsulae.es\/ca\/category\/vivienda\/vivienda-social\/\" title=\"View all posts filed under Vivienda Social\">Vivienda Social<\/a><\/li><li class=\"date\">09\/30\/2025<\/li><\/ul><\/div><\/li><li class=\"post\"><div class=\"post_content\">\r\n\t\t\t\t<span class=\"number animated_element\" data-value=\"1092\"><\/span>\r\n\t\t\t\t<h5><a href=\"https:\/\/www.habitatinsulae.es\/ca\/las-capitales-espanolas-lideran-la-demanda-de-viviendas\/\" title=\"Las capitales espa\u00f1olas lideran la demanda de vivienda\">Las capitales espa\u00f1olas lideran la demanda de vivienda<\/a><\/h5><ul class=\"post_details simple\"><li class=\"category container-category-3\"><a class=\"category-3\" href=\"https:\/\/www.habitatinsulae.es\/ca\/category\/vivienda\/\" title=\"View all posts filed under Vivienda\">Vivienda<\/a><\/li><li class=\"date\">07\/27\/2025<\/li><\/ul><\/div><\/li><li class=\"post\"><div class=\"post_content\">\r\n\t\t\t\t<span class=\"number animated_element\" data-value=\"996\"><\/span>\r\n\t\t\t\t<h5><a href=\"https:\/\/www.habitatinsulae.es\/ca\/ico-impulsa-10000-viviendas-sociales-con-550-me\/\" title=\"ICO impulsa 10.000 viviendas sociales con 550 M\u20ac\">ICO impulsa 10.000 viviendas sociales con 550 M\u20ac<\/a><\/h5><ul class=\"post_details simple\"><li class=\"category container-category-95\"><a class=\"category-95\" href=\"https:\/\/www.habitatinsulae.es\/ca\/category\/fonos-inversion-social\/\" title=\"View all posts filed under Fondos e Inversi\u00f3n Social\">Fondos e Inversi\u00f3n Social<\/a><\/li><li class=\"date\">07\/10\/2025<\/li><\/ul><\/div><\/li><li class=\"post\"><div class=\"post_content\">\r\n\t\t\t\t<span class=\"number animated_element\" data-value=\"874\"><\/span>\r\n\t\t\t\t<h5><a href=\"https:\/\/www.habitatinsulae.es\/ca\/el-precio-de-la-vivienda-nueva-en-madrid-roza-los-5-000-e-m-2\/\" title=\"El Precio de la vivienda nueva en Madrid roza los 5\u202f000\u202f\u20ac \/ m\u00b2\">El Precio de la vivienda nueva en Madrid roza los 5\u202f000\u202f\u20ac \/ m\u00b2<\/a><\/h5><ul class=\"post_details simple\"><li class=\"category container-category-94\"><a class=\"category-94\" href=\"https:\/\/www.habitatinsulae.es\/ca\/category\/datos-analisis\/\" title=\"View all posts filed under Datos y An\u00e1lisis\">Datos y An\u00e1lisis<\/a><\/li><li class=\"date\">07\/05\/2025<\/li><\/ul><\/div><\/li><li class=\"post\"><div class=\"post_content\">\r\n\t\t\t\t<span class=\"number animated_element\" data-value=\"858\"><\/span>\r\n\t\t\t\t<h5><a href=\"https:\/\/www.habitatinsulae.es\/ca\/metropolitan-house-presenta-un-estudio-pionero-sobre-industrializacion-para-acelerar-el-acceso-a-la-vivienda-asequible-y-sostenible-2\/\" title=\"Metropolitan House presenta un estudio pionero sobre industrializaci\u00f3n para acelerar el acceso a la vivienda asequible y sostenible\">Metropolitan House presenta un estudio pionero sobre industrializaci\u00f3n para acelerar el acceso a la vivienda asequible y sostenible<\/a><\/h5><ul class=\"post_details simple\"><li class=\"category container-category-2\"><a class=\"category-2\" href=\"https:\/\/www.habitatinsulae.es\/ca\/category\/actualidad\/\" title=\"View all posts filed under Actualidad\">Actualidad<\/a><\/li><li class=\"date\">08\/06\/2025<\/li><\/ul><\/div><\/li><\/ul>\n\t\t\t<\/div> \n\t\t\t<div id=\"sidebar-most-commented8640-8f48\" class=\"wpb_tab\">\n\t\t\t\t<ul class=\"blog rating clearfix page_margin_top\"><li class=\"post\"><a href=\"https:\/\/www.habitatinsulae.es\/ca\/genivs-lanza-el-primer-fondo-de-alto-impacto-social-en-vivienda-para-jovenes-en-espana\/\" title=\"GENIVS lanza el primer fondo de alto impacto social en vivienda para j\u00f3venes en Espa\u00f1a\"><img decoding=\"async\" width=\"510\" height=\"187\" src=\"https:\/\/www.habitatinsulae.es\/wp-content\/uploads\/2025\/09\/Socios-Fundadores-de-Genivs-510x187.jpg\" class=\"attachment-blog-post-thumb-medium size-blog-post-thumb-medium wp-post-image\" alt=\"Blog 1 Column Left Sidebar\" title=\"\" \/><\/a><div class=\"post_content\">\r\n\t\t\t\t<span class=\"number animated_element\" data-value=\"3\"><\/span>\r\n\t\t\t\t<h5><a href=\"https:\/\/www.habitatinsulae.es\/ca\/genivs-lanza-el-primer-fondo-de-alto-impacto-social-en-vivienda-para-jovenes-en-espana\/\" title=\"GENIVS lanza el primer fondo de alto impacto social en vivienda para j\u00f3venes en Espa\u00f1a\">GENIVS lanza el primer fondo de alto impacto social en vivienda para j\u00f3venes en Espa\u00f1a<\/a><\/h5><ul class=\"post_details simple\"><li class=\"category\"><a class=\"category-3\" href=\"https:\/\/www.habitatinsulae.es\/ca\/category\/vivienda\/\" title=\"View all posts filed under Vivienda\">Vivienda<\/a>, <a class=\"category-156\" href=\"https:\/\/www.habitatinsulae.es\/ca\/category\/vivienda\/vivienda-social\/\" title=\"View all posts filed under Vivienda Social\">Vivienda Social<\/a><\/li><li class=\"date\">09\/30\/2025<\/li><\/ul><\/div><\/li><li class=\"post\"><div class=\"post_content\">\r\n\t\t\t\t<span class=\"number animated_element\" data-value=\"3\"><\/span>\r\n\t\t\t\t<h5><a href=\"https:\/\/www.habitatinsulae.es\/ca\/un-nuevo-modelo-de-inversion-de-impacto-para-transformar-el-acceso-a-la-vivienda-en-espana\/\" title=\"Un nuevo modelo de inversi\u00f3n de impacto para transformar el acceso a la vivienda en Espa\u00f1a\">Un nuevo modelo de inversi\u00f3n de impacto para transformar el acceso a la vivienda en Espa\u00f1a<\/a><\/h5><ul class=\"post_details simple\"><li class=\"category container-category-160\"><a class=\"category-160\" href=\"https:\/\/www.habitatinsulae.es\/ca\/category\/inversiones-de-impacto\/\" title=\"View all posts filed under Inversiones de Impacto\">Inversiones de Impacto<\/a><\/li><li class=\"date\">08\/05\/2025<\/li><\/ul><\/div><\/li><li class=\"post\"><div class=\"post_content\">\r\n\t\t\t\t<span class=\"number animated_element\" data-value=\"3\"><\/span>\r\n\t\t\t\t<h5><a href=\"https:\/\/www.habitatinsulae.es\/ca\/ue-prioridad-vivienda-2025\/\" title=\"La vivienda, prioridad dom\u00e9stica en la UE\">La vivienda, prioridad dom\u00e9stica en la UE<\/a><\/h5><ul class=\"post_details simple\"><li class=\"category container-category-96\"><a class=\"category-96\" href=\"https:\/\/www.habitatinsulae.es\/ca\/category\/politica\/\" title=\"View all posts filed under Pol\u00edtica\">Pol\u00edtica<\/a><\/li><li class=\"date\">09\/15\/2025<\/li><\/ul><\/div><\/li><li class=\"post\"><div class=\"post_content\">\r\n\t\t\t\t<span class=\"number animated_element\" data-value=\"2\"><\/span>\r\n\t\t\t\t<h5><a href=\"https:\/\/www.habitatinsulae.es\/ca\/plan-suma-vivienda-madrid-licita-600-pisos\/\" title=\"Plan Suma Vivienda Madrid licita 600 pisos\">Plan Suma Vivienda Madrid licita 600 pisos<\/a><\/h5><ul class=\"post_details simple\"><li class=\"category container-category-3\"><a class=\"category-3\" href=\"https:\/\/www.habitatinsulae.es\/ca\/category\/vivienda\/\" title=\"View all posts filed under Vivienda\">Vivienda<\/a><\/li><li class=\"date\">11\/05\/2025<\/li><\/ul><\/div><\/li><li class=\"post\"><div class=\"post_content\">\r\n\t\t\t\t<span class=\"number animated_element\" data-value=\"1\"><\/span>\r\n\t\t\t\t<h5><a href=\"https:\/\/www.habitatinsulae.es\/ca\/nuevo-registro-estatal-frena-el-boom-de-pisos-turisticos-casi-la-mitad-de-solicitudes-rechazadas-este-verano\/\" title=\"Nuevo registro estatal frena el boom de pisos tur\u00edsticos: casi la mitad de solicitudes rechazadas este verano\">Nuevo registro estatal frena el boom de pisos tur\u00edsticos: casi la mitad de solicitudes rechazadas este verano<\/a><\/h5><ul class=\"post_details simple\"><li class=\"category container-category-3\"><a class=\"category-3\" href=\"https:\/\/www.habitatinsulae.es\/ca\/category\/vivienda\/\" title=\"View all posts filed under Vivienda\">Vivienda<\/a><\/li><li class=\"date\">09\/05\/2025<\/li><\/ul><\/div><\/li><\/ul>\n\t\t\t<\/div> \n\t\t<\/div><h4 class=\"box_header page_margin_top_section\">Latest Posts<\/h4><div class=\"vertical_carousel_container clearfix\"><ul class=\"blog small vertical_carousel visible-3 autoplay-0 pause_on_hover-1 scroll-1\"><li class=\"post\">\r\n\t\t\t<a href=\"https:\/\/www.habitatinsulae.es\/ca\/vivienda-madrid-impulsa-18-000-hogares-en-cuatro-anos\/\" title=\"Vivienda: Madrid impulsa 18.000 hogares en cuatro a\u00f1os\" class=\"post_image clearfix\"><img decoding=\"async\" width=\"100\" height=\"100\" src=\"https:\/\/www.habitatinsulae.es\/wp-content\/uploads\/2026\/04\/imagen_2026-04-22_145155092-100x100.jpg\" class=\"attachment-pressroom-small-thumb size-pressroom-small-thumb wp-post-image\" alt=\"Vivienda: Madrid impulsa 18.000 hogares en cuatro a\u00f1os\" title=\"\" srcset=\"https:\/\/www.habitatinsulae.es\/wp-content\/uploads\/2026\/04\/imagen_2026-04-22_145155092-100x100.jpg 100w, https:\/\/www.habitatinsulae.es\/wp-content\/uploads\/2026\/04\/imagen_2026-04-22_145155092-150x150.jpg 150w, https:\/\/www.habitatinsulae.es\/wp-content\/uploads\/2026\/04\/imagen_2026-04-22_145155092-524x524.jpg 524w\" sizes=\"(max-width: 100px) 100vw, 100px\" \/><\/a><div class=\"post_content\"><h5><a href=\"https:\/\/www.habitatinsulae.es\/ca\/vivienda-madrid-impulsa-18-000-hogares-en-cuatro-anos\/\" title=\"Vivienda: Madrid impulsa 18.000 hogares en cuatro a\u00f1os\">Vivienda: Madrid impulsa 18.000 hogares en cuatro a\u00f1os<\/a><\/h5>\r\n\t\t\t<ul class=\"post_details simple\"><li class=\"category\"><a class=\"category-95\" href=\"https:\/\/www.habitatinsulae.es\/ca\/category\/fonos-inversion-social\/\" title=\"View all posts filed under Fondos e Inversi\u00f3n Social\">Fondos e Inversi\u00f3n Social<\/a>, <a class=\"category-96\" href=\"https:\/\/www.habitatinsulae.es\/ca\/category\/politica\/\" title=\"View all posts filed under Pol\u00edtica\">Pol\u00edtica<\/a>, <a class=\"category-3\" href=\"https:\/\/www.habitatinsulae.es\/ca\/category\/vivienda\/\" title=\"View all posts filed under Vivienda\">Vivienda<\/a><\/li><li class=\"date\">04\/25\/2026<\/li>\r\n\t\t\t<\/ul><\/div><\/li><li class=\"post\">\r\n\t\t\t<a href=\"https:\/\/www.habitatinsulae.es\/ca\/el-gobierno-aprueba-plan-de-vivienda-con-7-000-millones\/\" title=\"El Gobierno aprueba plan de vivienda con 7.000 millones\" class=\"post_image clearfix\"><img decoding=\"async\" width=\"100\" height=\"100\" src=\"https:\/\/www.habitatinsulae.es\/wp-content\/uploads\/2026\/04\/imagen_2026-04-22_144225612-100x100.jpg\" class=\"attachment-pressroom-small-thumb size-pressroom-small-thumb wp-post-image\" alt=\"El Gobierno aprueba plan de vivienda con 7.000 millones\" title=\"\" srcset=\"https:\/\/www.habitatinsulae.es\/wp-content\/uploads\/2026\/04\/imagen_2026-04-22_144225612-100x100.jpg 100w, https:\/\/www.habitatinsulae.es\/wp-content\/uploads\/2026\/04\/imagen_2026-04-22_144225612-150x150.jpg 150w, https:\/\/www.habitatinsulae.es\/wp-content\/uploads\/2026\/04\/imagen_2026-04-22_144225612-524x524.jpg 524w\" sizes=\"(max-width: 100px) 100vw, 100px\" \/><\/a><div class=\"post_content\"><h5><a href=\"https:\/\/www.habitatinsulae.es\/ca\/el-gobierno-aprueba-plan-de-vivienda-con-7-000-millones\/\" title=\"El Gobierno aprueba plan de vivienda con 7.000 millones\">El Gobierno aprueba plan de vivienda con 7.000 millones<\/a><\/h5>\r\n\t\t\t<ul class=\"post_details simple\"><li class=\"category\"><a class=\"category-95\" href=\"https:\/\/www.habitatinsulae.es\/ca\/category\/fonos-inversion-social\/\" title=\"View all posts filed under Fondos e Inversi\u00f3n Social\">Fondos e Inversi\u00f3n Social<\/a>, <a class=\"category-96\" href=\"https:\/\/www.habitatinsulae.es\/ca\/category\/politica\/\" title=\"View all posts filed under Pol\u00edtica\">Pol\u00edtica<\/a>, <a class=\"category-3\" href=\"https:\/\/www.habitatinsulae.es\/ca\/category\/vivienda\/\" title=\"View all posts filed under Vivienda\">Vivienda<\/a><\/li><li class=\"date\">04\/24\/2026<\/li>\r\n\t\t\t<\/ul><\/div><\/li><li class=\"post\">\r\n\t\t\t<a href=\"https:\/\/www.habitatinsulae.es\/ca\/el-plan-estatal-eleva-las-ayudas-hasta-102-000-e\/\" title=\"El plan estatal eleva las ayudas hasta 102.000 \u20ac\" class=\"post_image clearfix\"><img decoding=\"async\" width=\"100\" height=\"100\" src=\"https:\/\/www.habitatinsulae.es\/wp-content\/uploads\/2026\/04\/imagen_2026-04-22_141955538-100x100.jpg\" class=\"attachment-pressroom-small-thumb size-pressroom-small-thumb wp-post-image\" alt=\"El plan estatal eleva las ayudas hasta 102.000 \u20ac\" title=\"\" srcset=\"https:\/\/www.habitatinsulae.es\/wp-content\/uploads\/2026\/04\/imagen_2026-04-22_141955538-100x100.jpg 100w, https:\/\/www.habitatinsulae.es\/wp-content\/uploads\/2026\/04\/imagen_2026-04-22_141955538-150x150.jpg 150w, https:\/\/www.habitatinsulae.es\/wp-content\/uploads\/2026\/04\/imagen_2026-04-22_141955538-524x524.jpg 524w\" sizes=\"(max-width: 100px) 100vw, 100px\" \/><\/a><div class=\"post_content\"><h5><a href=\"https:\/\/www.habitatinsulae.es\/ca\/el-plan-estatal-eleva-las-ayudas-hasta-102-000-e\/\" title=\"El plan estatal eleva las ayudas hasta 102.000 \u20ac\">El plan estatal eleva las ayudas hasta 102.000 \u20ac<\/a><\/h5>\r\n\t\t\t<ul class=\"post_details simple\"><li class=\"category\"><a class=\"category-95\" href=\"https:\/\/www.habitatinsulae.es\/ca\/category\/fonos-inversion-social\/\" title=\"View all posts filed under Fondos e Inversi\u00f3n Social\">Fondos e Inversi\u00f3n Social<\/a>, <a class=\"category-96\" href=\"https:\/\/www.habitatinsulae.es\/ca\/category\/politica\/\" title=\"View all posts filed under Pol\u00edtica\">Pol\u00edtica<\/a>, <a class=\"category-3\" href=\"https:\/\/www.habitatinsulae.es\/ca\/category\/vivienda\/\" title=\"View all posts filed under Vivienda\">Vivienda<\/a><\/li><li class=\"date\">04\/24\/2026<\/li>\r\n\t\t\t<\/ul><\/div><\/li><li class=\"post\">\r\n\t\t\t<a href=\"https:\/\/www.habitatinsulae.es\/ca\/vivienda-asequible-42-pisos-sociales-en-poblenou\/\" title=\"Vivienda asequible: 42 pisos sociales en Poblenou\" class=\"post_image clearfix\"><img decoding=\"async\" width=\"100\" height=\"100\" src=\"https:\/\/www.habitatinsulae.es\/wp-content\/uploads\/2026\/04\/imagen_2026-04-22_135958235-100x100.jpg\" class=\"attachment-pressroom-small-thumb size-pressroom-small-thumb wp-post-image\" alt=\"Vivienda asequible: 42 pisos sociales en Poblenou\" title=\"\" srcset=\"https:\/\/www.habitatinsulae.es\/wp-content\/uploads\/2026\/04\/imagen_2026-04-22_135958235-100x100.jpg 100w, https:\/\/www.habitatinsulae.es\/wp-content\/uploads\/2026\/04\/imagen_2026-04-22_135958235-150x150.jpg 150w, https:\/\/www.habitatinsulae.es\/wp-content\/uploads\/2026\/04\/imagen_2026-04-22_135958235-524x524.jpg 524w\" sizes=\"(max-width: 100px) 100vw, 100px\" \/><\/a><div class=\"post_content\"><h5><a href=\"https:\/\/www.habitatinsulae.es\/ca\/vivienda-asequible-42-pisos-sociales-en-poblenou\/\" title=\"Vivienda asequible: 42 pisos sociales en Poblenou\">Vivienda asequible: 42 pisos sociales en Poblenou<\/a><\/h5>\r\n\t\t\t<ul class=\"post_details simple\"><li class=\"category\"><a class=\"category-2\" href=\"https:\/\/www.habitatinsulae.es\/ca\/category\/actualidad\/\" title=\"View all posts filed under Actualidad\">Actualidad<\/a>, <a class=\"category-61\" href=\"https:\/\/www.habitatinsulae.es\/ca\/category\/iniciativas\/\" title=\"View all posts filed under Iniciativas\">Iniciativas<\/a>, <a class=\"category-3\" href=\"https:\/\/www.habitatinsulae.es\/ca\/category\/vivienda\/\" title=\"View all posts filed under Vivienda\">Vivienda<\/a><\/li><li class=\"date\">04\/23\/2026<\/li>\r\n\t\t\t<\/ul><\/div><\/li><li class=\"post\">\r\n\t\t\t<a href=\"https:\/\/www.habitatinsulae.es\/ca\/vivienda-apcespana-ve-insuficiente-el-plan-2026-2030\/\" title=\"Vivienda: APCEspa\u00f1a ve insuficiente el plan 2026-2030\" class=\"post_image clearfix\"><img decoding=\"async\" width=\"100\" height=\"100\" src=\"https:\/\/www.habitatinsulae.es\/wp-content\/uploads\/2026\/04\/ChatGPT-Image-22-abr-2026-13_41_38-100x100.jpg\" class=\"attachment-pressroom-small-thumb size-pressroom-small-thumb wp-post-image\" alt=\"Vivienda: APCEspa\u00f1a ve insuficiente el plan 2026-2030\" title=\"\" srcset=\"https:\/\/www.habitatinsulae.es\/wp-content\/uploads\/2026\/04\/ChatGPT-Image-22-abr-2026-13_41_38-100x100.jpg 100w, https:\/\/www.habitatinsulae.es\/wp-content\/uploads\/2026\/04\/ChatGPT-Image-22-abr-2026-13_41_38-150x150.jpg 150w, https:\/\/www.habitatinsulae.es\/wp-content\/uploads\/2026\/04\/ChatGPT-Image-22-abr-2026-13_41_38-524x524.jpg 524w\" sizes=\"(max-width: 100px) 100vw, 100px\" \/><\/a><div class=\"post_content\"><h5><a href=\"https:\/\/www.habitatinsulae.es\/ca\/vivienda-apcespana-ve-insuficiente-el-plan-2026-2030\/\" title=\"Vivienda: APCEspa\u00f1a ve insuficiente el plan 2026-2030\">Vivienda: APCEspa\u00f1a ve insuficiente el plan 2026-2030<\/a><\/h5>\r\n\t\t\t<ul class=\"post_details simple\"><li class=\"category\"><a class=\"category-95\" href=\"https:\/\/www.habitatinsulae.es\/ca\/category\/fonos-inversion-social\/\" title=\"View all posts filed under Fondos e Inversi\u00f3n Social\">Fondos e Inversi\u00f3n Social<\/a>, <a class=\"category-96\" href=\"https:\/\/www.habitatinsulae.es\/ca\/category\/politica\/\" title=\"View all posts filed under Pol\u00edtica\">Pol\u00edtica<\/a>, <a class=\"category-3\" href=\"https:\/\/www.habitatinsulae.es\/ca\/category\/vivienda\/\" title=\"View all posts filed under Vivienda\">Vivienda<\/a><\/li><li class=\"date\">04\/22\/2026<\/li>\r\n\t\t\t<\/ul><\/div><\/li><\/ul><\/div><h4 class=\"box_header page_margin_top_section\">Top Authors<\/h4><ul class=\"authors rating clearfix\"><li class=\"single-author\">\r\n\t\t\t\t<a class=\"thumb\" href=\"https:\/\/www.habitatinsulae.es\/ca\/author\/admin1605\/\" title=\"Redacci\u00f3n\"><span class=\"number animated_element\" data-value=\"75\"><\/span><\/a>\r\n\t\t\t\t<div class=\"details\">\r\n\t\t\t\t\t<h5><a href=\"https:\/\/www.habitatinsulae.es\/ca\/author\/admin1605\/\" title=\"Redacci\u00f3n\">Redacci\u00f3n<\/a><\/h5>\r\n\t\t\t\t\t<h6>ADMINISTRATOR<\/h6>\r\n\t\t\t\t<\/div>\r\n\t\t\t<\/li><li class=\"single-author\">\r\n\t\t\t\t<a class=\"thumb\" href=\"https:\/\/www.habitatinsulae.es\/ca\/author\/redaccion\/\" title=\"Redaccion\"><span class=\"number animated_element\" data-value=\"72\"><\/span><\/a>\r\n\t\t\t\t<div class=\"details\">\r\n\t\t\t\t\t<h5><a href=\"https:\/\/www.habitatinsulae.es\/ca\/author\/redaccion\/\" title=\"Redaccion\">Redaccion<\/a><\/h5>\r\n\t\t\t\t\t<h6>EDITOR<\/h6>\r\n\t\t\t\t<\/div>\r\n\t\t\t<\/li><li class=\"single-author\">\r\n\t\t\t\t<a class=\"thumb\" href=\"https:\/\/www.habitatinsulae.es\/ca\/author\/daroca777\/\" title=\"David Rodr\u00edguez\"><span class=\"number animated_element\" data-value=\"1\"><\/span><\/a>\r\n\t\t\t\t<div class=\"details\">\r\n\t\t\t\t\t<h5><a href=\"https:\/\/www.habitatinsulae.es\/ca\/author\/daroca777\/\" title=\"David Rodr\u00edguez\">David Rodr\u00edguez<\/a><\/h5>\r\n\t\t\t\t\t<h6>ADMINISTRATOR<\/h6>\r\n\t\t\t\t<\/div>\r\n\t\t\t<\/li><\/ul><\/div><\/div><div class=\"wpb_column vc_column_container vc_col-sm-8\"><div class=\"wpb_wrapper\"><div class=\"vc_row wpb_row vc_row-fluid\"><ul class=\"blog clearfix big\"><li class=\"post post-15035 type-post status-publish format-standard has-post-thumbnail hentry category-vivienda category-vivienda-social tag-alquiler-asequible tag-inversion-social tag-vivienda tag-vivienda-protegida tag-zaragoza\"><a class=\"post_image\" href=\"https:\/\/www.habitatinsulae.es\/ca\/zaragoza-sortea-8-viviendas-en-alquiler-con-opcion-a-compra\/\" title=\"Zaragoza sortea 8 viviendas protegidas en alquiler con opci\u00f3n de compra\"><img decoding=\"async\" width=\"330\" height=\"242\" src=\"https:\/\/www.habitatinsulae.es\/wp-content\/uploads\/2025\/11\/zaragoza-sortea-8-viviendas-330x242.jpg\" class=\"attachment-blog-post-thumb size-blog-post-thumb wp-post-image\" alt=\"Zaragoza sortea 8 viviendas protegidas en alquiler con opci\u00f3n de compra\" title=\"\" srcset=\"https:\/\/www.habitatinsulae.es\/wp-content\/uploads\/2025\/11\/zaragoza-sortea-8-viviendas-330x242.jpg 330w, https:\/\/www.habitatinsulae.es\/wp-content\/uploads\/2025\/11\/zaragoza-sortea-8-viviendas-18x12.jpg 18w, https:\/\/www.habitatinsulae.es\/wp-content\/uploads\/2025\/11\/zaragoza-sortea-8-viviendas-510x374.jpg 510w, https:\/\/www.habitatinsulae.es\/wp-content\/uploads\/2025\/11\/zaragoza-sortea-8-viviendas-130x95.jpg 130w\" sizes=\"(max-width: 330px) 100vw, 330px\" \/><\/a><div class=\"post_content\"><h2 class=\"clearfix with_number\"><a href=\"https:\/\/www.habitatinsulae.es\/ca\/zaragoza-sortea-8-viviendas-en-alquiler-con-opcion-a-compra\/\" title=\"Zaragoza sortea 8 viviendas protegidas en alquiler con opci\u00f3n de compra\">Zaragoza sortea 8 viviendas protegidas en alquiler con opci\u00f3n de compra<\/a><a href=\"https:\/\/www.habitatinsulae.es\/ca\/zaragoza-sortea-8-viviendas-en-alquiler-con-opcion-a-compra\/#respond\" title=\"0 comments\" class=\"comments_number\">0<span class=\"arrow_comments\"><\/span><\/a><\/h2><ul class=\"post_details\"><li class=\"category\"><a class=\"category-3\" href=\"https:\/\/www.habitatinsulae.es\/ca\/category\/vivienda\/\" title=\"View all posts filed under Vivienda\">Vivienda<\/a>, <a class=\"category-156\" href=\"https:\/\/www.habitatinsulae.es\/ca\/category\/vivienda\/vivienda-social\/\" title=\"View all posts filed under Vivienda Social\">Vivienda Social<\/a><\/li><li class=\"date\">11\/17\/2025<\/li><\/ul><p>Zaragoza adjudica 8 viviendas protegidas en Torrero mediante sorteo p\u00fablico. Requisitos, precios, opci\u00f3n de compra y proceso de asignaci\u00f3n de vivienda.<\/p>\n<a title=\"READ MORE\" href=\"https:\/\/www.habitatinsulae.es\/ca\/zaragoza-sortea-8-viviendas-en-alquiler-con-opcion-a-compra\/\" class=\"read_more\"><span class=\"arrow\"><\/span><span>READ MORE<\/span><\/a><\/div><\/li><li class=\"post post-15411 type-post status-publish format-standard has-post-thumbnail hentry category-actualidad category-vivienda tag-construccion tag-economia tag-energia tag-inmobiliario tag-sostenibilidad tag-vivienda\"><a class=\"post_image\" href=\"https:\/\/www.habitatinsulae.es\/ca\/zaragoza-acelera-vivienda-en-barrios-rurales-con-un-cambio-del-pgou\/\" title=\"Zaragoza acelera vivienda en barrios rurales con un cambio del PGOU\"><img decoding=\"async\" width=\"330\" height=\"242\" src=\"https:\/\/www.habitatinsulae.es\/wp-content\/uploads\/2026\/02\/zaragoza-330x242.jpg\" class=\"attachment-blog-post-thumb size-blog-post-thumb wp-post-image\" alt=\"Zaragoza acelera vivienda en barrios rurales con un cambio del PGOU\" title=\"\" srcset=\"https:\/\/www.habitatinsulae.es\/wp-content\/uploads\/2026\/02\/zaragoza-330x242.jpg 330w, https:\/\/www.habitatinsulae.es\/wp-content\/uploads\/2026\/02\/zaragoza-18x12.jpg 18w, https:\/\/www.habitatinsulae.es\/wp-content\/uploads\/2026\/02\/zaragoza-510x374.jpg 510w, https:\/\/www.habitatinsulae.es\/wp-content\/uploads\/2026\/02\/zaragoza-130x95.jpg 130w\" sizes=\"(max-width: 330px) 100vw, 330px\" \/><\/a><div class=\"post_content\"><h2 class=\"clearfix with_number\"><a href=\"https:\/\/www.habitatinsulae.es\/ca\/zaragoza-acelera-vivienda-en-barrios-rurales-con-un-cambio-del-pgou\/\" title=\"Zaragoza acelera vivienda en barrios rurales con un cambio del PGOU\">Zaragoza acelera vivienda en barrios rurales con un cambio del PGOU<\/a><a href=\"https:\/\/www.habitatinsulae.es\/ca\/zaragoza-acelera-vivienda-en-barrios-rurales-con-un-cambio-del-pgou\/#respond\" title=\"0 comments\" class=\"comments_number\">0<span class=\"arrow_comments\"><\/span><\/a><\/h2><ul class=\"post_details\"><li class=\"category\"><a class=\"category-2\" href=\"https:\/\/www.habitatinsulae.es\/ca\/category\/actualidad\/\" title=\"View all posts filed under Actualidad\">Actualidad<\/a>, <a class=\"category-3\" href=\"https:\/\/www.habitatinsulae.es\/ca\/category\/vivienda\/\" title=\"View all posts filed under Vivienda\">Vivienda<\/a><\/li><li class=\"date\">02\/23\/2026<\/li><\/ul><p>El Pleno de Zaragoza aprueba inicialmente la modificaci\u00f3n TR24\/16 del PGOU. El cambio busca desbloquear suelo en barrios rurales, permitir desarrollos por fases, reequilibrar densidades y abrir nuevas v\u00edas para impulsar vivienda p\u00fablica y alquiler asequible<\/p>\n<a title=\"READ MORE\" href=\"https:\/\/www.habitatinsulae.es\/ca\/zaragoza-acelera-vivienda-en-barrios-rurales-con-un-cambio-del-pgou\/\" class=\"read_more\"><span class=\"arrow\"><\/span><span>READ MORE<\/span><\/a><\/div><\/li><li class=\"post post-15556 type-post status-publish format-standard has-post-thumbnail hentry category-actualidad category-legislacion category-politica tag-alquiler-asequible tag-madrid tag-politica tag-vivienda\"><a class=\"post_image\" href=\"https:\/\/www.habitatinsulae.es\/ca\/vivienda-plan-vive-prioriza-5-anos-en-madrid\/\" title=\"Vivienda: Plan Vive prioriza 5 a\u00f1os en Madrid\"><img decoding=\"async\" width=\"330\" height=\"242\" src=\"https:\/\/www.habitatinsulae.es\/wp-content\/uploads\/2026\/04\/960px-Ayuntamiento_de_la_Comunidad_de_Madrid_Plaza_de_la_Cibeles-330x242.jpg\" class=\"attachment-blog-post-thumb size-blog-post-thumb wp-post-image\" alt=\"Vivienda: Plan Vive prioriza 5 a\u00f1os en Madrid\" title=\"\" srcset=\"https:\/\/www.habitatinsulae.es\/wp-content\/uploads\/2026\/04\/960px-Ayuntamiento_de_la_Comunidad_de_Madrid_Plaza_de_la_Cibeles-330x242.jpg 330w, https:\/\/www.habitatinsulae.es\/wp-content\/uploads\/2026\/04\/960px-Ayuntamiento_de_la_Comunidad_de_Madrid_Plaza_de_la_Cibeles-18x12.jpg 18w, https:\/\/www.habitatinsulae.es\/wp-content\/uploads\/2026\/04\/960px-Ayuntamiento_de_la_Comunidad_de_Madrid_Plaza_de_la_Cibeles-510x374.jpg 510w, https:\/\/www.habitatinsulae.es\/wp-content\/uploads\/2026\/04\/960px-Ayuntamiento_de_la_Comunidad_de_Madrid_Plaza_de_la_Cibeles-130x95.jpg 130w\" sizes=\"(max-width: 330px) 100vw, 330px\" \/><\/a><div class=\"post_content\"><h2 class=\"clearfix with_number\"><a href=\"https:\/\/www.habitatinsulae.es\/ca\/vivienda-plan-vive-prioriza-5-anos-en-madrid\/\" title=\"Vivienda: Plan Vive prioriza 5 a\u00f1os en Madrid\">Vivienda: Plan Vive prioriza 5 a\u00f1os en Madrid<\/a><a href=\"https:\/\/www.habitatinsulae.es\/ca\/vivienda-plan-vive-prioriza-5-anos-en-madrid\/#respond\" title=\"0 comments\" class=\"comments_number\">0<span class=\"arrow_comments\"><\/span><\/a><\/h2><ul class=\"post_details\"><li class=\"category\"><a class=\"category-2\" href=\"https:\/\/www.habitatinsulae.es\/ca\/category\/actualidad\/\" title=\"View all posts filed under Actualidad\">Actualidad<\/a>, <a class=\"category-60\" href=\"https:\/\/www.habitatinsulae.es\/ca\/category\/legislacion\/\" title=\"View all posts filed under Legislaci\u00f3n\">Legislaci\u00f3n<\/a>, <a class=\"category-96\" href=\"https:\/\/www.habitatinsulae.es\/ca\/category\/politica\/\" title=\"View all posts filed under Pol\u00edtica\">Pol\u00edtica<\/a><\/li><li class=\"date\">04\/09\/2026<\/li><\/ul><p>Madrid reforma el Plan Vive para dar prioridad a quienes lleven cinco a\u00f1os empadronados en el municipio, ampliar los l\u00edmites de ingresos y agilizar la adjudicaci\u00f3n de vivienda asequible en nuevas promociones.<\/p>\n<a title=\"READ MORE\" href=\"https:\/\/www.habitatinsulae.es\/ca\/vivienda-plan-vive-prioriza-5-anos-en-madrid\/\" class=\"read_more\"><span class=\"arrow\"><\/span><span>READ MORE<\/span><\/a><\/div><\/li><li class=\"post post-15623 type-post status-publish format-standard has-post-thumbnail hentry category-fonos-inversion-social category-politica category-vivienda tag-alquiler-asequible tag-politica-economica tag-vivienda\"><a class=\"post_image\" href=\"https:\/\/www.habitatinsulae.es\/ca\/vivienda-madrid-impulsa-18-000-hogares-en-cuatro-anos\/\" title=\"Vivienda: Madrid impulsa 18.000 hogares en cuatro a\u00f1os\"><img decoding=\"async\" width=\"330\" height=\"242\" src=\"https:\/\/www.habitatinsulae.es\/wp-content\/uploads\/2026\/04\/imagen_2026-04-22_145155092-330x242.jpg\" class=\"attachment-blog-post-thumb size-blog-post-thumb wp-post-image\" alt=\"Vivienda: Madrid impulsa 18.000 hogares en cuatro a\u00f1os\" title=\"\" srcset=\"https:\/\/www.habitatinsulae.es\/wp-content\/uploads\/2026\/04\/imagen_2026-04-22_145155092-330x242.jpg 330w, https:\/\/www.habitatinsulae.es\/wp-content\/uploads\/2026\/04\/imagen_2026-04-22_145155092-510x374.jpg 510w, https:\/\/www.habitatinsulae.es\/wp-content\/uploads\/2026\/04\/imagen_2026-04-22_145155092-130x95.jpg 130w\" sizes=\"(max-width: 330px) 100vw, 330px\" \/><\/a><div class=\"post_content\"><h2 class=\"clearfix with_number\"><a href=\"https:\/\/www.habitatinsulae.es\/ca\/vivienda-madrid-impulsa-18-000-hogares-en-cuatro-anos\/\" title=\"Vivienda: Madrid impulsa 18.000 hogares en cuatro a\u00f1os\">Vivienda: Madrid impulsa 18.000 hogares en cuatro a\u00f1os<\/a><a href=\"https:\/\/www.habitatinsulae.es\/ca\/vivienda-madrid-impulsa-18-000-hogares-en-cuatro-anos\/#respond\" title=\"0 comments\" class=\"comments_number\">0<span class=\"arrow_comments\"><\/span><\/a><\/h2><ul class=\"post_details\"><li class=\"category\"><a class=\"category-95\" href=\"https:\/\/www.habitatinsulae.es\/ca\/category\/fonos-inversion-social\/\" title=\"View all posts filed under Fondos e Inversi\u00f3n Social\">Fondos e Inversi\u00f3n Social<\/a>, <a class=\"category-96\" href=\"https:\/\/www.habitatinsulae.es\/ca\/category\/politica\/\" title=\"View all posts filed under Pol\u00edtica\">Pol\u00edtica<\/a>, <a class=\"category-3\" href=\"https:\/\/www.habitatinsulae.es\/ca\/category\/vivienda\/\" title=\"View all posts filed under Vivienda\">Vivienda<\/a><\/li><li class=\"date\">04\/25\/2026<\/li><\/ul><p>Madrid aprobar\u00e1 una nueva ley de vivienda para construir 18.000 viviendas protegidas en cuatro a\u00f1os, agilizar plazos y ampliar el alquiler asequible. La medida incluye m\u00e1s incentivos urban\u00edsticos, avales hipotecarios y mayor inversi\u00f3n social para j\u00f3venes, familias y colectivos vulnerables.<\/p>\n<a title=\"READ MORE\" href=\"https:\/\/www.habitatinsulae.es\/ca\/vivienda-madrid-impulsa-18-000-hogares-en-cuatro-anos\/\" class=\"read_more\"><span class=\"arrow\"><\/span><span>READ MORE<\/span><\/a><\/div><\/li><li class=\"post post-15592 type-post status-publish format-standard has-post-thumbnail hentry category-actualidad category-fonos-inversion-social category-vivienda tag-alquiler-asequible tag-family-offices tag-inversion-inmobiliaria tag-vivienda\"><a class=\"post_image\" href=\"https:\/\/www.habitatinsulae.es\/ca\/vivienda-los-family-offices-aceleran-su-profesionalizacion\/\" title=\"Vivienda: los family offices aceleran su profesionalizaci\u00f3n\"><img decoding=\"async\" width=\"275\" height=\"183\" src=\"https:\/\/www.habitatinsulae.es\/wp-content\/uploads\/2026\/04\/family-offices.jpg\" class=\"attachment-blog-post-thumb size-blog-post-thumb wp-post-image\" alt=\"Vivienda: los family offices aceleran su profesionalizaci\u00f3n\" title=\"\" srcset=\"https:\/\/www.habitatinsulae.es\/wp-content\/uploads\/2026\/04\/family-offices.jpg 275w, https:\/\/www.habitatinsulae.es\/wp-content\/uploads\/2026\/04\/family-offices-18x12.jpg 18w\" sizes=\"(max-width: 275px) 100vw, 275px\" \/><\/a><div class=\"post_content\"><h2 class=\"clearfix with_number\"><a href=\"https:\/\/www.habitatinsulae.es\/ca\/vivienda-los-family-offices-aceleran-su-profesionalizacion\/\" title=\"Vivienda: los family offices aceleran su profesionalizaci\u00f3n\">Vivienda: los family offices aceleran su profesionalizaci\u00f3n<\/a><a href=\"https:\/\/www.habitatinsulae.es\/ca\/vivienda-los-family-offices-aceleran-su-profesionalizacion\/#respond\" title=\"0 comments\" class=\"comments_number\">0<span class=\"arrow_comments\"><\/span><\/a><\/h2><ul class=\"post_details\"><li class=\"category\"><a class=\"category-2\" href=\"https:\/\/www.habitatinsulae.es\/ca\/category\/actualidad\/\" title=\"View all posts filed under Actualidad\">Actualidad<\/a>, <a class=\"category-95\" href=\"https:\/\/www.habitatinsulae.es\/ca\/category\/fonos-inversion-social\/\" title=\"View all posts filed under Fondos e Inversi\u00f3n Social\">Fondos e Inversi\u00f3n Social<\/a>, <a class=\"category-3\" href=\"https:\/\/www.habitatinsulae.es\/ca\/category\/vivienda\/\" title=\"View all posts filed under Vivienda\">Vivienda<\/a><\/li><li class=\"date\">04\/15\/2026<\/li><\/ul><p>Los grandes patrimonios consolidan su apuesta por la vivienda y el inmobiliario con m\u00e1s gobernanza, coinversi\u00f3n y activos alternativos. El mercado residencial, la inversi\u00f3n social y la diversificaci\u00f3n marcan la nueva hoja de ruta de los family offices.<\/p>\n<a title=\"READ MORE\" href=\"https:\/\/www.habitatinsulae.es\/ca\/vivienda-los-family-offices-aceleran-su-profesionalizacion\/\" class=\"read_more\"><span class=\"arrow\"><\/span><span>READ MORE<\/span><\/a><\/div><\/li><li class=\"post post-15286 type-post status-publish format-standard has-post-thumbnail hentry category-fonos-inversion-social category-vivienda category-vivienda-social tag-galicia tag-inversion-social tag-politicas-publicas tag-vivienda\"><a class=\"post_image\" href=\"https:\/\/www.habitatinsulae.es\/ca\/vivienda-cuello-de-botella-de-la-exclusion-en-galicia\/\" title=\"Vivienda: cuello de botella de la exclusi\u00f3n en Galicia\"><img decoding=\"async\" width=\"330\" height=\"242\" src=\"https:\/\/www.habitatinsulae.es\/wp-content\/uploads\/2026\/01\/A-Coruna-330x242.jpg\" class=\"attachment-blog-post-thumb size-blog-post-thumb wp-post-image\" alt=\"Vivienda: cuello de botella de la exclusi\u00f3n en Galicia\" title=\"\" srcset=\"https:\/\/www.habitatinsulae.es\/wp-content\/uploads\/2026\/01\/A-Coruna-330x242.jpg 330w, https:\/\/www.habitatinsulae.es\/wp-content\/uploads\/2026\/01\/A-Coruna-16x12.jpg 16w, https:\/\/www.habitatinsulae.es\/wp-content\/uploads\/2026\/01\/A-Coruna-510x374.jpg 510w, https:\/\/www.habitatinsulae.es\/wp-content\/uploads\/2026\/01\/A-Coruna-130x95.jpg 130w\" sizes=\"(max-width: 330px) 100vw, 330px\" \/><\/a><div class=\"post_content\"><h2 class=\"clearfix with_number\"><a href=\"https:\/\/www.habitatinsulae.es\/ca\/vivienda-cuello-de-botella-de-la-exclusion-en-galicia\/\" title=\"Vivienda: cuello de botella de la exclusi\u00f3n en Galicia\">Vivienda: cuello de botella de la exclusi\u00f3n en Galicia<\/a><a href=\"https:\/\/www.habitatinsulae.es\/ca\/vivienda-cuello-de-botella-de-la-exclusion-en-galicia\/#respond\" title=\"0 comments\" class=\"comments_number\">0<span class=\"arrow_comments\"><\/span><\/a><\/h2><ul class=\"post_details\"><li class=\"category\"><a class=\"category-95\" href=\"https:\/\/www.habitatinsulae.es\/ca\/category\/fonos-inversion-social\/\" title=\"View all posts filed under Fondos e Inversi\u00f3n Social\">Fondos e Inversi\u00f3n Social<\/a>, <a class=\"category-3\" href=\"https:\/\/www.habitatinsulae.es\/ca\/category\/vivienda\/\" title=\"View all posts filed under Vivienda\">Vivienda<\/a>, <a class=\"category-156\" href=\"https:\/\/www.habitatinsulae.es\/ca\/category\/vivienda\/vivienda-social\/\" title=\"View all posts filed under Vivienda Social\">Vivienda Social<\/a><\/li><li class=\"date\">01\/30\/2026<\/li><\/ul><p>FOESSA y C\u00e1ritas alertan de que la vivienda es el principal factor de exclusi\u00f3n en Galicia: uno de cada cuatro hogares sufre problemas residenciales. Aunque la exclusi\u00f3n baja al 12,7%, la severa se mantiene. Piden vivienda protegida y alquiler asequible con inversi\u00f3n social.<\/p>\n<a title=\"READ MORE\" href=\"https:\/\/www.habitatinsulae.es\/ca\/vivienda-cuello-de-botella-de-la-exclusion-en-galicia\/\" class=\"read_more\"><span class=\"arrow\"><\/span><span>READ MORE<\/span><\/a><\/div><\/li><\/ul><\/div><div class='pagination_container clearfix ajax theme_blog_big_pagination page_margin_top'><ul class='pagination'><li class='selected'><a href='https:\/\/www.habitatinsulae.es\/ca\/wp-json\/wp\/v2\/pages\/165' data-page='1'>1<\/a><\/li><li><a href='https:\/\/www.habitatinsulae.es\/ca\/wp-json\/wp\/v2\/pages\/165\/page\/2\/' data-page='2'>2<\/a><\/li><li><a href='https:\/\/www.habitatinsulae.es\/ca\/wp-json\/wp\/v2\/pages\/165\/page\/3\/' data-page='3'>3<\/a><\/li><li class='pr_pagination_next'><a href='https:\/\/www.habitatinsulae.es\/ca\/wp-json\/wp\/v2\/pages\/165\/page\/2\/' data-page='2'>&rsaquo;<\/a><\/li><li class='pr_pagination_last'><a href='https:\/\/www.habitatinsulae.es\/ca\/wp-json\/wp\/v2\/pages\/165\/page\/25\/' data-page='25'>&raquo;<\/a><\/li><\/ul><span class='pr_preloader pagination_preloader'><\/span><\/div><input type=\"hidden\" name=\"theme_blog_big_pagination\" value=\"{&quot;pr_pagination&quot;:&quot;1&quot;,&quot;items_per_page&quot;:&quot;6&quot;,&quot;featured_image_size&quot;:&quot;default&quot;,&quot;ids&quot;:&quot;-&quot;,&quot;category&quot;:&quot;-&quot;,&quot;author&quot;:&quot;-&quot;,&quot;order_by&quot;:&quot;title,menu_order&quot;,&quot;order&quot;:&quot;DESC&quot;,&quot;featured_post&quot;:&quot;-&quot;,&quot;show_post_title&quot;:&quot;1&quot;,&quot;show_post_excerpt&quot;:&quot;1&quot;,&quot;read_more&quot;:&quot;1&quot;,&quot;read_more_featured&quot;:&quot;1&quot;,&quot;show_post_categories&quot;:&quot;1&quot;,&quot;show_post_author&quot;:&quot;0&quot;,&quot;show_post_date&quot;:&quot;1&quot;,&quot;post_details_layout&quot;:&quot;default&quot;,&quot;show_post_comments_box&quot;:&quot;1&quot;,&quot;show_more_page&quot;:&quot;-&quot;,&quot;show_more_label&quot;:&quot;READ MORE&quot;,&quot;top_margin&quot;:&quot;none&quot;,&quot;post_format&quot;:&quot;-&quot;,&quot;monthnum&quot;:&quot;&quot;,&quot;day&quot;:&quot;&quot;,&quot;year&quot;:&quot;&quot;,&quot;w&quot;:&quot;&quot;,&quot;page_uri&quot;:&quot;\\\/ca\\\/wp-json\\\/wp\\\/v2\\\/pages\\\/165&quot;}\" \/><\/div><\/div><\/div>\n<\/div>","protected":false},"excerpt":{"rendered":"La vivienda se consolida como el principal freno de la integraci\u00f3n social en Galicia. El IX informe sobre exclusi\u00f3n y desarrollo social, Fundaci\u00f3n FOESSA con C\u00e1ritas, alerta sobre este tema. Afecta al 26,1% de la poblaci\u00f3n, uno de cada cuatro hogares. Vivienda y empleo, ejes que agravan la exclusi\u00f3n El coordinador t\u00e9cnico del estudio, Thomas","protected":false},"author":1,"featured_media":0,"parent":0,"menu_order":0,"comment_status":"open","ping_status":"open","template":"","meta":{"footnotes":""},"class_list":["post-165","page","type-page","status-publish","hentry"],"aioseo_notices":[],"_wp_attached_file":null,"_wp_attachment_metadata":null,"cmsmasters_profile_title":null,"cmsmasters_profile_details_title":null,"cmsmasters_profile_social":null,"cmsmasters_profile_features":null,"cmsmasters_profile_features_one":null,"cmsmasters_profile_features_two":null,"cmsmasters_profile_features_three":null,"cmsmasters_profile_sharing_box":null,"cmsmasters_profile_read_more":null,"cmsmasters_profile_subtitle":null,"cmsmasters_profile_featured_image":null,"cmsmasters_project_columns":null,"cmsmasters_project_video_type":null,"cmsmasters_project_video_links":null,"cmsmasters_project_title":null,"cmsmasters_project_size":null,"cmsmasters_project_details_title":null,"cmsmasters_project_features":null,"cmsmasters_project_link_text":null,"cmsmasters_project_link_redirect":null,"cmsmasters_project_link_target":null,"cmsmasters_project_features_one":null,"cmsmasters_project_features_two":null,"cmsmasters_project_features_three":null,"cmsmasters_project_sharing_box":null,"cmsmasters_project_author_box":null,"cmsmasters_project_more_posts":null,"cmsmasters_project_project_options":null,"cmsmasters_project_read_more":null,"cmsmasters_project_images":null,"cmsmasters_project_image_show":null,"_oembed_b1ccef4f7d7ec9ee9f363a917754e485":null,"_oembed_time_b1ccef4f7d7ec9ee9f363a917754e485":null,"_oembed_94f7d3c89c139230786a25858f781fe7":null,"_oembed_time_94f7d3c89c139230786a25858f781fe7":null,"_oembed_0902e555d5b62bccd72f45d83d98b16e":null,"_oembed_time_0902e555d5b62bccd72f45d83d98b16e":null,"cmsmasters_project_puzzle_image":null,"_wp_attachment_context":null,"_eael_custom_js":null,"_menu_item_type":null,"_menu_item_menu_item_parent":null,"_menu_item_object_id":null,"_menu_item_object":null,"_menu_item_target":null,"_menu_item_classes":null,"_menu_item_xfn":null,"_menu_item_url":null,"_wp_page_template":"default","_wpb_vc_js_interface_version":"2","vc_teaser":{"data":"[{\"name\":\"title\",\"link\":\"post\"},{\"name\":\"image\",\"image\":\"featured\",\"link\":\"none\"},{\"name\":\"text\",\"mode\":\"excerpt\"}]","bgcolor":""},"_post_restored_from":null,"pressroom_review_average":null,"before_widget":null,"after_widget":null,"before_title":null,"after_title":null,"hidden":null,"_wp_attachment_image_alt":null,"rank_math_primary_category":null,"rank_math_seo_score":null,"rank_math_contentai_score":null,"rank_math_title":null,"rank_math_schema_article":null,"rank_math_shortcode_schema_s-687fa54b292b3":null,"rank_math_description":null,"rank_math_focus_keyword":null,"om_disable_all_campaigns":null,"original-file":null,"smush-complete":null,"smush-info":null,"smush-stats":null,"_monsterinsights_sitenote_active":null,"_yoast_wpseo_primary_category":null,"_yoast_wpseo_content_score":null,"_yoast_wpseo_estimated-reading-time-minutes":null,"_yoast_wpseo_metadesc":null,"_cmplz_scanned_post":null,"_aioseop_title":null,"_aioseop_description":null,"_aioseop_keywords":null,"_wpb_post_custom_seo_settings":null,"_wpb_post_custom_css":null,"enclosure":null,"_oembed_917c769c7dbf5d57ddaf9c4330ca4b4f":null,"_elementor_edit_mode":null,"_elementor_template_type":null,"cmsmasters_shortcodes_custom_css":null,"cmsmasters_post_image_show":null,"cmsmasters_post_image_link":null,"cmsmasters_post_images":null,"cmsmasters_post_video_type":null,"cmsmasters_post_video_link":null,"cmsmasters_post_video_links":null,"cmsmasters_post_audio_links":null,"cmsmasters_post_title":null,"cmsmasters_post_sharing_box":null,"cmsmasters_post_author_box":null,"cmsmasters_post_more_posts":null,"cmsmasters_post_read_more":null,"cmsmasters_page_scheme":null,"cmsmasters_layout":null,"cmsmasters_sidebar_id":null,"cmsmasters_bottom_sidebar":null,"cmsmasters_bottom_sidebar_id":null,"cmsmasters_bottom_sidebar_layout":null,"cmsmasters_bg_default":null,"cmsmasters_bg_col":null,"cmsmasters_bg_img_enable":null,"cmsmasters_bg_img":null,"cmsmasters_bg_rep":null,"cmsmasters_bg_pos":null,"cmsmasters_bg_att":null,"cmsmasters_bg_size":null,"cmsmasters_heading":null,"cmsmasters_heading_title":null,"cmsmasters_heading_subtitle":null,"cmsmasters_heading_icon":null,"cmsmasters_heading_alignment":null,"cmsmasters_heading_scheme":null,"cmsmasters_heading_bg_img_enable":null,"cmsmasters_heading_bg_img":null,"cmsmasters_heading_bg_rep":null,"cmsmasters_heading_bg_att":null,"cmsmasters_heading_bg_size":null,"cmsmasters_heading_bg_color":null,"cmsmasters_heading_height":null,"cmsmasters_breadcrumbs":null,"cmsmasters_composer_show":null,"cmsmasters_gutenberg_show":null,"cmsmasters_composer_fullscreen":null,"slide_template":null,"_wp_old_slug":null,"cmsmasters_likes":null,"_thumbnail_id":null,"_elementor_version":null,"_elementor_pro_version":null,"_elementor_data":null,"_wpb_vc_editor_type":"classic","_wpb_vc_js_status":"true","pressroom_primary_category":"","pressroom_featured_caption":"","pressroom_featured_caption_author":"","pressroom_video_url":"","pressroom_post_url":"","pressroom_quote_text":"","pressroom_quote_author":"","pressroom_audio_url":"","social_icon_type":[],"social_icon_url":"","social_icon_target":"","pressroom_attachment_ids":"","pressroom_images":[],"pressroom_images_titles":"","pressroom_images_descriptions":"","pressroom_videos":"","pressroom_iframes":"","pressroom_is_review":"","pressroom_points_scale":"","pressroom_review_label":[],"pressroom_review_value":[],"pressroom_review_title":"","pressroom_review_description":"","page_sidebar_header":"","page_sidebar_top":"","page_sidebar_right":"","page_sidebar_footer_top":"647","page_sidebar_footer_bottom":"648","pressroom_page_sidebars":["647","648"],"_vc_post_settings":{"vc_grid":[]},"post_views_count":null,"_edit_last":null,"_edit_lock":null,"_wpb_post_custom_layout":null,"rank_math_internal_links_processed":null,"footnotes":null,"_wp_old_date":null,"_aioseo_title":null,"_aioseo_description":null,"_aioseo_keywords":null,"_aioseo_og_title":null,"_aioseo_og_description":null,"_aioseo_og_article_section":null,"_aioseo_og_article_tags":null,"_aioseo_twitter_title":null,"_aioseo_twitter_description":null,"_cdp_origin":null,"_cdp_origin_site":null,"_cdp_origin_title":null,"_cdp_counter":null,"cmplz_hide_cookiebanner":null,"_links":{"self":[{"href":"https:\/\/www.habitatinsulae.es\/ca\/wp-json\/wp\/v2\/pages\/165","targetHints":{"allow":["GET"]}}],"collection":[{"href":"https:\/\/www.habitatinsulae.es\/ca\/wp-json\/wp\/v2\/pages"}],"about":[{"href":"https:\/\/www.habitatinsulae.es\/ca\/wp-json\/wp\/v2\/types\/page"}],"author":[{"embeddable":true,"href":"https:\/\/www.habitatinsulae.es\/ca\/wp-json\/wp\/v2\/users\/1"}],"replies":[{"embeddable":true,"href":"https:\/\/www.habitatinsulae.es\/ca\/wp-json\/wp\/v2\/comments?post=165"}],"version-history":[{"count":0,"href":"https:\/\/www.habitatinsulae.es\/ca\/wp-json\/wp\/v2\/pages\/165\/revisions"}],"wp:attachment":[{"href":"https:\/\/www.habitatinsulae.es\/ca\/wp-json\/wp\/v2\/media?parent=165"}],"curies":[{"name":"wp","href":"https:\/\/api.w.org\/{rel}","templated":true}]}}